{"id":50,"date":"2024-07-02T11:50:01","date_gmt":"2024-07-02T09:50:01","guid":{"rendered":"http:\/\/hsm.cat\/wp\/?page_id=50"},"modified":"2025-08-25T08:18:50","modified_gmt":"2025-08-25T06:18:50","slug":"inicio","status":"publish","type":"page","link":"https:\/\/hostalsantmiquel.com\/es\/","title":{"rendered":"Inicio"},"content":{"rendered":"<p>[et_pb_section fb_built=&#8221;1&#8243; admin_label=&#8221;Header&#8221; _builder_version=&#8221;4.26.0&#8243; _module_preset=&#8221;default&#8221; background_color=&#8221;#FFFBF9&#8243; use_background_color_gradient=&#8221;on&#8221; background_color_gradient_direction=&#8221;90deg&#8221; background_color_gradient_stops=&#8221;rgba(0,0,0,0) 59%|#4e8db2 59%&#8221; background_color_gradient_start=&#8221;rgba(0,0,0,0)&#8221; background_color_gradient_start_position=&#8221;50%&#8221; background_color_gradient_end=&#8221;#2f5349&#8243; background_color_gradient_end_position=&#8221;50%&#8221; background_enable_pattern_style=&#8221;on&#8221; background_pattern_style=&#8221;tufted&#8221; background_pattern_color=&#8221;#F4F2F2&#8243; background_pattern_size=&#8221;custom&#8221; background_pattern_width=&#8221;20px&#8221; custom_margin=&#8221;30px||||false|false&#8221; custom_padding=&#8221;133px||0px||false|false&#8221; background_last_edited=&#8221;on|tablet&#8221; use_background_color_gradient_tablet=&#8221;off&#8221; background_color_gradient_stops_tablet=&#8221;rgba(0,0,0,0) 0%|#2f5349 0%&#8221; background_color_gradient_start_position_tablet=&#8221;0%&#8221; background_color_gradient_end_position_tablet=&#8221;0%&#8221; global_colors_info=&#8221;{}&#8221;][et_pb_row column_structure=&#8221;1_2,1_2&#8243; _builder_version=&#8221;4.25.2&#8243; _module_preset=&#8221;default&#8221; custom_padding=&#8221;31px||148px|||&#8221; global_colors_info=&#8221;{}&#8221;][et_pb_column type=&#8221;1_2&#8243; _builder_version=&#8221;4.16&#8243; _module_preset=&#8221;default&#8221; z_index=&#8221;10&#8243; custom_padding=&#8221;80px||30px||false|false&#8221; custom_padding_tablet=&#8221;20px||||false|false&#8221; custom_padding_phone=&#8221;20px||||false|false&#8221; custom_padding_last_edited=&#8221;on|tablet&#8221; global_colors_info=&#8221;{}&#8221;][et_pb_text _builder_version=&#8221;4.27.4&#8243; _module_preset=&#8221;4deaa1a6-d0cd-49d0-ada3-8dc22addd086&#8243; text_font=&#8221;Noto Sans|700||on|||||&#8221; text_text_color=&#8221;#1c7bb2&#8243; text_font_size=&#8221;17px&#8221; text_letter_spacing=&#8221;3px&#8221; header_font=&#8221;Noto Sans||||||||&#8221; header_text_color=&#8221;#6f9cbc&#8221; header_4_font=&#8221;Urbanist|800||on|||||&#8221; header_4_text_color=&#8221;#7C8B56&#8243; header_4_font_size=&#8221;16px&#8221; header_4_letter_spacing=&#8221;0.4em&#8221; header_4_line_height=&#8221;1.4em&#8221; custom_margin=&#8221;||0px||false|false&#8221; header_4_font_size_tablet=&#8221;14px&#8221; header_4_font_size_phone=&#8221;12px&#8221; header_4_font_size_last_edited=&#8221;on|desktop&#8221; locked=&#8221;off&#8221; global_colors_info=&#8221;{}&#8221;]<\/p>\n<p style=\"text-align: left;\">Vinebre, Ribera d&#8217;Ebre (Tarragona)<\/p>\n<p>[\/et_pb_text][et_pb_text _builder_version=&#8221;4.26.0&#8243; _module_preset=&#8221;d72c0383-6487-4f2c-ac5c-7d48a6376757&#8243; text_font=&#8221;Rozha One|700|||||||&#8221; text_text_color=&#8221;#AA1618&#8243; header_font=&#8221;Rozha One|700|||||||&#8221; header_text_color=&#8221;#AA1618&#8243; header_font_size=&#8221;80px&#8221; z_index=&#8221;1&#8243; max_width=&#8221;650px&#8221; custom_margin=&#8221;16px||-1px||false|false&#8221; custom_margin_tablet=&#8221;|0%|||false|false&#8221; custom_margin_phone=&#8221;|0%|||false|false&#8221; custom_margin_last_edited=&#8221;off|desktop&#8221; custom_padding=&#8221;|3px||||&#8221; header_text_color_tablet=&#8221;#FFFFFF&#8221; header_text_color_phone=&#8221;#FFFFFF&#8221; header_text_color_last_edited=&#8221;off|desktop&#8221; header_font_size_tablet=&#8221;55px&#8221; header_font_size_phone=&#8221;45px&#8221; header_font_size_last_edited=&#8221;on|phone&#8221; locked=&#8221;off&#8221; global_colors_info=&#8221;{}&#8221;]<\/p>\n<h1><strong><span style=\"color: #6d0001;\">Hostal Sant Miquel<\/span><br \/><\/strong><\/h1>\n<p>[\/et_pb_text][et_pb_divider color=&#8221;#4E8DB2&#8243; divider_style=&#8221;dotted&#8221; divider_position=&#8221;center&#8221; divider_weight=&#8221;4px&#8221; _builder_version=&#8221;4.25.2&#8243; _module_preset=&#8221;default&#8221; custom_margin=&#8221;||14px|||&#8221; global_colors_info=&#8221;{}&#8221;][\/et_pb_divider][et_pb_text _builder_version=&#8221;4.27.4&#8243; _module_preset=&#8221;default&#8221; text_font=&#8221;Noto Sans|500|||||||&#8221; text_text_color=&#8221;#1c7bb2&#8243; text_font_size=&#8221;16px&#8221; custom_margin=&#8221;15px|||||&#8221; global_colors_info=&#8221;{}&#8221;]<\/p>\n<p>Les nostres <strong>\u00e0mplies habitacions<\/strong> disposen de tot el que necessita.<br \/>Totes les habitacions tenen <strong>bany propi<\/strong> i unes condicions i un servei excepcionals.<\/p>\n<p>[\/et_pb_text][et_pb_text _builder_version=&#8221;4.27.4&#8243; _module_preset=&#8221;default&#8221; text_font=&#8221;Noto Sans|500|||||||&#8221; text_text_color=&#8221;#1c7bb2&#8243; text_font_size=&#8221;16px&#8221; custom_margin=&#8221;15px|||||&#8221; global_colors_info=&#8221;{}&#8221;]<\/p>\n<p><strong>Estem oberts tot l&#8217;any<\/strong>, posi&#8217;s en <span style=\"color: #6f9cbc;\"><a href=\"mailto:reserva@hsm.cat%20\" target=\"_blank\" rel=\"noopener\" style=\"color: #6f9cbc;\"><strong><span style=\"color: #6d0001;\">contacte<\/span><\/strong><\/a><\/span> amb nosaltres si desitja fer una <strong>reserva<\/strong>.<\/p>\n<p>[\/et_pb_text][\/et_pb_column][et_pb_column type=&#8221;1_2&#8243; _builder_version=&#8221;4.25.2&#8243; _module_preset=&#8221;default&#8221; custom_padding=&#8221;100px||||false|false&#8221; custom_padding_tablet=&#8221;0px||||false|false&#8221; custom_padding_phone=&#8221;0px||||false|false&#8221; custom_padding_last_edited=&#8221;on|tablet&#8221; border_radii=&#8221;off|||90px|8px&#8221; global_colors_info=&#8221;{}&#8221;][dnxte_floating_element _builder_version=&#8221;4.26.0&#8243; _module_preset=&#8221;default&#8221; background_image=&#8221;https:\/\/hostalsantmiquel.com\/wp-content\/uploads\/2024\/07\/Hostal-1X1.jpg&#8221; background_position=&#8221;top_center&#8221; module_alignment=&#8221;center&#8221; custom_margin=&#8221;5px|14px||1px||&#8221; custom_padding=&#8221;|||0px||&#8221; animation_style=&#8221;fade&#8221; animation_duration=&#8221;600ms&#8221; global_colors_info=&#8221;{}&#8221; transform_styles__hover_enabled=&#8221;on|desktop&#8221; transform_scale__hover_enabled=&#8221;on|desktop&#8221; transform_translate__hover_enabled=&#8221;on|desktop&#8221; transform_rotate__hover_enabled=&#8221;on|desktop&#8221; transform_skew__hover_enabled=&#8221;on|desktop&#8221; transform_origin__hover_enabled=&#8221;on|desktop&#8221;][dnxte_floating_element_child floting_shape_image=&#8221;https:\/\/hostalsantmiquel.com\/wp-content\/uploads\/2024\/07\/ilustracio.png&#8221; dnxte_floting_shape_effects_horizontal=&#8221;15rem&#8221; dnxte_floting_shape_effects_vertical=&#8221;3rem&#8221; _builder_version=&#8221;4.25.2&#8243; _module_preset=&#8221;default&#8221; max_width=&#8221;70%&#8221; module_alignment=&#8221;center&#8221; global_colors_info=&#8221;{}&#8221;][\/dnxte_floating_element_child][\/dnxte_floating_element][\/et_pb_column][\/et_pb_row][\/et_pb_section][et_pb_section fb_built=&#8221;1&#8243; disabled_on=&#8221;on|on|off&#8221; admin_label=&#8221;Testimonial&#8221; module_id=&#8221;hostal&#8221; _builder_version=&#8221;4.26.0&#8243; _module_preset=&#8221;default&#8221; background_color=&#8221;#FFFFFF&#8221; background_enable_mask_style=&#8221;on&#8221; background_mask_style=&#8221;corner-pill&#8221; background_mask_color=&#8221;rgba(109,0,1,0.11)&#8221; background_mask_transform=&#8221;invert|flip_horizontal&#8221; background_mask_size=&#8221;cover&#8221; custom_padding=&#8221;18px||18px||true|&#8221; global_colors_info=&#8221;{}&#8221;][et_pb_row disabled_on=&#8221;on|on|off&#8221; _builder_version=&#8221;4.26.0&#8243; _module_preset=&#8221;default&#8221; custom_padding=&#8221;|0px|3px|||&#8221; global_colors_info=&#8221;{}&#8221;][et_pb_column type=&#8221;4_4&#8243; _builder_version=&#8221;4.16&#8243; _module_preset=&#8221;default&#8221; global_colors_info=&#8221;{}&#8221;][et_pb_text _builder_version=&#8221;4.27.4&#8243; _module_preset=&#8221;4deaa1a6-d0cd-49d0-ada3-8dc22addd086&#8243; text_font=&#8221;Noto Sans|700||on|||||&#8221; text_text_color=&#8221;#1c7bb2&#8243; text_font_size=&#8221;17px&#8221; text_letter_spacing=&#8221;2px&#8221; header_font=&#8221;Noto Sans||||||||&#8221; header_text_color=&#8221;#6f9cbc&#8221; header_4_font=&#8221;Urbanist|800||on|||||&#8221; header_4_text_color=&#8221;#7C8B56&#8243; header_4_font_size=&#8221;16px&#8221; header_4_letter_spacing=&#8221;0.4em&#8221; header_4_line_height=&#8221;1.4em&#8221; text_orientation=&#8221;center&#8221; custom_margin=&#8221;||6px||false|false&#8221; header_4_font_size_tablet=&#8221;14px&#8221; header_4_font_size_phone=&#8221;12px&#8221; header_4_font_size_last_edited=&#8221;on|desktop&#8221; locked=&#8221;off&#8221; global_colors_info=&#8221;{}&#8221;]<\/p>\n<p style=\"text-align: center;\">L&#8217;Hostal<\/p>\n<p>[\/et_pb_text][et_pb_text disabled_on=&#8221;on|on|off&#8221; admin_label=&#8221;Disposem de 34 habitacions (ordinador)&#8221; _builder_version=&#8221;4.26.0&#8243; _module_preset=&#8221;32021f09-dd67-47fb-8f9a-832b72a38baf&#8221; text_font=&#8221;Rozha One|700|||||||&#8221; text_text_color=&#8221;#6D0001&#8243; text_font_size=&#8221;45px&#8221; text_line_height=&#8221;1.2em&#8221; header_text_color=&#8221;#6f9cbc&#8221; header_2_font=&#8221;Urbanist|700|||||||&#8221; header_2_text_color=&#8221;#000000&#8243; header_2_font_size=&#8221;56px&#8221; header_2_letter_spacing=&#8221;-0.02em&#8221; header_2_line_height=&#8221;1.2em&#8221; text_orientation=&#8221;center&#8221; custom_margin=&#8221;||10px||false|false&#8221; custom_padding=&#8221;9px|126px||126px|false|true&#8221; text_font_size_last_edited=&#8221;off|phone&#8221; header_font_size_tablet=&#8221;&#8221; header_font_size_phone=&#8221;&#8221; header_font_size_last_edited=&#8221;on|phone&#8221; header_2_font_size_tablet=&#8221;32px&#8221; header_2_font_size_phone=&#8221;20px&#8221; header_2_font_size_last_edited=&#8221;on|phone&#8221; locked=&#8221;off&#8221; global_colors_info=&#8221;{}&#8221;]<\/p>\n<p style=\"text-align: center;\">Disposem de 34 habitacions i una capacitat per a 50 persones en total<\/p>\n<p>[\/et_pb_text][et_pb_text disabled_on=&#8221;off|off|on&#8221; admin_label=&#8221;Disposem de 34 habitacions (tablet+movil)&#8221; _builder_version=&#8221;4.26.0&#8243; _module_preset=&#8221;32021f09-dd67-47fb-8f9a-832b72a38baf&#8221; text_font=&#8221;Rozha One|700|||||||&#8221; text_text_color=&#8221;#6D0001&#8243; text_font_size=&#8221;45px&#8221; text_line_height=&#8221;1.2em&#8221; header_text_color=&#8221;#6f9cbc&#8221; header_2_font=&#8221;Urbanist|700|||||||&#8221; header_2_text_color=&#8221;#000000&#8243; header_2_font_size=&#8221;56px&#8221; header_2_letter_spacing=&#8221;-0.02em&#8221; header_2_line_height=&#8221;1.2em&#8221; text_orientation=&#8221;center&#8221; custom_margin=&#8221;||10px||false|false&#8221; custom_padding=&#8221;9px|0px||0px|false|true&#8221; text_font_size_last_edited=&#8221;off|phone&#8221; header_font_size_tablet=&#8221;&#8221; header_font_size_phone=&#8221;&#8221; header_font_size_last_edited=&#8221;on|phone&#8221; header_2_font_size_tablet=&#8221;32px&#8221; header_2_font_size_phone=&#8221;20px&#8221; header_2_font_size_last_edited=&#8221;on|phone&#8221; locked=&#8221;off&#8221; global_colors_info=&#8221;{}&#8221;]<\/p>\n<p style=\"text-align: center;\">Disposem de 34 habitacions i una capacitat per a 50 persones en total<\/p>\n<p>[\/et_pb_text][et_pb_divider color=&#8221;#4E8DB2&#8243; divider_style=&#8221;dotted&#8221; divider_position=&#8221;center&#8221; divider_weight=&#8221;4px&#8221; _builder_version=&#8221;4.25.2&#8243; _module_preset=&#8221;default&#8221; custom_margin=&#8221;||14px|||&#8221; global_colors_info=&#8221;{}&#8221;][\/et_pb_divider][\/et_pb_column][\/et_pb_row][et_pb_row column_structure=&#8221;1_2,1_4,1_4&#8243; disabled_on=&#8221;on|on|off&#8221; _builder_version=&#8221;4.26.0&#8243; _module_preset=&#8221;default&#8221; custom_margin=&#8221;1px|auto||auto||&#8221; custom_padding=&#8221;2px||40px|||&#8221; global_colors_info=&#8221;{}&#8221;][et_pb_column type=&#8221;1_2&#8243; _builder_version=&#8221;4.25.2&#8243; _module_preset=&#8221;default&#8221; global_colors_info=&#8221;{}&#8221;][dnxte_thumbs_gallery_parent dnext_thumbs_gallery_arrows=&#8221;on&#8221; dnext_thumbs_gallery_arrow_color=&#8221;#FFFFFF&#8221; dnext_thumbs_gallery_arrow_background_color=&#8221;RGBA(255,255,255,0)&#8221; dnext_thumbs_gallery_dots_color=&#8221;#FFFFFF&#8221; dnext_thumbs_gallery_dots_active_color=&#8221;#6D0001&#8243; dnext_thumbs_gallery_arrow_margin=&#8221;60px||||false|false&#8221; dnext_thumbs_gallery_arrow_padding=&#8221;||||false|false&#8221; lightbox_showhide=&#8221;on&#8221; _builder_version=&#8221;4.27.4&#8243; _module_preset=&#8221;default&#8221; custom_margin=&#8221;6px||||false|false&#8221; animation_style=&#8221;slide&#8221; animation_duration=&#8221;1250ms&#8221; animation_intensity_slide=&#8221;24%&#8221; global_colors_info=&#8221;{}&#8221;][dnxte_thumbs_gallery_child thumbs_gallery_top_image=&#8221;https:\/\/hostalsantmiquel.com\/wp-content\/uploads\/2024\/07\/Habitacions-5-1&#215;1-1.jpg&#8221; _builder_version=&#8221;4.27.4&#8243; _module_preset=&#8221;default&#8221; header_level=&#8221;h1&#8243; global_colors_info=&#8221;{}&#8221;][\/dnxte_thumbs_gallery_child][dnxte_thumbs_gallery_child thumbs_gallery_top_image=&#8221;https:\/\/hostalsantmiquel.com\/wp-content\/uploads\/2024\/07\/Habitacions-4-1&#215;1-1.jpg&#8221; _builder_version=&#8221;4.27.4&#8243; _module_preset=&#8221;default&#8221; header_level=&#8221;h1&#8243; global_colors_info=&#8221;{}&#8221;][\/dnxte_thumbs_gallery_child][dnxte_thumbs_gallery_child thumbs_gallery_top_image=&#8221;https:\/\/hostalsantmiquel.com\/wp-content\/uploads\/2024\/07\/Habitacions-2-1&#215;1-1.jpg&#8221; _builder_version=&#8221;4.27.4&#8243; _module_preset=&#8221;default&#8221; header_level=&#8221;h1&#8243; global_colors_info=&#8221;{}&#8221;][\/dnxte_thumbs_gallery_child][dnxte_thumbs_gallery_child thumbs_gallery_top_image=&#8221;https:\/\/hostalsantmiquel.com\/wp-content\/uploads\/2024\/07\/Habitacions-1-1&#215;1-1.jpg&#8221; _builder_version=&#8221;4.27.4&#8243; _module_preset=&#8221;default&#8221; header_level=&#8221;h1&#8243; global_colors_info=&#8221;{}&#8221;][\/dnxte_thumbs_gallery_child][dnxte_thumbs_gallery_child thumbs_gallery_top_image=&#8221;https:\/\/hostalsantmiquel.com\/wp-content\/uploads\/2024\/07\/Hall-1.jpg&#8221; _builder_version=&#8221;4.27.4&#8243; _module_preset=&#8221;default&#8221; header_level=&#8221;h1&#8243; global_colors_info=&#8221;{}&#8221;][\/dnxte_thumbs_gallery_child][\/dnxte_thumbs_gallery_parent][\/et_pb_column][et_pb_column type=&#8221;1_4&#8243; _builder_version=&#8221;4.25.2&#8243; _module_preset=&#8221;default&#8221; global_colors_info=&#8221;{}&#8221;][et_pb_text disabled_on=&#8221;on|on|off&#8221; _builder_version=&#8221;4.27.4&#8243; _module_preset=&#8221;default&#8221; text_font=&#8221;Noto Sans|500|||||||&#8221; text_text_color=&#8221;#1c7bb2&#8243; text_font_size=&#8221;16px&#8221; custom_margin=&#8221;15px|-175px|35px|||&#8221; global_colors_info=&#8221;{}&#8221;]<\/p>\n<p>Els clients disposen dels seg\u00fcents serveis:<\/p>\n<p>[\/et_pb_text][et_pb_icon font_icon=&#8221;&#xf26c;||fa||900&#8243; icon_color=&#8221;#FFFFFF&#8221; icon_width=&#8221;24px&#8221; disabled_on=&#8221;on|on|off&#8221; _builder_version=&#8221;4.26.0&#8243; _module_preset=&#8221;default&#8221; background_color=&#8221;#6D0001&#8243; custom_margin=&#8221;1px||13px||false|false&#8221; custom_padding=&#8221;18px|15px|18px|15px|false|false&#8221; border_radii=&#8221;on|142px|142px|142px|142px&#8221; border_color_all=&#8221;#6D0001&#8243; global_colors_info=&#8221;{}&#8221; transform_styles__hover_enabled=&#8221;on|hover&#8221; transform_scale__hover_enabled=&#8221;on|hover&#8221; transform_translate__hover_enabled=&#8221;on|desktop&#8221; transform_rotate__hover_enabled=&#8221;on|desktop&#8221; transform_skew__hover_enabled=&#8221;on|desktop&#8221; transform_origin__hover_enabled=&#8221;on|desktop&#8221; transform_scale__hover=&#8221;115%|115%&#8221; background__hover_enabled=&#8221;off|desktop&#8221;][\/et_pb_icon][et_pb_text _builder_version=&#8221;4.27.4&#8243; _module_preset=&#8221;default&#8221; text_font=&#8221;Noto Sans|500|||||||&#8221; text_text_color=&#8221;#1c7bb2&#8243; text_font_size=&#8221;16px&#8221; text_orientation=&#8221;center&#8221; custom_margin=&#8221;1px||9px||false|false&#8221; global_colors_info=&#8221;{}&#8221;]<\/p>\n<p style=\"text-align: center;\">TV per cable.<\/p>\n<p>[\/et_pb_text][et_pb_divider color=&#8221;#4E8DB2&#8243; divider_style=&#8221;dotted&#8221; divider_weight=&#8221;3px&#8221; _builder_version=&#8221;4.25.2&#8243; _module_preset=&#8221;default&#8221; custom_margin=&#8221;17px||2px|||&#8221; custom_padding=&#8221;||0px|||&#8221; global_colors_info=&#8221;{}&#8221;][\/et_pb_divider][et_pb_icon font_icon=&#8221;&#xf2c8;||fa||900&#8243; icon_color=&#8221;#FFFFFF&#8221; icon_width=&#8221;24px&#8221; align_last_edited=&#8221;off|desktop&#8221; _builder_version=&#8221;4.25.2&#8243; _module_preset=&#8221;default&#8221; background_color=&#8221;#6D0001&#8243; custom_margin=&#8221;-5px||13px||false|false&#8221; custom_padding=&#8221;13px|20px|16px|20px|false|false&#8221; border_radii=&#8221;on|142px|142px|142px|142px&#8221; border_color_all=&#8221;#6D0001&#8243; global_colors_info=&#8221;{}&#8221; transform_styles__hover_enabled=&#8221;on|hover&#8221; transform_scale__hover_enabled=&#8221;on|hover&#8221; transform_translate__hover_enabled=&#8221;on|desktop&#8221; transform_rotate__hover_enabled=&#8221;on|desktop&#8221; transform_skew__hover_enabled=&#8221;on|desktop&#8221; transform_origin__hover_enabled=&#8221;on|desktop&#8221; transform_scale__hover=&#8221;115%|115%&#8221;][\/et_pb_icon][et_pb_text _builder_version=&#8221;4.25.2&#8243; _module_preset=&#8221;default&#8221; text_font=&#8221;Noto Sans|500|||||||&#8221; text_text_color=&#8221;#1c7bb2&#8243; text_font_size=&#8221;16px&#8221; text_orientation=&#8221;center&#8221; custom_margin=&#8221;1px||9px||false|false&#8221; global_colors_info=&#8221;{}&#8221;]<\/p>\n<p style=\"text-align: center;\">Calefacci\u00f3.<\/p>\n<p>[\/et_pb_text][et_pb_divider color=&#8221;#4E8DB2&#8243; divider_style=&#8221;dotted&#8221; divider_weight=&#8221;3px&#8221; _builder_version=&#8221;4.25.2&#8243; _module_preset=&#8221;default&#8221; custom_margin=&#8221;22px||2px|||&#8221; custom_padding=&#8221;||0px|||&#8221; global_colors_info=&#8221;{}&#8221;][\/et_pb_divider][et_pb_icon font_icon=&#8221;&#xf2dc;||fa||900&#8243; icon_color=&#8221;#FFFFFF&#8221; icon_width=&#8221;24px&#8221; _builder_version=&#8221;4.25.2&#8243; _module_preset=&#8221;default&#8221; background_color=&#8221;#6D0001&#8243; custom_margin=&#8221;-3px||13px||false|false&#8221; custom_padding=&#8221;15px|16px|15px|16px|false|false&#8221; border_radii=&#8221;on|142px|142px|142px|142px&#8221; border_color_all=&#8221;#6D0001&#8243; global_colors_info=&#8221;{}&#8221; transform_styles__hover_enabled=&#8221;on|hover&#8221; transform_scale__hover_enabled=&#8221;on|hover&#8221; transform_translate__hover_enabled=&#8221;on|desktop&#8221; transform_rotate__hover_enabled=&#8221;on|desktop&#8221; transform_skew__hover_enabled=&#8221;on|desktop&#8221; transform_origin__hover_enabled=&#8221;on|desktop&#8221; transform_scale__hover=&#8221;115%|115%&#8221;][\/et_pb_icon][et_pb_text _builder_version=&#8221;4.25.2&#8243; _module_preset=&#8221;default&#8221; text_font=&#8221;Noto Sans|500|||||||&#8221; text_text_color=&#8221;#1c7bb2&#8243; text_font_size=&#8221;16px&#8221; text_orientation=&#8221;center&#8221; custom_margin=&#8221;1px||9px||false|false&#8221; global_colors_info=&#8221;{}&#8221;]<\/p>\n<p style=\"text-align: center;\">Aire Acondicionat.<\/p>\n<p>[\/et_pb_text][et_pb_divider color=&#8221;#4E8DB2&#8243; divider_style=&#8221;dotted&#8221; divider_weight=&#8221;3px&#8221; _builder_version=&#8221;4.25.2&#8243; _module_preset=&#8221;default&#8221; custom_margin=&#8221;34px||2px|||&#8221; custom_padding=&#8221;||0px|||&#8221; global_colors_info=&#8221;{}&#8221;][\/et_pb_divider][et_pb_icon font_icon=&#8221;&#xf2cc;||fa||900&#8243; icon_color=&#8221;#FFFFFF&#8221; icon_width=&#8221;24px&#8221; _builder_version=&#8221;4.27.0&#8243; _module_preset=&#8221;default&#8221; background_color=&#8221;#6D0001&#8243; custom_margin=&#8221;-3px||13px||false|false&#8221; custom_padding=&#8221;15px|16px|15px|16px|false|false&#8221; border_radii=&#8221;on|142px|142px|142px|142px&#8221; border_color_all=&#8221;#6D0001&#8243; global_colors_info=&#8221;{}&#8221; transform_styles__hover_enabled=&#8221;on|hover&#8221; transform_scale__hover_enabled=&#8221;on|hover&#8221; transform_translate__hover_enabled=&#8221;on|desktop&#8221; transform_rotate__hover_enabled=&#8221;on|desktop&#8221; transform_skew__hover_enabled=&#8221;on|desktop&#8221; transform_origin__hover_enabled=&#8221;on|desktop&#8221; transform_scale__hover=&#8221;115%|115%&#8221;][\/et_pb_icon][et_pb_text _builder_version=&#8221;4.27.0&#8243; _module_preset=&#8221;default&#8221; text_font=&#8221;Noto Sans|500|||||||&#8221; text_text_color=&#8221;#1c7bb2&#8243; text_font_size=&#8221;16px&#8221; text_orientation=&#8221;center&#8221; custom_margin=&#8221;1px||9px||false|false&#8221; global_colors_info=&#8221;{}&#8221;]<\/p>\n<p style=\"text-align: center;\">Disposem d&#8217;un servei de <strong>dutxes<\/strong> per als professionals del transport que ens visitin. Les <strong>24 hores<\/strong>.<\/p>\n<p>[\/et_pb_text][\/et_pb_column][et_pb_column type=&#8221;1_4&#8243; _builder_version=&#8221;4.25.2&#8243; _module_preset=&#8221;default&#8221; global_colors_info=&#8221;{}&#8221;][et_pb_icon font_icon=&#8221;&#xf1eb;||fa||900&#8243; icon_color=&#8221;#FFFFFF&#8221; icon_width=&#8221;24px&#8221; _builder_version=&#8221;4.25.2&#8243; _module_preset=&#8221;default&#8221; background_color=&#8221;#6D0001&#8243; custom_margin=&#8221;74px||13px||false|false&#8221; custom_padding=&#8221;15px|12px|15px|12px|false|false&#8221; border_radii=&#8221;on|142px|142px|142px|142px&#8221; border_color_all=&#8221;#AA1618&#8243; global_colors_info=&#8221;{}&#8221; transform_styles__hover_enabled=&#8221;on|hover&#8221; transform_scale__hover_enabled=&#8221;on|hover&#8221; transform_translate__hover_enabled=&#8221;on|desktop&#8221; transform_rotate__hover_enabled=&#8221;on|desktop&#8221; transform_skew__hover_enabled=&#8221;on|desktop&#8221; transform_origin__hover_enabled=&#8221;on|desktop&#8221; transform_scale__hover=&#8221;115%|115%&#8221;][\/et_pb_icon][et_pb_text _builder_version=&#8221;4.25.2&#8243; _module_preset=&#8221;default&#8221; text_font=&#8221;Noto Sans|500|||||||&#8221; text_text_color=&#8221;#1c7bb2&#8243; text_font_size=&#8221;16px&#8221; text_orientation=&#8221;center&#8221; custom_margin=&#8221;1px||9px||false|false&#8221; global_colors_info=&#8221;{}&#8221;]<\/p>\n<p style=\"text-align: center;\">Wi-fi gratu\u00eft.<\/p>\n<p>[\/et_pb_text][et_pb_divider color=&#8221;#4E8DB2&#8243; divider_style=&#8221;dotted&#8221; divider_weight=&#8221;3px&#8221; _builder_version=&#8221;4.25.2&#8243; _module_preset=&#8221;default&#8221; custom_margin=&#8221;22px||2px|||&#8221; custom_padding=&#8221;||0px|||&#8221; global_colors_info=&#8221;{}&#8221;][\/et_pb_divider][et_pb_icon font_icon=&#8221;&#xf7d8;||fa||900&#8243; icon_color=&#8221;#FFFFFF&#8221; icon_width=&#8221;24px&#8221; _builder_version=&#8221;4.25.2&#8243; _module_preset=&#8221;default&#8221; background_color=&#8221;#6D0001&#8243; custom_margin=&#8221;3px||13px||false|false&#8221; custom_padding=&#8221;15px|18px|15px|18px|false|false&#8221; border_radii=&#8221;on|142px|142px|142px|142px&#8221; border_color_all=&#8221;#AA1618&#8243; global_colors_info=&#8221;{}&#8221; transform_styles__hover_enabled=&#8221;on|hover&#8221; transform_scale__hover_enabled=&#8221;on|hover&#8221; transform_translate__hover_enabled=&#8221;on|desktop&#8221; transform_rotate__hover_enabled=&#8221;on|desktop&#8221; transform_skew__hover_enabled=&#8221;on|desktop&#8221; transform_origin__hover_enabled=&#8221;on|desktop&#8221; transform_scale__hover=&#8221;115%|115%&#8221;][\/et_pb_icon][et_pb_text _builder_version=&#8221;4.25.2&#8243; _module_preset=&#8221;default&#8221; text_font=&#8221;Noto Sans|500|||||||&#8221; text_text_color=&#8221;#1c7bb2&#8243; text_font_size=&#8221;16px&#8221; text_orientation=&#8221;center&#8221; custom_margin=&#8221;1px||9px||false|false&#8221; global_colors_info=&#8221;{}&#8221;]<\/p>\n<p style=\"text-align: center;\">Bany privat.<\/p>\n<p>[\/et_pb_text][et_pb_divider color=&#8221;#4E8DB2&#8243; divider_style=&#8221;dotted&#8221; divider_weight=&#8221;3px&#8221; _builder_version=&#8221;4.25.2&#8243; _module_preset=&#8221;default&#8221; custom_margin=&#8221;17px||-4px|||&#8221; custom_padding=&#8221;||0px|||&#8221; global_colors_info=&#8221;{}&#8221;][\/et_pb_divider][et_pb_icon font_icon=&#8221;&#xf540;||fa||900&#8243; icon_color=&#8221;#FFFFFF&#8221; icon_width=&#8221;24px&#8221; _builder_version=&#8221;4.25.2&#8243; _module_preset=&#8221;default&#8221; background_color=&#8221;#6D0001&#8243; custom_margin=&#8221;3px||13px||false|false&#8221; custom_padding=&#8221;15px|16px|15px|16px|false|false&#8221; border_radii=&#8221;on|142px|142px|142px|142px&#8221; border_color_all=&#8221;#6D0001&#8243; global_colors_info=&#8221;{}&#8221; transform_styles__hover_enabled=&#8221;on|hover&#8221; transform_scale__hover_enabled=&#8221;on|hover&#8221; transform_translate__hover_enabled=&#8221;on|desktop&#8221; transform_rotate__hover_enabled=&#8221;on|desktop&#8221; transform_skew__hover_enabled=&#8221;on|desktop&#8221; transform_origin__hover_enabled=&#8221;on|desktop&#8221; transform_scale__hover=&#8221;115%|115%&#8221;][\/et_pb_icon][et_pb_text _builder_version=&#8221;4.26.0&#8243; _module_preset=&#8221;default&#8221; text_font=&#8221;Noto Sans|500|||||||&#8221; text_text_color=&#8221;#1c7bb2&#8243; text_font_size=&#8221;16px&#8221; text_orientation=&#8221;center&#8221; custom_margin=&#8221;1px||9px||false|false&#8221; global_colors_info=&#8221;{}&#8221;]<\/p>\n<p style=\"text-align: center;\">P\u00e0rquing prou ampli per tots els nostres clients.<\/p>\n<p>[\/et_pb_text][\/et_pb_column][\/et_pb_row][et_pb_row _builder_version=&#8221;4.27.0&#8243; _module_preset=&#8221;default&#8221; background_color=&#8221;#4E8DB2&#8243; background_enable_pattern_style=&#8221;on&#8221; background_pattern_style=&#8221;tufted&#8221; background_pattern_color=&#8221;#FFFFFF&#8221; background_pattern_size=&#8221;custom&#8221; background_pattern_width=&#8221;20px&#8221; custom_margin=&#8221;||||false|false&#8221; custom_padding=&#8221;35px|19px|35px|19px|true|true&#8221; border_radii=&#8221;off|44px|16px||44px&#8221; global_colors_info=&#8221;{}&#8221;][et_pb_column type=&#8221;4_4&#8243; _builder_version=&#8221;4.27.0&#8243; _module_preset=&#8221;default&#8221; global_colors_info=&#8221;{}&#8221;][et_pb_text _builder_version=&#8221;4.27.0&#8243; _module_preset=&#8221;4deaa1a6-d0cd-49d0-ada3-8dc22addd086&#8243; text_font=&#8221;Noto Sans|700||on|||||&#8221; text_text_color=&#8221;#FFFFFF&#8221; text_font_size=&#8221;17px&#8221; text_letter_spacing=&#8221;2px&#8221; header_font=&#8221;Noto Sans||||||||&#8221; header_text_color=&#8221;#6f9cbc&#8221; header_4_font=&#8221;Urbanist|800||on|||||&#8221; header_4_text_color=&#8221;#7C8B56&#8243; header_4_font_size=&#8221;16px&#8221; header_4_letter_spacing=&#8221;0.4em&#8221; header_4_line_height=&#8221;1.4em&#8221; text_orientation=&#8221;center&#8221; custom_margin=&#8221;||6px||false|false&#8221; header_4_font_size_tablet=&#8221;14px&#8221; header_4_font_size_phone=&#8221;12px&#8221; header_4_font_size_last_edited=&#8221;on|desktop&#8221; locked=&#8221;off&#8221; global_colors_info=&#8221;{}&#8221;]<\/p>\n<p style=\"text-align: center;\">Instagram<\/p>\n<p>[\/et_pb_text][et_pb_code _builder_version=&#8221;4.27.4&#8243; _module_preset=&#8221;default&#8221; width=&#8221;77%&#8221; module_alignment=&#8221;center&#8221; custom_margin=&#8221;18px||-1px|||&#8221; global_colors_info=&#8221;{}&#8221;]<style type=\"text\/css\">.zoom-instagram.feed-1315{font-size:14px!important;padding:1px!important;}.zoom-instagram.feed-1315 .zoom-instagram-widget__items{display:grid!important;grid-template-columns:repeat(3,1fr);}.zoom-instagram.feed-1315 .zoom-instagram-widget__items{gap:10px!important;}.zoom-instagram.feed-1315 .wpz-insta-view-on-insta-button{background-color:#6d0001!important;}<\/style>\n<div class=\"zoom-instagram feed-1315 layout-grid columns-3 with-lightbox spacing-10 perpage-3\"><div class=\"zoom-instagram-widget__items-wrapper\"><ul class=\"zoom-instagram-widget__items zoom-instagram-widget__items--no-js layout-grid\" data-layout=\"grid\" data-lightbox=\"1\" data-spacing=\"10\" data-perpage=\"3\"><li class=\"zoom-instagram-widget__item media-icons-normal media-icons-hover\" data-media-type=\"image\"><div class=\"zoom-instagram-widget__item-inner-wrap\"><img class=\"zoom-instagram-link zoom-instagram-link-new\"  data-src=\"https:\/\/hostalsantmiquel.com\/wp-content\/uploads\/2024\/07\/540079969_17895605091289665_7521378127998390633_n-320x213.jpg\" data-mfp-src=\"18075503843095968\" width=\"320\" height=\"213\" alt=\"\u2728 Detalls que marquen la difer\u00e8ncia \u2728\nA l\u2019Hostal Sant Miquel ens agrada cuidar cada petit aspecte perqu\u00e8 us sentiu com a casa. \ud83c\udfe1\nTovalloles netes, habitacions preparades i tot el necessari perqu\u00e8 la vostra estada sigui c\u00f2moda i tranquil\u00b7la.\n\nPerqu\u00e8 descansar b\u00e9 \u00e9s comen\u00e7ar b\u00e9. \ud83e\udd0d\n\n\ud83d\udeaa T\u2019hi esperem!\n\ud83d\udccd Hostal Sant Miquel \u00b7 hostalsantmiquel.com\n\n\ud83c\udf00reserva@hsm.cat\n\u260e\ufe0f 977 405 811\n\n#hostalsantmiquel #hostalsantmiquelvinebre #vinebre #vinebreactiu #riberadebre #cuinacasolana\n#HostalSantMiquel #Benvinguts #RiberaDEbre #TurismeRural #DescansaAmbNosaltres #EncantDePoble #Vinebre\" \/><div class=\"hover-layout zoom-instagram-widget__overlay zoom-instagram-widget__black \"><div class=\"zoom-instagram-icon-wrap\"><a class=\"zoom-svg-instagram-stroke\" href=\"https:\/\/www.instagram.com\/p\/DN2qiTe2Heb\/\" rel=\"noopener nofollow\" target=\"_blank\" title=\"\u2728 Detalls que marquen la difer\u00e8ncia \u2728\nA l\u2019Hostal Sant Miquel ens agrada cuidar cada petit aspecte perqu\u00e8 us sentiu com a casa. \ud83c\udfe1\nTovalloles netes, habitacions preparades i tot el necessari perqu\u00e8 la vostra estada sigui c\u00f2moda i tranquil\u00b7la.\n\nPerqu\u00e8 descansar b\u00e9 \u00e9s comen\u00e7ar b\u00e9. \ud83e\udd0d\n\n\ud83d\udeaa T\u2019hi esperem!\n\ud83d\udccd Hostal Sant Miquel \u00b7 hostalsantmiquel.com\n\n\ud83c\udf00reserva@hsm.cat\n\u260e\ufe0f 977 405 811\n\n#hostalsantmiquel #hostalsantmiquelvinebre #vinebre #vinebreactiu #riberadebre #cuinacasolana\n#HostalSantMiquel #Benvinguts #RiberaDEbre #TurismeRural #DescansaAmbNosaltres #EncantDePoble #Vinebre\"><\/a><\/div><a class=\"zoom-instagram-link\" data-src=\"https:\/\/hostalsantmiquel.com\/wp-content\/uploads\/2024\/07\/540079969_17895605091289665_7521378127998390633_n-320x213.jpg\" data-mfp-src=\"18075503843095968\" href=\"https:\/\/www.instagram.com\/p\/DN2qiTe2Heb\/\" target=\"_blank\" rel=\"noopener nofollow\" title=\"\u2728 Detalls que marquen la difer\u00e8ncia \u2728\nA l\u2019Hostal Sant Miquel ens agrada cuidar cada petit aspecte perqu\u00e8 us sentiu com a casa. \ud83c\udfe1\nTovalloles netes, habitacions preparades i tot el necessari perqu\u00e8 la vostra estada sigui c\u00f2moda i tranquil\u00b7la.\n\nPerqu\u00e8 descansar b\u00e9 \u00e9s comen\u00e7ar b\u00e9. \ud83e\udd0d\n\n\ud83d\udeaa T\u2019hi esperem!\n\ud83d\udccd Hostal Sant Miquel \u00b7 hostalsantmiquel.com\n\n\ud83c\udf00reserva@hsm.cat\n\u260e\ufe0f 977 405 811\n\n#hostalsantmiquel #hostalsantmiquelvinebre #vinebre #vinebreactiu #riberadebre #cuinacasolana\n#HostalSantMiquel #Benvinguts #RiberaDEbre #TurismeRural #DescansaAmbNosaltres #EncantDePoble #Vinebre\"><\/a><\/div><\/div><\/li><li class=\"zoom-instagram-widget__item media-icons-normal media-icons-hover\" data-media-type=\"image\"><div class=\"zoom-instagram-widget__item-inner-wrap\"><img class=\"zoom-instagram-link zoom-instagram-link-new\"  data-src=\"https:\/\/hostalsantmiquel.com\/wp-content\/uploads\/2024\/07\/530821045_17893853145289665_6904915197476532938_n-320x222.jpg\" data-mfp-src=\"18085191412667118\" width=\"320\" height=\"222\" alt=\"\ud83c\udf7d\ufe0f Festa Major sense cuinar? S\u00ed, i tant! \ud83c\udf89\nDurant aquests dies plens d\u2019activitats, m\u00fasica i ball, oblida\u2019t dels fogons i deixa que nosaltres ens encarreguem del menjar.\n\nA l\u2019Hostal Sant Miquel t\u2019esperem amb cuina casolana de la bona, plats fets amb estima i un men\u00fa que et far\u00e0 llepar-te els dits.\nM\u00e9s f\u00e0cil, m\u00e9s net\u2026 i molt bo!\ud83d\ude0b\n\n\ud83d\udccd Vinebre\n\ud83c\udf00reserva@hsm.cat\n\u260e\ufe0f 977 405 811\n\n#HostalSantMiquel #Qu\u00e8Fem #FestesMajors #RiberaDEbre #DescansaAmbNosaltres #TurismeRural #ViuLaComarca\" \/><div class=\"hover-layout zoom-instagram-widget__overlay zoom-instagram-widget__black \"><div class=\"zoom-instagram-icon-wrap\"><a class=\"zoom-svg-instagram-stroke\" href=\"https:\/\/www.instagram.com\/p\/DNksrlgt5dm\/\" rel=\"noopener nofollow\" target=\"_blank\" title=\"\ud83c\udf7d\ufe0f Festa Major sense cuinar? S\u00ed, i tant! \ud83c\udf89\nDurant aquests dies plens d\u2019activitats, m\u00fasica i ball, oblida\u2019t dels fogons i deixa que nosaltres ens encarreguem del menjar.\n\nA l\u2019Hostal Sant Miquel t\u2019esperem amb cuina casolana de la bona, plats fets amb estima i un men\u00fa que et far\u00e0 llepar-te els dits.\nM\u00e9s f\u00e0cil, m\u00e9s net\u2026 i molt bo!\ud83d\ude0b\n\n\ud83d\udccd Vinebre\n\ud83c\udf00reserva@hsm.cat\n\u260e\ufe0f 977 405 811\n\n#HostalSantMiquel #Qu\u00e8Fem #FestesMajors #RiberaDEbre #DescansaAmbNosaltres #TurismeRural #ViuLaComarca\"><\/a><\/div><a class=\"zoom-instagram-link\" data-src=\"https:\/\/hostalsantmiquel.com\/wp-content\/uploads\/2024\/07\/530821045_17893853145289665_6904915197476532938_n-320x222.jpg\" data-mfp-src=\"18085191412667118\" href=\"https:\/\/www.instagram.com\/p\/DNksrlgt5dm\/\" target=\"_blank\" rel=\"noopener nofollow\" title=\"\ud83c\udf7d\ufe0f Festa Major sense cuinar? S\u00ed, i tant! \ud83c\udf89\nDurant aquests dies plens d\u2019activitats, m\u00fasica i ball, oblida\u2019t dels fogons i deixa que nosaltres ens encarreguem del menjar.\n\nA l\u2019Hostal Sant Miquel t\u2019esperem amb cuina casolana de la bona, plats fets amb estima i un men\u00fa que et far\u00e0 llepar-te els dits.\nM\u00e9s f\u00e0cil, m\u00e9s net\u2026 i molt bo!\ud83d\ude0b\n\n\ud83d\udccd Vinebre\n\ud83c\udf00reserva@hsm.cat\n\u260e\ufe0f 977 405 811\n\n#HostalSantMiquel #Qu\u00e8Fem #FestesMajors #RiberaDEbre #DescansaAmbNosaltres #TurismeRural #ViuLaComarca\"><\/a><\/div><\/div><\/li><li class=\"zoom-instagram-widget__item media-icons-normal media-icons-hover\" data-media-type=\"image\"><div class=\"zoom-instagram-widget__item-inner-wrap\"><img class=\"zoom-instagram-link zoom-instagram-link-new\"  data-src=\"https:\/\/hostalsantmiquel.com\/wp-content\/uploads\/2024\/07\/531823614_17893852968289665_6686497964905762288_n-256x320.jpg\" data-mfp-src=\"18066178652332997\" width=\"256\" height=\"320\" alt=\"\ud83c\udf89 L\u2019estiu a la Ribera d\u2019Ebre \u00e9s sin\u00f2nim de festa! \ud83e\udd41\u2728\nCada poble viu la seva Festa Major amb m\u00fasica, tradici\u00f3, gastronomia i activitats per a totes les edats.\nVeniu a descobrir-les, ballar fins que surti el sol i omplir-vos de moments inoblidables!\n\nI quan arribi l\u2019hora de descansar... a l\u2019Hostal Sant Miquel us esperem amb habitacions c\u00f2modes i tot el que necessiteu per recuperar forces i seguir gaudint l\u2019endem\u00e0.\n\n\ud83d\udcc5 Prepareu l\u2019agenda, que l\u2019estiu nom\u00e9s passa un cop l\u2019any!\n\ud83c\udf00reserva@hsm.cat\n\u260e\ufe0f 977 405 811\n\n#HostalSantMiquel #Qu\u00e8Fem #FestesMajors #RiberaDEbre #DescansaAmbNosaltres #TurismeRural #ViuLaComarca\" \/><div class=\"hover-layout zoom-instagram-widget__overlay zoom-instagram-widget__black \"><div class=\"zoom-instagram-icon-wrap\"><a class=\"zoom-svg-instagram-stroke\" href=\"https:\/\/www.instagram.com\/p\/DNQKP-wN6IC\/\" rel=\"noopener nofollow\" target=\"_blank\" title=\"\ud83c\udf89 L\u2019estiu a la Ribera d\u2019Ebre \u00e9s sin\u00f2nim de festa! \ud83e\udd41\u2728\nCada poble viu la seva Festa Major amb m\u00fasica, tradici\u00f3, gastronomia i activitats per a totes les edats.\nVeniu a descobrir-les, ballar fins que surti el sol i omplir-vos de moments inoblidables!\n\nI quan arribi l\u2019hora de descansar... a l\u2019Hostal Sant Miquel us esperem amb habitacions c\u00f2modes i tot el que necessiteu per recuperar forces i seguir gaudint l\u2019endem\u00e0.\n\n\ud83d\udcc5 Prepareu l\u2019agenda, que l\u2019estiu nom\u00e9s passa un cop l\u2019any!\n\ud83c\udf00reserva@hsm.cat\n\u260e\ufe0f 977 405 811\n\n#HostalSantMiquel #Qu\u00e8Fem #FestesMajors #RiberaDEbre #DescansaAmbNosaltres #TurismeRural #ViuLaComarca\"><\/a><\/div><a class=\"zoom-instagram-link\" data-src=\"https:\/\/hostalsantmiquel.com\/wp-content\/uploads\/2024\/07\/531823614_17893852968289665_6686497964905762288_n-256x320.jpg\" data-mfp-src=\"18066178652332997\" href=\"https:\/\/www.instagram.com\/p\/DNQKP-wN6IC\/\" target=\"_blank\" rel=\"noopener nofollow\" title=\"\ud83c\udf89 L\u2019estiu a la Ribera d\u2019Ebre \u00e9s sin\u00f2nim de festa! \ud83e\udd41\u2728\nCada poble viu la seva Festa Major amb m\u00fasica, tradici\u00f3, gastronomia i activitats per a totes les edats.\nVeniu a descobrir-les, ballar fins que surti el sol i omplir-vos de moments inoblidables!\n\nI quan arribi l\u2019hora de descansar... a l\u2019Hostal Sant Miquel us esperem amb habitacions c\u00f2modes i tot el que necessiteu per recuperar forces i seguir gaudint l\u2019endem\u00e0.\n\n\ud83d\udcc5 Prepareu l\u2019agenda, que l\u2019estiu nom\u00e9s passa un cop l\u2019any!\n\ud83c\udf00reserva@hsm.cat\n\u260e\ufe0f 977 405 811\n\n#HostalSantMiquel #Qu\u00e8Fem #FestesMajors #RiberaDEbre #DescansaAmbNosaltres #TurismeRural #ViuLaComarca\"><\/a><\/div><\/div><\/li><li class=\"zoom-instagram-widget__item media-icons-normal media-icons-hover\" data-media-type=\"image\"><div class=\"zoom-instagram-widget__item-inner-wrap\"><img class=\"zoom-instagram-link zoom-instagram-link-new\"  data-src=\"https:\/\/hostalsantmiquel.com\/wp-content\/uploads\/2024\/07\/528633236_17893246236289665_5584606414598576415_n-320x213.jpg\" data-mfp-src=\"17919654096136061\" width=\"320\" height=\"213\" alt=\"\u2728 Darrere aquest vidre t\u2019hi espera una estada tranquil\u00b7la, acollidora i amb \u00e0nima de poble.\nSom a Vinebre, a tocar del riu, al cor de la Ribera d\u2019Ebre. I tenim les portes obertes per a tothom que vulgui descansar, descobrir i gaudir.\n\n\ud83d\udeaa T\u2019hi esperem!\n\ud83d\udccd Hostal Sant Miquel \u00b7 hostalsantmiquel.com\n\n\ud83c\udf00reserva@hsm.cat\n\u260e\ufe0f 977 405 811\n\n#hostalsantmiquel #hostalsantmiquelvinebre #vinebre #vinebreactiu #riberadebre #cuinacasolana\n#HostalSantMiquel #Benvinguts #RiberaDEbre #TurismeRural #DescansaAmbNosaltres #EncantDePoble #Vinebre\" \/><div class=\"hover-layout zoom-instagram-widget__overlay zoom-instagram-widget__black \"><div class=\"zoom-instagram-icon-wrap\"><a class=\"zoom-svg-instagram-stroke\" href=\"https:\/\/www.instagram.com\/p\/DNDFYVON9Rr\/\" rel=\"noopener nofollow\" target=\"_blank\" title=\"\u2728 Darrere aquest vidre t\u2019hi espera una estada tranquil\u00b7la, acollidora i amb \u00e0nima de poble.\nSom a Vinebre, a tocar del riu, al cor de la Ribera d\u2019Ebre. I tenim les portes obertes per a tothom que vulgui descansar, descobrir i gaudir.\n\n\ud83d\udeaa T\u2019hi esperem!\n\ud83d\udccd Hostal Sant Miquel \u00b7 hostalsantmiquel.com\n\n\ud83c\udf00reserva@hsm.cat\n\u260e\ufe0f 977 405 811\n\n#hostalsantmiquel #hostalsantmiquelvinebre #vinebre #vinebreactiu #riberadebre #cuinacasolana\n#HostalSantMiquel #Benvinguts #RiberaDEbre #TurismeRural #DescansaAmbNosaltres #EncantDePoble #Vinebre\"><\/a><\/div><a class=\"zoom-instagram-link\" data-src=\"https:\/\/hostalsantmiquel.com\/wp-content\/uploads\/2024\/07\/528633236_17893246236289665_5584606414598576415_n-320x213.jpg\" data-mfp-src=\"17919654096136061\" href=\"https:\/\/www.instagram.com\/p\/DNDFYVON9Rr\/\" target=\"_blank\" rel=\"noopener nofollow\" title=\"\u2728 Darrere aquest vidre t\u2019hi espera una estada tranquil\u00b7la, acollidora i amb \u00e0nima de poble.\nSom a Vinebre, a tocar del riu, al cor de la Ribera d\u2019Ebre. I tenim les portes obertes per a tothom que vulgui descansar, descobrir i gaudir.\n\n\ud83d\udeaa T\u2019hi esperem!\n\ud83d\udccd Hostal Sant Miquel \u00b7 hostalsantmiquel.com\n\n\ud83c\udf00reserva@hsm.cat\n\u260e\ufe0f 977 405 811\n\n#hostalsantmiquel #hostalsantmiquelvinebre #vinebre #vinebreactiu #riberadebre #cuinacasolana\n#HostalSantMiquel #Benvinguts #RiberaDEbre #TurismeRural #DescansaAmbNosaltres #EncantDePoble #Vinebre\"><\/a><\/div><\/div><\/li><li class=\"zoom-instagram-widget__item media-icons-normal media-icons-hover\" data-media-type=\"image\"><div class=\"zoom-instagram-widget__item-inner-wrap\"><img class=\"zoom-instagram-link zoom-instagram-link-new\"  data-src=\"https:\/\/hostalsantmiquel.com\/wp-content\/uploads\/2024\/07\/524725725_17892184758289665_5564988041863495002_n-320x320.jpg\" data-mfp-src=\"17886530334202260\" width=\"320\" height=\"320\" alt=\"\ud83c\udf73 Esmorzars de forquilla? I tant que s\u00ed!\nA l\u2019Hostal Sant Miquel, comencem el dia amb ganes i amb bon menjar: pa amb tom\u00e0quet, truita de patata i energia per a tot el dia! \ud83e\udd56\ud83c\udf45\ud83e\udd5a\n\nPer als que creuen que l\u2019esmorzar \u00e9s el millor \u00e0pat del dia... aqu\u00ed us cuidem com a casa!\n\n\ud83c\udf00reserva@hsm.cat\n\u260e\ufe0f 977 405 811\n\n#hostalsantmiquel #hostalsantmiquelvinebre #vinebre #vinebreactiu #riberadebre #cuinacasolana\" \/><div class=\"hover-layout zoom-instagram-widget__overlay zoom-instagram-widget__black \"><div class=\"zoom-instagram-icon-wrap\"><a class=\"zoom-svg-instagram-stroke\" href=\"https:\/\/www.instagram.com\/p\/DMrwTwltuyL\/\" rel=\"noopener nofollow\" target=\"_blank\" title=\"\ud83c\udf73 Esmorzars de forquilla? I tant que s\u00ed!\nA l\u2019Hostal Sant Miquel, comencem el dia amb ganes i amb bon menjar: pa amb tom\u00e0quet, truita de patata i energia per a tot el dia! \ud83e\udd56\ud83c\udf45\ud83e\udd5a\n\nPer als que creuen que l\u2019esmorzar \u00e9s el millor \u00e0pat del dia... aqu\u00ed us cuidem com a casa!\n\n\ud83c\udf00reserva@hsm.cat\n\u260e\ufe0f 977 405 811\n\n#hostalsantmiquel #hostalsantmiquelvinebre #vinebre #vinebreactiu #riberadebre #cuinacasolana\"><\/a><\/div><a class=\"zoom-instagram-link\" data-src=\"https:\/\/hostalsantmiquel.com\/wp-content\/uploads\/2024\/07\/524725725_17892184758289665_5564988041863495002_n-320x320.jpg\" data-mfp-src=\"17886530334202260\" href=\"https:\/\/www.instagram.com\/p\/DMrwTwltuyL\/\" target=\"_blank\" rel=\"noopener nofollow\" title=\"\ud83c\udf73 Esmorzars de forquilla? I tant que s\u00ed!\nA l\u2019Hostal Sant Miquel, comencem el dia amb ganes i amb bon menjar: pa amb tom\u00e0quet, truita de patata i energia per a tot el dia! \ud83e\udd56\ud83c\udf45\ud83e\udd5a\n\nPer als que creuen que l\u2019esmorzar \u00e9s el millor \u00e0pat del dia... aqu\u00ed us cuidem com a casa!\n\n\ud83c\udf00reserva@hsm.cat\n\u260e\ufe0f 977 405 811\n\n#hostalsantmiquel #hostalsantmiquelvinebre #vinebre #vinebreactiu #riberadebre #cuinacasolana\"><\/a><\/div><\/div><\/li><li class=\"zoom-instagram-widget__item media-icons-normal media-icons-hover\" data-media-type=\"image\"><div class=\"zoom-instagram-widget__item-inner-wrap\"><img class=\"zoom-instagram-link zoom-instagram-link-new\"  data-src=\"https:\/\/hostalsantmiquel.com\/wp-content\/uploads\/2024\/07\/523095769_17891398272289665_2409674399581158323_n-256x320.jpg\" data-mfp-src=\"17914332816160499\" width=\"256\" height=\"320\" alt=\"\ud83c\udf89 Qu\u00e8 fem? Anem de festa!\nA la Ribera d\u2019Ebre, l\u2019estiu \u00e9s sin\u00f2nim de festes majors: activitats per a totes les edats, m\u00fasica, tradicions i molta alegria per compartir! \ud83e\udd41\ud83c\udfb6\u2728\n\nI despr\u00e9s de viure intensament cada ballada, correfoc o concert\u2026 t\u2019esperem a l\u2019Hostal Sant Miquel per descansar i recarregar energies \ud83d\udecf\ufe0f\ud83c\udf7d\ufe0f Perqu\u00e8 cada dia \u00e9s una nova aventura!\n\n\ud83d\udccd Vinebre \u00b7 hostalsantmiquel.com\n\ud83c\udf00reserva@hsm.cat\n\u260e\ufe0f 977 405 811\n\n#HostalSantMiquel #Qu\u00e8Fem #FestesMajors #RiberaDEbre #DescansaAmbNosaltres #TurismeRural #ViuLaComarca\" \/><div class=\"hover-layout zoom-instagram-widget__overlay zoom-instagram-widget__black \"><div class=\"zoom-instagram-icon-wrap\"><a class=\"zoom-svg-instagram-stroke\" href=\"https:\/\/www.instagram.com\/p\/DMcMjjVNl6Z\/\" rel=\"noopener nofollow\" target=\"_blank\" title=\"\ud83c\udf89 Qu\u00e8 fem? Anem de festa!\nA la Ribera d\u2019Ebre, l\u2019estiu \u00e9s sin\u00f2nim de festes majors: activitats per a totes les edats, m\u00fasica, tradicions i molta alegria per compartir! \ud83e\udd41\ud83c\udfb6\u2728\n\nI despr\u00e9s de viure intensament cada ballada, correfoc o concert\u2026 t\u2019esperem a l\u2019Hostal Sant Miquel per descansar i recarregar energies \ud83d\udecf\ufe0f\ud83c\udf7d\ufe0f Perqu\u00e8 cada dia \u00e9s una nova aventura!\n\n\ud83d\udccd Vinebre \u00b7 hostalsantmiquel.com\n\ud83c\udf00reserva@hsm.cat\n\u260e\ufe0f 977 405 811\n\n#HostalSantMiquel #Qu\u00e8Fem #FestesMajors #RiberaDEbre #DescansaAmbNosaltres #TurismeRural #ViuLaComarca\"><\/a><\/div><a class=\"zoom-instagram-link\" data-src=\"https:\/\/hostalsantmiquel.com\/wp-content\/uploads\/2024\/07\/523095769_17891398272289665_2409674399581158323_n-256x320.jpg\" data-mfp-src=\"17914332816160499\" href=\"https:\/\/www.instagram.com\/p\/DMcMjjVNl6Z\/\" target=\"_blank\" rel=\"noopener nofollow\" title=\"\ud83c\udf89 Qu\u00e8 fem? Anem de festa!\nA la Ribera d\u2019Ebre, l\u2019estiu \u00e9s sin\u00f2nim de festes majors: activitats per a totes les edats, m\u00fasica, tradicions i molta alegria per compartir! \ud83e\udd41\ud83c\udfb6\u2728\n\nI despr\u00e9s de viure intensament cada ballada, correfoc o concert\u2026 t\u2019esperem a l\u2019Hostal Sant Miquel per descansar i recarregar energies \ud83d\udecf\ufe0f\ud83c\udf7d\ufe0f Perqu\u00e8 cada dia \u00e9s una nova aventura!\n\n\ud83d\udccd Vinebre \u00b7 hostalsantmiquel.com\n\ud83c\udf00reserva@hsm.cat\n\u260e\ufe0f 977 405 811\n\n#HostalSantMiquel #Qu\u00e8Fem #FestesMajors #RiberaDEbre #DescansaAmbNosaltres #TurismeRural #ViuLaComarca\"><\/a><\/div><\/div><\/li><li class=\"zoom-instagram-widget__item media-icons-normal media-icons-hover\" data-media-type=\"image\"><div class=\"zoom-instagram-widget__item-inner-wrap\"><img class=\"zoom-instagram-link zoom-instagram-link-new\"  data-src=\"https:\/\/hostalsantmiquel.com\/wp-content\/uploads\/2024\/07\/520410937_17890764396289665_7760461525360475933_n-320x213.jpg\" data-mfp-src=\"18069491936043509\" width=\"320\" height=\"213\" alt=\"\u2600\ufe0f L\u2019estiu \u00e9s per viure\u2019l al m\u00e0xim\nDies llargs per descobrir nous territoris, per sumar experi\u00e8ncies i per gaudir de cada moment com si fos \u00fanic \ud83c\udf3f\u2728\n\nA l\u2019Hostal Sant Miquel t\u2019hi esperem amb moltes ganes per fer-te sentir com a casa i ajudar-te a passar uns dies simplement perfectes \ud83d\udecf\ufe0f\ud83c\udf74\n\n\ud83d\udccd Vinebre \u00b7 al cor de la Ribera d\u2019Ebre\n\n\ud83c\udf00reserva@hsm.cat\n\u260e\ufe0f 977 405 811\n\n#hostalsantmiquel #hostalsantmiquelvinebre #vinebre #vinebreactiu #riberadebre #cuinacasolana\" \/><div class=\"hover-layout zoom-instagram-widget__overlay zoom-instagram-widget__black \"><div class=\"zoom-instagram-icon-wrap\"><a class=\"zoom-svg-instagram-stroke\" href=\"https:\/\/www.instagram.com\/p\/DMPaeE8NXAH\/\" rel=\"noopener nofollow\" target=\"_blank\" title=\"\u2600\ufe0f L\u2019estiu \u00e9s per viure\u2019l al m\u00e0xim\nDies llargs per descobrir nous territoris, per sumar experi\u00e8ncies i per gaudir de cada moment com si fos \u00fanic \ud83c\udf3f\u2728\n\nA l\u2019Hostal Sant Miquel t\u2019hi esperem amb moltes ganes per fer-te sentir com a casa i ajudar-te a passar uns dies simplement perfectes \ud83d\udecf\ufe0f\ud83c\udf74\n\n\ud83d\udccd Vinebre \u00b7 al cor de la Ribera d\u2019Ebre\n\n\ud83c\udf00reserva@hsm.cat\n\u260e\ufe0f 977 405 811\n\n#hostalsantmiquel #hostalsantmiquelvinebre #vinebre #vinebreactiu #riberadebre #cuinacasolana\"><\/a><\/div><a class=\"zoom-instagram-link\" data-src=\"https:\/\/hostalsantmiquel.com\/wp-content\/uploads\/2024\/07\/520410937_17890764396289665_7760461525360475933_n-320x213.jpg\" data-mfp-src=\"18069491936043509\" href=\"https:\/\/www.instagram.com\/p\/DMPaeE8NXAH\/\" target=\"_blank\" rel=\"noopener nofollow\" title=\"\u2600\ufe0f L\u2019estiu \u00e9s per viure\u2019l al m\u00e0xim\nDies llargs per descobrir nous territoris, per sumar experi\u00e8ncies i per gaudir de cada moment com si fos \u00fanic \ud83c\udf3f\u2728\n\nA l\u2019Hostal Sant Miquel t\u2019hi esperem amb moltes ganes per fer-te sentir com a casa i ajudar-te a passar uns dies simplement perfectes \ud83d\udecf\ufe0f\ud83c\udf74\n\n\ud83d\udccd Vinebre \u00b7 al cor de la Ribera d\u2019Ebre\n\n\ud83c\udf00reserva@hsm.cat\n\u260e\ufe0f 977 405 811\n\n#hostalsantmiquel #hostalsantmiquelvinebre #vinebre #vinebreactiu #riberadebre #cuinacasolana\"><\/a><\/div><\/div><\/li><li class=\"zoom-instagram-widget__item media-icons-normal media-icons-hover\" data-media-type=\"image\"><div class=\"zoom-instagram-widget__item-inner-wrap\"><img class=\"zoom-instagram-link zoom-instagram-link-new\"  data-src=\"https:\/\/hostalsantmiquel.com\/wp-content\/uploads\/2024\/07\/516855449_17889819075289665_5035721619154836898_n-256x320.jpg\" data-mfp-src=\"18090391030644299\" width=\"256\" height=\"320\" alt=\"\ud83d\ude0b Ets m\u00e9s d\u2019arr\u00f2s negre o d\u2019ensaladilla russa?\n\ud83d\udce3 Al nostre restaurant no cal triar\u2026 pots comen\u00e7ar amb un i acabar amb l\u2019altre! \ud83e\udd73\ud83c\udf7d\ufe0f\n\nFes una parada a l\u2019Hostal Sant Miquel i gaudeix del men\u00fa del dia amb plats casolans per llepar-se\u2019n els dits! \ud83e\udd0c \n\n\ud83c\udf00reserva@hsm.cat\n\u260e\ufe0f 977 405 811\n\n#hostalsantmiquel #hostalsantmiquelvinebre #vinebre #vinebreactiu #riberadebre #cuinacasolana\" \/><div class=\"hover-layout zoom-instagram-widget__overlay zoom-instagram-widget__black \"><div class=\"zoom-instagram-icon-wrap\"><a class=\"zoom-svg-instagram-stroke\" href=\"https:\/\/www.instagram.com\/p\/DL69GGLN1H5\/\" rel=\"noopener nofollow\" target=\"_blank\" title=\"\ud83d\ude0b Ets m\u00e9s d\u2019arr\u00f2s negre o d\u2019ensaladilla russa?\n\ud83d\udce3 Al nostre restaurant no cal triar\u2026 pots comen\u00e7ar amb un i acabar amb l\u2019altre! \ud83e\udd73\ud83c\udf7d\ufe0f\n\nFes una parada a l\u2019Hostal Sant Miquel i gaudeix del men\u00fa del dia amb plats casolans per llepar-se\u2019n els dits! \ud83e\udd0c \n\n\ud83c\udf00reserva@hsm.cat\n\u260e\ufe0f 977 405 811\n\n#hostalsantmiquel #hostalsantmiquelvinebre #vinebre #vinebreactiu #riberadebre #cuinacasolana\"><\/a><\/div><a class=\"zoom-instagram-link\" data-src=\"https:\/\/hostalsantmiquel.com\/wp-content\/uploads\/2024\/07\/516855449_17889819075289665_5035721619154836898_n-256x320.jpg\" data-mfp-src=\"18090391030644299\" href=\"https:\/\/www.instagram.com\/p\/DL69GGLN1H5\/\" target=\"_blank\" rel=\"noopener nofollow\" title=\"\ud83d\ude0b Ets m\u00e9s d\u2019arr\u00f2s negre o d\u2019ensaladilla russa?\n\ud83d\udce3 Al nostre restaurant no cal triar\u2026 pots comen\u00e7ar amb un i acabar amb l\u2019altre! \ud83e\udd73\ud83c\udf7d\ufe0f\n\nFes una parada a l\u2019Hostal Sant Miquel i gaudeix del men\u00fa del dia amb plats casolans per llepar-se\u2019n els dits! \ud83e\udd0c \n\n\ud83c\udf00reserva@hsm.cat\n\u260e\ufe0f 977 405 811\n\n#hostalsantmiquel #hostalsantmiquelvinebre #vinebre #vinebreactiu #riberadebre #cuinacasolana\"><\/a><\/div><\/div><\/li><li class=\"zoom-instagram-widget__item media-icons-normal media-icons-hover\" data-media-type=\"image\"><div class=\"zoom-instagram-widget__item-inner-wrap\"><img class=\"zoom-instagram-link zoom-instagram-link-new\"  data-src=\"https:\/\/hostalsantmiquel.com\/wp-content\/uploads\/2024\/07\/514528412_17888910345289665_3337085924568034424_n-256x320.jpg\" data-mfp-src=\"18068724923039765\" width=\"256\" height=\"320\" alt=\"\ud83d\udea4 Aquest estiu\u2026 viu l\u2019Ebre des de dins!\nDes de l\u2019Hostal Sant Miquel et recomanem embarcar-te a bord de Lo Roget, la barcassa fluvial de l\u2019Ecomuseu de Deltebre que et permet descobrir el riu des d\u2019una altra perspectiva.\n\nUn passeig tranquil, ple d\u2019hist\u00f2ria, paisatge i natura. Ideal per a fam\u00edlies, parelles o amants de la Ribera! \ud83c\udf3f\ud83c\udf0a\n\nI despr\u00e9s de la ruta\u2026 t\u2019esperem a casa nostra per descansar com cal \ud83d\udecf\ufe0f\n\ud83d\udccdhostalsantmiquel.com\n\n@ascoturisme \n\n#LoRoget #TurismeFluvial #DescobreixElRiuEbre #RiberaDEbre #HostalSantMiquel #TurismeDeProximitat #ViuElRiu #Experi\u00e8ncies\u00daniques\" \/><div class=\"hover-layout zoom-instagram-widget__overlay zoom-instagram-widget__black \"><div class=\"zoom-instagram-icon-wrap\"><a class=\"zoom-svg-instagram-stroke\" href=\"https:\/\/www.instagram.com\/p\/DLmuh5ktxbb\/\" rel=\"noopener nofollow\" target=\"_blank\" title=\"\ud83d\udea4 Aquest estiu\u2026 viu l\u2019Ebre des de dins!\nDes de l\u2019Hostal Sant Miquel et recomanem embarcar-te a bord de Lo Roget, la barcassa fluvial de l\u2019Ecomuseu de Deltebre que et permet descobrir el riu des d\u2019una altra perspectiva.\n\nUn passeig tranquil, ple d\u2019hist\u00f2ria, paisatge i natura. Ideal per a fam\u00edlies, parelles o amants de la Ribera! \ud83c\udf3f\ud83c\udf0a\n\nI despr\u00e9s de la ruta\u2026 t\u2019esperem a casa nostra per descansar com cal \ud83d\udecf\ufe0f\n\ud83d\udccdhostalsantmiquel.com\n\n@ascoturisme \n\n#LoRoget #TurismeFluvial #DescobreixElRiuEbre #RiberaDEbre #HostalSantMiquel #TurismeDeProximitat #ViuElRiu #Experi\u00e8ncies\u00daniques\"><\/a><\/div><a class=\"zoom-instagram-link\" data-src=\"https:\/\/hostalsantmiquel.com\/wp-content\/uploads\/2024\/07\/514528412_17888910345289665_3337085924568034424_n-256x320.jpg\" data-mfp-src=\"18068724923039765\" href=\"https:\/\/www.instagram.com\/p\/DLmuh5ktxbb\/\" target=\"_blank\" rel=\"noopener nofollow\" title=\"\ud83d\udea4 Aquest estiu\u2026 viu l\u2019Ebre des de dins!\nDes de l\u2019Hostal Sant Miquel et recomanem embarcar-te a bord de Lo Roget, la barcassa fluvial de l\u2019Ecomuseu de Deltebre que et permet descobrir el riu des d\u2019una altra perspectiva.\n\nUn passeig tranquil, ple d\u2019hist\u00f2ria, paisatge i natura. Ideal per a fam\u00edlies, parelles o amants de la Ribera! \ud83c\udf3f\ud83c\udf0a\n\nI despr\u00e9s de la ruta\u2026 t\u2019esperem a casa nostra per descansar com cal \ud83d\udecf\ufe0f\n\ud83d\udccdhostalsantmiquel.com\n\n@ascoturisme \n\n#LoRoget #TurismeFluvial #DescobreixElRiuEbre #RiberaDEbre #HostalSantMiquel #TurismeDeProximitat #ViuElRiu #Experi\u00e8ncies\u00daniques\"><\/a><\/div><\/div><\/li><\/ul><\/div><div class=\"zoom-instagram-widget__footer\"><a href=\"https:\/\/www.instagram.com\/hostalsantmiquel\" target=\"_blank\" rel=\"noopener nofollow\" class=\"wpz-button wpz-button-primary wpz-insta-view-on-insta-button\"><span class=\"button-icon zoom-svg-instagram-stroke\"><\/span> Veure a Instagram<\/a><\/div><div class=\"wpz-insta-lightbox-wrapper mfp-hide\"><div class=\"swiper\"><div class=\"swiper-wrapper\"><div data-uid=\"18075503843095968\" class=\"swiper-slide wpz-insta-lightbox-item\"><div class=\"wpz-insta-lightbox\"><div class=\"image-wrapper\"><img class=\"wpzoom-swiper-image swiper-lazy\" data-src=\"https:\/\/hostalsantmiquel.com\/wp-content\/uploads\/2024\/07\/540079969_17895605091289665_7521378127998390633_n.jpg\" alt=\"\u2728 Detalls que marquen la difer\u00e8ncia \u2728\nA l\u2019Hostal Sant Miquel ens agrada cuidar cada petit aspecte perqu\u00e8 us sentiu com a casa. \ud83c\udfe1\nTovalloles netes, habitacions preparades i tot el necessari perqu\u00e8 la vostra estada sigui c\u00f2moda i tranquil\u00b7la.\n\nPerqu\u00e8 descansar b\u00e9 \u00e9s comen\u00e7ar b\u00e9. \ud83e\udd0d\n\n\ud83d\udeaa T\u2019hi esperem!\n\ud83d\udccd Hostal Sant Miquel \u00b7 hostalsantmiquel.com\n\n\ud83c\udf00reserva@hsm.cat\n\u260e\ufe0f 977 405 811\n\n#hostalsantmiquel #hostalsantmiquelvinebre #vinebre #vinebreactiu #riberadebre #cuinacasolana\n#HostalSantMiquel #Benvinguts #RiberaDEbre #TurismeRural #DescansaAmbNosaltres #EncantDePoble #Vinebre\"\/><div class=\"swiper-lazy-preloader swiper-lazy-preloader-white\"><\/div><\/div>\n\t\t\t\t\t<div class=\"details-wrapper\">\n\t\t\t\t\t<div class=\"wpz-insta-header\">\n\t\t\t\t\t\t<div class=\"wpz-insta-avatar\">\n\t\t\t\t\t\t\t<img loading=\"lazy\" decoding=\"async\" src=\"https:\/\/hostalsantmiquel.com\/wp-content\/uploads\/2024\/08\/456199561_821906129729123_8620793724771214240_n-150x150.jpg\" alt=\"@hostalsantmiquel\" width=\"42\" height=\"42\"\/>\n\t\t\t\t\t\t<\/div>\n\t\t\t\t\t\t<div class=\"wpz-insta-buttons\">\n\t\t\t\t\t\t\t<div class=\"wpz-insta-username\">\n\t\t\t\t\t\t\t\t<a rel=\"noopener\" target=\"_blank\" href=\"https:\/\/instagram.com\/hostalsantmiquel\">@hostalsantmiquel<\/a>\n\t\t\t\t\t\t\t<\/div>\n\t\t\t\t\t\t\t<div>&bull;<\/div>\n\t\t\t\t\t\t\t<div class=\"wpz-insta-follow\">\n\t\t\t\t\t\t\t\t<a target=\"_blank\" rel=\"noopener\"\n\t\t\t\t\t\t\t\thref=\"https:\/\/instagram.com\/hostalsantmiquel?ref=badge\">\n\t\t\t\t\t\t\t\t\tSeguir\n\t\t\t\t\t\t\t\t<\/a>\n\t\t\t\t\t\t\t<\/div>\n\t\t\t\t\t\t<\/div>\n\t\t\t\t\t<\/div><div class=\"wpz-insta-caption\">\u2728 Detalls que marquen la difer\u00e8ncia \u2728\nA l\u2019Hostal Sant Miquel ens agrada cuidar cada petit aspecte perqu\u00e8 us sentiu com a casa. \ud83c\udfe1\nTovalloles netes, habitacions preparades i tot el necessari perqu\u00e8 la vostra estada sigui c\u00f2moda i tranquil\u00b7la.\n\nPerqu\u00e8 descansar b\u00e9 \u00e9s comen\u00e7ar b\u00e9. \ud83e\udd0d\n\n\ud83d\udeaa T\u2019hi esperem!\n\ud83d\udccd Hostal Sant Miquel \u00b7 hostalsantmiquel.com\n\n\ud83c\udf00reserva@hsm.cat\n\u260e\ufe0f 977 405 811\n\n#hostalsantmiquel #hostalsantmiquelvinebre #vinebre #vinebreactiu #riberadebre #cuinacasolana\n#HostalSantMiquel #Benvinguts #RiberaDEbre #TurismeRural #DescansaAmbNosaltres #EncantDePoble #Vinebre<\/div><div class=\"wpz-insta-date\">hace 8 meses<\/div><div class=\"view-post\">\n\t\t\t\t\t<a href=\"https:\/\/www.instagram.com\/p\/DN2qiTe2Heb\/\" target=\"_blank\" rel=\"noopener\"><span class=\"dashicons dashicons-instagram\"><\/span>Ver en Instagram<\/a>\n\t\t\t\t\t<span class=\"delimiter\">|<\/span>\n\t\t\t\t\t<div class=\"wpz-insta-pagination\">1\/9<\/div>\n\t\t\t\t\t<\/div><\/div><\/div><\/div><div data-uid=\"18085191412667118\" class=\"swiper-slide wpz-insta-lightbox-item\"><div class=\"wpz-insta-lightbox\"><div class=\"image-wrapper\"><img class=\"wpzoom-swiper-image swiper-lazy\" data-src=\"https:\/\/hostalsantmiquel.com\/wp-content\/uploads\/2024\/07\/530821045_17893853145289665_6904915197476532938_n.jpg\" alt=\"\ud83c\udf7d\ufe0f Festa Major sense cuinar? S\u00ed, i tant! \ud83c\udf89\nDurant aquests dies plens d\u2019activitats, m\u00fasica i ball, oblida\u2019t dels fogons i deixa que nosaltres ens encarreguem del menjar.\n\nA l\u2019Hostal Sant Miquel t\u2019esperem amb cuina casolana de la bona, plats fets amb estima i un men\u00fa que et far\u00e0 llepar-te els dits.\nM\u00e9s f\u00e0cil, m\u00e9s net\u2026 i molt bo!\ud83d\ude0b\n\n\ud83d\udccd Vinebre\n\ud83c\udf00reserva@hsm.cat\n\u260e\ufe0f 977 405 811\n\n#HostalSantMiquel #Qu\u00e8Fem #FestesMajors #RiberaDEbre #DescansaAmbNosaltres #TurismeRural #ViuLaComarca\"\/><div class=\"swiper-lazy-preloader swiper-lazy-preloader-white\"><\/div><\/div>\n\t\t\t\t\t<div class=\"details-wrapper\">\n\t\t\t\t\t<div class=\"wpz-insta-header\">\n\t\t\t\t\t\t<div class=\"wpz-insta-avatar\">\n\t\t\t\t\t\t\t<img loading=\"lazy\" decoding=\"async\" src=\"https:\/\/hostalsantmiquel.com\/wp-content\/uploads\/2024\/08\/456199561_821906129729123_8620793724771214240_n-150x150.jpg\" alt=\"@hostalsantmiquel\" width=\"42\" height=\"42\"\/>\n\t\t\t\t\t\t<\/div>\n\t\t\t\t\t\t<div class=\"wpz-insta-buttons\">\n\t\t\t\t\t\t\t<div class=\"wpz-insta-username\">\n\t\t\t\t\t\t\t\t<a rel=\"noopener\" target=\"_blank\" href=\"https:\/\/instagram.com\/hostalsantmiquel\">@hostalsantmiquel<\/a>\n\t\t\t\t\t\t\t<\/div>\n\t\t\t\t\t\t\t<div>&bull;<\/div>\n\t\t\t\t\t\t\t<div class=\"wpz-insta-follow\">\n\t\t\t\t\t\t\t\t<a target=\"_blank\" rel=\"noopener\"\n\t\t\t\t\t\t\t\thref=\"https:\/\/instagram.com\/hostalsantmiquel?ref=badge\">\n\t\t\t\t\t\t\t\t\tSeguir\n\t\t\t\t\t\t\t\t<\/a>\n\t\t\t\t\t\t\t<\/div>\n\t\t\t\t\t\t<\/div>\n\t\t\t\t\t<\/div><div class=\"wpz-insta-caption\">\ud83c\udf7d\ufe0f Festa Major sense cuinar? S\u00ed, i tant! \ud83c\udf89\nDurant aquests dies plens d\u2019activitats, m\u00fasica i ball, oblida\u2019t dels fogons i deixa que nosaltres ens encarreguem del menjar.\n\nA l\u2019Hostal Sant Miquel t\u2019esperem amb cuina casolana de la bona, plats fets amb estima i un men\u00fa que et far\u00e0 llepar-te els dits.\nM\u00e9s f\u00e0cil, m\u00e9s net\u2026 i molt bo!\ud83d\ude0b\n\n\ud83d\udccd Vinebre\n\ud83c\udf00reserva@hsm.cat\n\u260e\ufe0f 977 405 811\n\n#HostalSantMiquel #Qu\u00e8Fem #FestesMajors #RiberaDEbre #DescansaAmbNosaltres #TurismeRural #ViuLaComarca<\/div><div class=\"wpz-insta-date\">hace 8 meses<\/div><div class=\"view-post\">\n\t\t\t\t\t<a href=\"https:\/\/www.instagram.com\/p\/DNksrlgt5dm\/\" target=\"_blank\" rel=\"noopener\"><span class=\"dashicons dashicons-instagram\"><\/span>Ver en Instagram<\/a>\n\t\t\t\t\t<span class=\"delimiter\">|<\/span>\n\t\t\t\t\t<div class=\"wpz-insta-pagination\">2\/9<\/div>\n\t\t\t\t\t<\/div><\/div><\/div><\/div><div data-uid=\"18066178652332997\" class=\"swiper-slide wpz-insta-lightbox-item\"><div class=\"wpz-insta-lightbox\"><div class=\"image-wrapper\"><img class=\"wpzoom-swiper-image swiper-lazy\" data-src=\"https:\/\/hostalsantmiquel.com\/wp-content\/uploads\/2024\/07\/531823614_17893852968289665_6686497964905762288_n.jpg\" alt=\"\ud83c\udf89 L\u2019estiu a la Ribera d\u2019Ebre \u00e9s sin\u00f2nim de festa! \ud83e\udd41\u2728\nCada poble viu la seva Festa Major amb m\u00fasica, tradici\u00f3, gastronomia i activitats per a totes les edats.\nVeniu a descobrir-les, ballar fins que surti el sol i omplir-vos de moments inoblidables!\n\nI quan arribi l\u2019hora de descansar... a l\u2019Hostal Sant Miquel us esperem amb habitacions c\u00f2modes i tot el que necessiteu per recuperar forces i seguir gaudint l\u2019endem\u00e0.\n\n\ud83d\udcc5 Prepareu l\u2019agenda, que l\u2019estiu nom\u00e9s passa un cop l\u2019any!\n\ud83c\udf00reserva@hsm.cat\n\u260e\ufe0f 977 405 811\n\n#HostalSantMiquel #Qu\u00e8Fem #FestesMajors #RiberaDEbre #DescansaAmbNosaltres #TurismeRural #ViuLaComarca\"\/><div class=\"swiper-lazy-preloader swiper-lazy-preloader-white\"><\/div><\/div>\n\t\t\t\t\t<div class=\"details-wrapper\">\n\t\t\t\t\t<div class=\"wpz-insta-header\">\n\t\t\t\t\t\t<div class=\"wpz-insta-avatar\">\n\t\t\t\t\t\t\t<img loading=\"lazy\" decoding=\"async\" src=\"https:\/\/hostalsantmiquel.com\/wp-content\/uploads\/2024\/08\/456199561_821906129729123_8620793724771214240_n-150x150.jpg\" alt=\"@hostalsantmiquel\" width=\"42\" height=\"42\"\/>\n\t\t\t\t\t\t<\/div>\n\t\t\t\t\t\t<div class=\"wpz-insta-buttons\">\n\t\t\t\t\t\t\t<div class=\"wpz-insta-username\">\n\t\t\t\t\t\t\t\t<a rel=\"noopener\" target=\"_blank\" href=\"https:\/\/instagram.com\/hostalsantmiquel\">@hostalsantmiquel<\/a>\n\t\t\t\t\t\t\t<\/div>\n\t\t\t\t\t\t\t<div>&bull;<\/div>\n\t\t\t\t\t\t\t<div class=\"wpz-insta-follow\">\n\t\t\t\t\t\t\t\t<a target=\"_blank\" rel=\"noopener\"\n\t\t\t\t\t\t\t\thref=\"https:\/\/instagram.com\/hostalsantmiquel?ref=badge\">\n\t\t\t\t\t\t\t\t\tSeguir\n\t\t\t\t\t\t\t\t<\/a>\n\t\t\t\t\t\t\t<\/div>\n\t\t\t\t\t\t<\/div>\n\t\t\t\t\t<\/div><div class=\"wpz-insta-caption\">\ud83c\udf89 L\u2019estiu a la Ribera d\u2019Ebre \u00e9s sin\u00f2nim de festa! \ud83e\udd41\u2728\nCada poble viu la seva Festa Major amb m\u00fasica, tradici\u00f3, gastronomia i activitats per a totes les edats.\nVeniu a descobrir-les, ballar fins que surti el sol i omplir-vos de moments inoblidables!\n\nI quan arribi l\u2019hora de descansar... a l\u2019Hostal Sant Miquel us esperem amb habitacions c\u00f2modes i tot el que necessiteu per recuperar forces i seguir gaudint l\u2019endem\u00e0.\n\n\ud83d\udcc5 Prepareu l\u2019agenda, que l\u2019estiu nom\u00e9s passa un cop l\u2019any!\n\ud83c\udf00reserva@hsm.cat\n\u260e\ufe0f 977 405 811\n\n#HostalSantMiquel #Qu\u00e8Fem #FestesMajors #RiberaDEbre #DescansaAmbNosaltres #TurismeRural #ViuLaComarca<\/div><div class=\"wpz-insta-date\">hace 9 meses<\/div><div class=\"view-post\">\n\t\t\t\t\t<a href=\"https:\/\/www.instagram.com\/p\/DNQKP-wN6IC\/\" target=\"_blank\" rel=\"noopener\"><span class=\"dashicons dashicons-instagram\"><\/span>Ver en Instagram<\/a>\n\t\t\t\t\t<span class=\"delimiter\">|<\/span>\n\t\t\t\t\t<div class=\"wpz-insta-pagination\">3\/9<\/div>\n\t\t\t\t\t<\/div><\/div><\/div><\/div><div data-uid=\"17919654096136061\" class=\"swiper-slide wpz-insta-lightbox-item\"><div class=\"wpz-insta-lightbox\"><div class=\"image-wrapper\"><img class=\"wpzoom-swiper-image swiper-lazy\" data-src=\"https:\/\/hostalsantmiquel.com\/wp-content\/uploads\/2024\/07\/528633236_17893246236289665_5584606414598576415_n.jpg\" alt=\"\u2728 Darrere aquest vidre t\u2019hi espera una estada tranquil\u00b7la, acollidora i amb \u00e0nima de poble.\nSom a Vinebre, a tocar del riu, al cor de la Ribera d\u2019Ebre. I tenim les portes obertes per a tothom que vulgui descansar, descobrir i gaudir.\n\n\ud83d\udeaa T\u2019hi esperem!\n\ud83d\udccd Hostal Sant Miquel \u00b7 hostalsantmiquel.com\n\n\ud83c\udf00reserva@hsm.cat\n\u260e\ufe0f 977 405 811\n\n#hostalsantmiquel #hostalsantmiquelvinebre #vinebre #vinebreactiu #riberadebre #cuinacasolana\n#HostalSantMiquel #Benvinguts #RiberaDEbre #TurismeRural #DescansaAmbNosaltres #EncantDePoble #Vinebre\"\/><div class=\"swiper-lazy-preloader swiper-lazy-preloader-white\"><\/div><\/div>\n\t\t\t\t\t<div class=\"details-wrapper\">\n\t\t\t\t\t<div class=\"wpz-insta-header\">\n\t\t\t\t\t\t<div class=\"wpz-insta-avatar\">\n\t\t\t\t\t\t\t<img loading=\"lazy\" decoding=\"async\" src=\"https:\/\/hostalsantmiquel.com\/wp-content\/uploads\/2024\/08\/456199561_821906129729123_8620793724771214240_n-150x150.jpg\" alt=\"@hostalsantmiquel\" width=\"42\" height=\"42\"\/>\n\t\t\t\t\t\t<\/div>\n\t\t\t\t\t\t<div class=\"wpz-insta-buttons\">\n\t\t\t\t\t\t\t<div class=\"wpz-insta-username\">\n\t\t\t\t\t\t\t\t<a rel=\"noopener\" target=\"_blank\" href=\"https:\/\/instagram.com\/hostalsantmiquel\">@hostalsantmiquel<\/a>\n\t\t\t\t\t\t\t<\/div>\n\t\t\t\t\t\t\t<div>&bull;<\/div>\n\t\t\t\t\t\t\t<div class=\"wpz-insta-follow\">\n\t\t\t\t\t\t\t\t<a target=\"_blank\" rel=\"noopener\"\n\t\t\t\t\t\t\t\thref=\"https:\/\/instagram.com\/hostalsantmiquel?ref=badge\">\n\t\t\t\t\t\t\t\t\tSeguir\n\t\t\t\t\t\t\t\t<\/a>\n\t\t\t\t\t\t\t<\/div>\n\t\t\t\t\t\t<\/div>\n\t\t\t\t\t<\/div><div class=\"wpz-insta-caption\">\u2728 Darrere aquest vidre t\u2019hi espera una estada tranquil\u00b7la, acollidora i amb \u00e0nima de poble.\nSom a Vinebre, a tocar del riu, al cor de la Ribera d\u2019Ebre. I tenim les portes obertes per a tothom que vulgui descansar, descobrir i gaudir.\n\n\ud83d\udeaa T\u2019hi esperem!\n\ud83d\udccd Hostal Sant Miquel \u00b7 hostalsantmiquel.com\n\n\ud83c\udf00reserva@hsm.cat\n\u260e\ufe0f 977 405 811\n\n#hostalsantmiquel #hostalsantmiquelvinebre #vinebre #vinebreactiu #riberadebre #cuinacasolana\n#HostalSantMiquel #Benvinguts #RiberaDEbre #TurismeRural #DescansaAmbNosaltres #EncantDePoble #Vinebre<\/div><div class=\"wpz-insta-date\">hace 9 meses<\/div><div class=\"view-post\">\n\t\t\t\t\t<a href=\"https:\/\/www.instagram.com\/p\/DNDFYVON9Rr\/\" target=\"_blank\" rel=\"noopener\"><span class=\"dashicons dashicons-instagram\"><\/span>Ver en Instagram<\/a>\n\t\t\t\t\t<span class=\"delimiter\">|<\/span>\n\t\t\t\t\t<div class=\"wpz-insta-pagination\">4\/9<\/div>\n\t\t\t\t\t<\/div><\/div><\/div><\/div><div data-uid=\"17886530334202260\" class=\"swiper-slide wpz-insta-lightbox-item\"><div class=\"wpz-insta-lightbox\"><div class=\"image-wrapper\"><img class=\"wpzoom-swiper-image swiper-lazy\" data-src=\"https:\/\/hostalsantmiquel.com\/wp-content\/uploads\/2024\/07\/524725725_17892184758289665_5564988041863495002_n.jpg\" alt=\"\ud83c\udf73 Esmorzars de forquilla? I tant que s\u00ed!\nA l\u2019Hostal Sant Miquel, comencem el dia amb ganes i amb bon menjar: pa amb tom\u00e0quet, truita de patata i energia per a tot el dia! \ud83e\udd56\ud83c\udf45\ud83e\udd5a\n\nPer als que creuen que l\u2019esmorzar \u00e9s el millor \u00e0pat del dia... aqu\u00ed us cuidem com a casa!\n\n\ud83c\udf00reserva@hsm.cat\n\u260e\ufe0f 977 405 811\n\n#hostalsantmiquel #hostalsantmiquelvinebre #vinebre #vinebreactiu #riberadebre #cuinacasolana\"\/><div class=\"swiper-lazy-preloader swiper-lazy-preloader-white\"><\/div><\/div>\n\t\t\t\t\t<div class=\"details-wrapper\">\n\t\t\t\t\t<div class=\"wpz-insta-header\">\n\t\t\t\t\t\t<div class=\"wpz-insta-avatar\">\n\t\t\t\t\t\t\t<img loading=\"lazy\" decoding=\"async\" src=\"https:\/\/hostalsantmiquel.com\/wp-content\/uploads\/2024\/08\/456199561_821906129729123_8620793724771214240_n-150x150.jpg\" alt=\"@hostalsantmiquel\" width=\"42\" height=\"42\"\/>\n\t\t\t\t\t\t<\/div>\n\t\t\t\t\t\t<div class=\"wpz-insta-buttons\">\n\t\t\t\t\t\t\t<div class=\"wpz-insta-username\">\n\t\t\t\t\t\t\t\t<a rel=\"noopener\" target=\"_blank\" href=\"https:\/\/instagram.com\/hostalsantmiquel\">@hostalsantmiquel<\/a>\n\t\t\t\t\t\t\t<\/div>\n\t\t\t\t\t\t\t<div>&bull;<\/div>\n\t\t\t\t\t\t\t<div class=\"wpz-insta-follow\">\n\t\t\t\t\t\t\t\t<a target=\"_blank\" rel=\"noopener\"\n\t\t\t\t\t\t\t\thref=\"https:\/\/instagram.com\/hostalsantmiquel?ref=badge\">\n\t\t\t\t\t\t\t\t\tSeguir\n\t\t\t\t\t\t\t\t<\/a>\n\t\t\t\t\t\t\t<\/div>\n\t\t\t\t\t\t<\/div>\n\t\t\t\t\t<\/div><div class=\"wpz-insta-caption\">\ud83c\udf73 Esmorzars de forquilla? I tant que s\u00ed!\nA l\u2019Hostal Sant Miquel, comencem el dia amb ganes i amb bon menjar: pa amb tom\u00e0quet, truita de patata i energia per a tot el dia! \ud83e\udd56\ud83c\udf45\ud83e\udd5a\n\nPer als que creuen que l\u2019esmorzar \u00e9s el millor \u00e0pat del dia... aqu\u00ed us cuidem com a casa!\n\n\ud83c\udf00reserva@hsm.cat\n\u260e\ufe0f 977 405 811\n\n#hostalsantmiquel #hostalsantmiquelvinebre #vinebre #vinebreactiu #riberadebre #cuinacasolana<\/div><div class=\"wpz-insta-date\">hace 9 meses<\/div><div class=\"view-post\">\n\t\t\t\t\t<a href=\"https:\/\/www.instagram.com\/p\/DMrwTwltuyL\/\" target=\"_blank\" rel=\"noopener\"><span class=\"dashicons dashicons-instagram\"><\/span>Ver en Instagram<\/a>\n\t\t\t\t\t<span class=\"delimiter\">|<\/span>\n\t\t\t\t\t<div class=\"wpz-insta-pagination\">5\/9<\/div>\n\t\t\t\t\t<\/div><\/div><\/div><\/div><div data-uid=\"17914332816160499\" class=\"swiper-slide wpz-insta-lightbox-item\"><div class=\"wpz-insta-lightbox\"><div class=\"image-wrapper\"><img class=\"wpzoom-swiper-image swiper-lazy\" data-src=\"https:\/\/hostalsantmiquel.com\/wp-content\/uploads\/2024\/07\/523095769_17891398272289665_2409674399581158323_n.jpg\" alt=\"\ud83c\udf89 Qu\u00e8 fem? Anem de festa!\nA la Ribera d\u2019Ebre, l\u2019estiu \u00e9s sin\u00f2nim de festes majors: activitats per a totes les edats, m\u00fasica, tradicions i molta alegria per compartir! \ud83e\udd41\ud83c\udfb6\u2728\n\nI despr\u00e9s de viure intensament cada ballada, correfoc o concert\u2026 t\u2019esperem a l\u2019Hostal Sant Miquel per descansar i recarregar energies \ud83d\udecf\ufe0f\ud83c\udf7d\ufe0f Perqu\u00e8 cada dia \u00e9s una nova aventura!\n\n\ud83d\udccd Vinebre \u00b7 hostalsantmiquel.com\n\ud83c\udf00reserva@hsm.cat\n\u260e\ufe0f 977 405 811\n\n#HostalSantMiquel #Qu\u00e8Fem #FestesMajors #RiberaDEbre #DescansaAmbNosaltres #TurismeRural #ViuLaComarca\"\/><div class=\"swiper-lazy-preloader swiper-lazy-preloader-white\"><\/div><\/div>\n\t\t\t\t\t<div class=\"details-wrapper\">\n\t\t\t\t\t<div class=\"wpz-insta-header\">\n\t\t\t\t\t\t<div class=\"wpz-insta-avatar\">\n\t\t\t\t\t\t\t<img loading=\"lazy\" decoding=\"async\" src=\"https:\/\/hostalsantmiquel.com\/wp-content\/uploads\/2024\/08\/456199561_821906129729123_8620793724771214240_n-150x150.jpg\" alt=\"@hostalsantmiquel\" width=\"42\" height=\"42\"\/>\n\t\t\t\t\t\t<\/div>\n\t\t\t\t\t\t<div class=\"wpz-insta-buttons\">\n\t\t\t\t\t\t\t<div class=\"wpz-insta-username\">\n\t\t\t\t\t\t\t\t<a rel=\"noopener\" target=\"_blank\" href=\"https:\/\/instagram.com\/hostalsantmiquel\">@hostalsantmiquel<\/a>\n\t\t\t\t\t\t\t<\/div>\n\t\t\t\t\t\t\t<div>&bull;<\/div>\n\t\t\t\t\t\t\t<div class=\"wpz-insta-follow\">\n\t\t\t\t\t\t\t\t<a target=\"_blank\" rel=\"noopener\"\n\t\t\t\t\t\t\t\thref=\"https:\/\/instagram.com\/hostalsantmiquel?ref=badge\">\n\t\t\t\t\t\t\t\t\tSeguir\n\t\t\t\t\t\t\t\t<\/a>\n\t\t\t\t\t\t\t<\/div>\n\t\t\t\t\t\t<\/div>\n\t\t\t\t\t<\/div><div class=\"wpz-insta-caption\">\ud83c\udf89 Qu\u00e8 fem? Anem de festa!\nA la Ribera d\u2019Ebre, l\u2019estiu \u00e9s sin\u00f2nim de festes majors: activitats per a totes les edats, m\u00fasica, tradicions i molta alegria per compartir! \ud83e\udd41\ud83c\udfb6\u2728\n\nI despr\u00e9s de viure intensament cada ballada, correfoc o concert\u2026 t\u2019esperem a l\u2019Hostal Sant Miquel per descansar i recarregar energies \ud83d\udecf\ufe0f\ud83c\udf7d\ufe0f Perqu\u00e8 cada dia \u00e9s una nova aventura!\n\n\ud83d\udccd Vinebre \u00b7 hostalsantmiquel.com\n\ud83c\udf00reserva@hsm.cat\n\u260e\ufe0f 977 405 811\n\n#HostalSantMiquel #Qu\u00e8Fem #FestesMajors #RiberaDEbre #DescansaAmbNosaltres #TurismeRural #ViuLaComarca<\/div><div class=\"wpz-insta-date\">hace 9 meses<\/div><div class=\"view-post\">\n\t\t\t\t\t<a href=\"https:\/\/www.instagram.com\/p\/DMcMjjVNl6Z\/\" target=\"_blank\" rel=\"noopener\"><span class=\"dashicons dashicons-instagram\"><\/span>Ver en Instagram<\/a>\n\t\t\t\t\t<span class=\"delimiter\">|<\/span>\n\t\t\t\t\t<div class=\"wpz-insta-pagination\">6\/9<\/div>\n\t\t\t\t\t<\/div><\/div><\/div><\/div><div data-uid=\"18069491936043509\" class=\"swiper-slide wpz-insta-lightbox-item\"><div class=\"wpz-insta-lightbox\"><div class=\"image-wrapper\"><img class=\"wpzoom-swiper-image swiper-lazy\" data-src=\"https:\/\/hostalsantmiquel.com\/wp-content\/uploads\/2024\/07\/520410937_17890764396289665_7760461525360475933_n.jpg\" alt=\"\u2600\ufe0f L\u2019estiu \u00e9s per viure\u2019l al m\u00e0xim\nDies llargs per descobrir nous territoris, per sumar experi\u00e8ncies i per gaudir de cada moment com si fos \u00fanic \ud83c\udf3f\u2728\n\nA l\u2019Hostal Sant Miquel t\u2019hi esperem amb moltes ganes per fer-te sentir com a casa i ajudar-te a passar uns dies simplement perfectes \ud83d\udecf\ufe0f\ud83c\udf74\n\n\ud83d\udccd Vinebre \u00b7 al cor de la Ribera d\u2019Ebre\n\n\ud83c\udf00reserva@hsm.cat\n\u260e\ufe0f 977 405 811\n\n#hostalsantmiquel #hostalsantmiquelvinebre #vinebre #vinebreactiu #riberadebre #cuinacasolana\"\/><div class=\"swiper-lazy-preloader swiper-lazy-preloader-white\"><\/div><\/div>\n\t\t\t\t\t<div class=\"details-wrapper\">\n\t\t\t\t\t<div class=\"wpz-insta-header\">\n\t\t\t\t\t\t<div class=\"wpz-insta-avatar\">\n\t\t\t\t\t\t\t<img loading=\"lazy\" decoding=\"async\" src=\"https:\/\/hostalsantmiquel.com\/wp-content\/uploads\/2024\/08\/456199561_821906129729123_8620793724771214240_n-150x150.jpg\" alt=\"@hostalsantmiquel\" width=\"42\" height=\"42\"\/>\n\t\t\t\t\t\t<\/div>\n\t\t\t\t\t\t<div class=\"wpz-insta-buttons\">\n\t\t\t\t\t\t\t<div class=\"wpz-insta-username\">\n\t\t\t\t\t\t\t\t<a rel=\"noopener\" target=\"_blank\" href=\"https:\/\/instagram.com\/hostalsantmiquel\">@hostalsantmiquel<\/a>\n\t\t\t\t\t\t\t<\/div>\n\t\t\t\t\t\t\t<div>&bull;<\/div>\n\t\t\t\t\t\t\t<div class=\"wpz-insta-follow\">\n\t\t\t\t\t\t\t\t<a target=\"_blank\" rel=\"noopener\"\n\t\t\t\t\t\t\t\thref=\"https:\/\/instagram.com\/hostalsantmiquel?ref=badge\">\n\t\t\t\t\t\t\t\t\tSeguir\n\t\t\t\t\t\t\t\t<\/a>\n\t\t\t\t\t\t\t<\/div>\n\t\t\t\t\t\t<\/div>\n\t\t\t\t\t<\/div><div class=\"wpz-insta-caption\">\u2600\ufe0f L\u2019estiu \u00e9s per viure\u2019l al m\u00e0xim\nDies llargs per descobrir nous territoris, per sumar experi\u00e8ncies i per gaudir de cada moment com si fos \u00fanic \ud83c\udf3f\u2728\n\nA l\u2019Hostal Sant Miquel t\u2019hi esperem amb moltes ganes per fer-te sentir com a casa i ajudar-te a passar uns dies simplement perfectes \ud83d\udecf\ufe0f\ud83c\udf74\n\n\ud83d\udccd Vinebre \u00b7 al cor de la Ribera d\u2019Ebre\n\n\ud83c\udf00reserva@hsm.cat\n\u260e\ufe0f 977 405 811\n\n#hostalsantmiquel #hostalsantmiquelvinebre #vinebre #vinebreactiu #riberadebre #cuinacasolana<\/div><div class=\"wpz-insta-date\">hace 10 meses<\/div><div class=\"view-post\">\n\t\t\t\t\t<a href=\"https:\/\/www.instagram.com\/p\/DMPaeE8NXAH\/\" target=\"_blank\" rel=\"noopener\"><span class=\"dashicons dashicons-instagram\"><\/span>Ver en Instagram<\/a>\n\t\t\t\t\t<span class=\"delimiter\">|<\/span>\n\t\t\t\t\t<div class=\"wpz-insta-pagination\">7\/9<\/div>\n\t\t\t\t\t<\/div><\/div><\/div><\/div><div data-uid=\"18090391030644299\" class=\"swiper-slide wpz-insta-lightbox-item\"><div class=\"wpz-insta-lightbox\"><div class=\"image-wrapper\"><img class=\"wpzoom-swiper-image swiper-lazy\" data-src=\"https:\/\/hostalsantmiquel.com\/wp-content\/uploads\/2024\/07\/516855449_17889819075289665_5035721619154836898_n.jpg\" alt=\"\ud83d\ude0b Ets m\u00e9s d\u2019arr\u00f2s negre o d\u2019ensaladilla russa?\n\ud83d\udce3 Al nostre restaurant no cal triar\u2026 pots comen\u00e7ar amb un i acabar amb l\u2019altre! \ud83e\udd73\ud83c\udf7d\ufe0f\n\nFes una parada a l\u2019Hostal Sant Miquel i gaudeix del men\u00fa del dia amb plats casolans per llepar-se\u2019n els dits! \ud83e\udd0c \n\n\ud83c\udf00reserva@hsm.cat\n\u260e\ufe0f 977 405 811\n\n#hostalsantmiquel #hostalsantmiquelvinebre #vinebre #vinebreactiu #riberadebre #cuinacasolana\"\/><div class=\"swiper-lazy-preloader swiper-lazy-preloader-white\"><\/div><\/div>\n\t\t\t\t\t<div class=\"details-wrapper\">\n\t\t\t\t\t<div class=\"wpz-insta-header\">\n\t\t\t\t\t\t<div class=\"wpz-insta-avatar\">\n\t\t\t\t\t\t\t<img loading=\"lazy\" decoding=\"async\" src=\"https:\/\/hostalsantmiquel.com\/wp-content\/uploads\/2024\/08\/456199561_821906129729123_8620793724771214240_n-150x150.jpg\" alt=\"@hostalsantmiquel\" width=\"42\" height=\"42\"\/>\n\t\t\t\t\t\t<\/div>\n\t\t\t\t\t\t<div class=\"wpz-insta-buttons\">\n\t\t\t\t\t\t\t<div class=\"wpz-insta-username\">\n\t\t\t\t\t\t\t\t<a rel=\"noopener\" target=\"_blank\" href=\"https:\/\/instagram.com\/hostalsantmiquel\">@hostalsantmiquel<\/a>\n\t\t\t\t\t\t\t<\/div>\n\t\t\t\t\t\t\t<div>&bull;<\/div>\n\t\t\t\t\t\t\t<div class=\"wpz-insta-follow\">\n\t\t\t\t\t\t\t\t<a target=\"_blank\" rel=\"noopener\"\n\t\t\t\t\t\t\t\thref=\"https:\/\/instagram.com\/hostalsantmiquel?ref=badge\">\n\t\t\t\t\t\t\t\t\tSeguir\n\t\t\t\t\t\t\t\t<\/a>\n\t\t\t\t\t\t\t<\/div>\n\t\t\t\t\t\t<\/div>\n\t\t\t\t\t<\/div><div class=\"wpz-insta-caption\">\ud83d\ude0b Ets m\u00e9s d\u2019arr\u00f2s negre o d\u2019ensaladilla russa?\n\ud83d\udce3 Al nostre restaurant no cal triar\u2026 pots comen\u00e7ar amb un i acabar amb l\u2019altre! \ud83e\udd73\ud83c\udf7d\ufe0f\n\nFes una parada a l\u2019Hostal Sant Miquel i gaudeix del men\u00fa del dia amb plats casolans per llepar-se\u2019n els dits! \ud83e\udd0c \n\n\ud83c\udf00reserva@hsm.cat\n\u260e\ufe0f 977 405 811\n\n#hostalsantmiquel #hostalsantmiquelvinebre #vinebre #vinebreactiu #riberadebre #cuinacasolana<\/div><div class=\"wpz-insta-date\">hace 10 meses<\/div><div class=\"view-post\">\n\t\t\t\t\t<a href=\"https:\/\/www.instagram.com\/p\/DL69GGLN1H5\/\" target=\"_blank\" rel=\"noopener\"><span class=\"dashicons dashicons-instagram\"><\/span>Ver en Instagram<\/a>\n\t\t\t\t\t<span class=\"delimiter\">|<\/span>\n\t\t\t\t\t<div class=\"wpz-insta-pagination\">8\/9<\/div>\n\t\t\t\t\t<\/div><\/div><\/div><\/div><div data-uid=\"18068724923039765\" class=\"swiper-slide wpz-insta-lightbox-item\"><div class=\"wpz-insta-lightbox\"><div class=\"image-wrapper\"><img class=\"wpzoom-swiper-image swiper-lazy\" data-src=\"https:\/\/hostalsantmiquel.com\/wp-content\/uploads\/2024\/07\/514528412_17888910345289665_3337085924568034424_n.jpg\" alt=\"\ud83d\udea4 Aquest estiu\u2026 viu l\u2019Ebre des de dins!\nDes de l\u2019Hostal Sant Miquel et recomanem embarcar-te a bord de Lo Roget, la barcassa fluvial de l\u2019Ecomuseu de Deltebre que et permet descobrir el riu des d\u2019una altra perspectiva.\n\nUn passeig tranquil, ple d\u2019hist\u00f2ria, paisatge i natura. Ideal per a fam\u00edlies, parelles o amants de la Ribera! \ud83c\udf3f\ud83c\udf0a\n\nI despr\u00e9s de la ruta\u2026 t\u2019esperem a casa nostra per descansar com cal \ud83d\udecf\ufe0f\n\ud83d\udccdhostalsantmiquel.com\n\n@ascoturisme \n\n#LoRoget #TurismeFluvial #DescobreixElRiuEbre #RiberaDEbre #HostalSantMiquel #TurismeDeProximitat #ViuElRiu #Experi\u00e8ncies\u00daniques\"\/><div class=\"swiper-lazy-preloader swiper-lazy-preloader-white\"><\/div><\/div>\n\t\t\t\t\t<div class=\"details-wrapper\">\n\t\t\t\t\t<div class=\"wpz-insta-header\">\n\t\t\t\t\t\t<div class=\"wpz-insta-avatar\">\n\t\t\t\t\t\t\t<img loading=\"lazy\" decoding=\"async\" src=\"https:\/\/hostalsantmiquel.com\/wp-content\/uploads\/2024\/08\/456199561_821906129729123_8620793724771214240_n-150x150.jpg\" alt=\"@hostalsantmiquel\" width=\"42\" height=\"42\"\/>\n\t\t\t\t\t\t<\/div>\n\t\t\t\t\t\t<div class=\"wpz-insta-buttons\">\n\t\t\t\t\t\t\t<div class=\"wpz-insta-username\">\n\t\t\t\t\t\t\t\t<a rel=\"noopener\" target=\"_blank\" href=\"https:\/\/instagram.com\/hostalsantmiquel\">@hostalsantmiquel<\/a>\n\t\t\t\t\t\t\t<\/div>\n\t\t\t\t\t\t\t<div>&bull;<\/div>\n\t\t\t\t\t\t\t<div class=\"wpz-insta-follow\">\n\t\t\t\t\t\t\t\t<a target=\"_blank\" rel=\"noopener\"\n\t\t\t\t\t\t\t\thref=\"https:\/\/instagram.com\/hostalsantmiquel?ref=badge\">\n\t\t\t\t\t\t\t\t\tSeguir\n\t\t\t\t\t\t\t\t<\/a>\n\t\t\t\t\t\t\t<\/div>\n\t\t\t\t\t\t<\/div>\n\t\t\t\t\t<\/div><div class=\"wpz-insta-caption\">\ud83d\udea4 Aquest estiu\u2026 viu l\u2019Ebre des de dins!\nDes de l\u2019Hostal Sant Miquel et recomanem embarcar-te a bord de Lo Roget, la barcassa fluvial de l\u2019Ecomuseu de Deltebre que et permet descobrir el riu des d\u2019una altra perspectiva.\n\nUn passeig tranquil, ple d\u2019hist\u00f2ria, paisatge i natura. Ideal per a fam\u00edlies, parelles o amants de la Ribera! \ud83c\udf3f\ud83c\udf0a\n\nI despr\u00e9s de la ruta\u2026 t\u2019esperem a casa nostra per descansar com cal \ud83d\udecf\ufe0f\n\ud83d\udccdhostalsantmiquel.com\n\n@ascoturisme \n\n#LoRoget #TurismeFluvial #DescobreixElRiuEbre #RiberaDEbre #HostalSantMiquel #TurismeDeProximitat #ViuElRiu #Experi\u00e8ncies\u00daniques<\/div><div class=\"wpz-insta-date\">hace 10 meses<\/div><div class=\"view-post\">\n\t\t\t\t\t<a href=\"https:\/\/www.instagram.com\/p\/DLmuh5ktxbb\/\" target=\"_blank\" rel=\"noopener\"><span class=\"dashicons dashicons-instagram\"><\/span>Ver en Instagram<\/a>\n\t\t\t\t\t<span class=\"delimiter\">|<\/span>\n\t\t\t\t\t<div class=\"wpz-insta-pagination\">9\/9<\/div>\n\t\t\t\t\t<\/div><\/div><\/div><\/div><\/div><div class=\"swiper-button-prev\"><\/div><div class=\"swiper-button-next\"><\/div><\/div><\/div><\/div>[\/et_pb_code][\/et_pb_column][\/et_pb_row][\/et_pb_section][et_pb_section fb_built=&#8221;1&#8243; next_background_color=&#8221;#FFFFFF&#8221; disabled_on=&#8221;off|off|on&#8221; admin_label=&#8221;Serveis (movil+tablet)&#8221; module_id=&#8221;hostal-serveis&#8221; _builder_version=&#8221;4.26.0&#8243; _module_preset=&#8221;default&#8221; background_color=&#8221;#4E8DB2&#8243; background_enable_pattern_style=&#8221;on&#8221; background_pattern_style=&#8221;tufted&#8221; background_pattern_color=&#8221;#F4F2F2&#8243; background_pattern_size=&#8221;custom&#8221; background_pattern_width=&#8221;20px&#8221; background_pattern_height=&#8221;0px&#8221; custom_padding=&#8221;93px||131px||false|&#8221; top_divider_style=&#8221;mountains&#8221; top_divider_color=&#8221;#FFFBF9&#8243; bottom_divider_style=&#8221;mountains&#8221; global_colors_info=&#8221;{}&#8221;][et_pb_row _builder_version=&#8221;4.16&#8243; _module_preset=&#8221;default&#8221; custom_padding=&#8221;|0px|3px|||&#8221; global_colors_info=&#8221;{}&#8221;][et_pb_column type=&#8221;4_4&#8243; _builder_version=&#8221;4.16&#8243; _module_preset=&#8221;default&#8221; global_colors_info=&#8221;{}&#8221;][et_pb_text _builder_version=&#8221;4.26.0&#8243; _module_preset=&#8221;4deaa1a6-d0cd-49d0-ada3-8dc22addd086&#8243; text_font=&#8221;Noto Sans|700||on|||||&#8221; text_text_color=&#8221;#FFFFFF&#8221; text_font_size=&#8221;17px&#8221; text_letter_spacing=&#8221;2px&#8221; header_font=&#8221;Noto Sans||||||||&#8221; header_text_color=&#8221;#6f9cbc&#8221; header_4_font=&#8221;Urbanist|800||on|||||&#8221; header_4_text_color=&#8221;#7C8B56&#8243; header_4_font_size=&#8221;16px&#8221; header_4_letter_spacing=&#8221;0.4em&#8221; header_4_line_height=&#8221;1.4em&#8221; text_orientation=&#8221;center&#8221; custom_margin=&#8221;||6px||false|false&#8221; header_4_font_size_tablet=&#8221;14px&#8221; header_4_font_size_phone=&#8221;12px&#8221; header_4_font_size_last_edited=&#8221;on|desktop&#8221; locked=&#8221;off&#8221; global_colors_info=&#8221;{}&#8221;]<\/p>\n<p style=\"text-align: center;\">L&#8217;Hostal<\/p>\n<p>[\/et_pb_text][et_pb_text disabled_on=&#8221;on|on|off&#8221; admin_label=&#8221;Disposem de 34 habitacions (ordinador)&#8221; _builder_version=&#8221;4.26.0&#8243; _module_preset=&#8221;32021f09-dd67-47fb-8f9a-832b72a38baf&#8221; text_font=&#8221;Rozha One|700|||||||&#8221; text_text_color=&#8221;#6D0001&#8243; text_font_size=&#8221;45px&#8221; text_line_height=&#8221;1.2em&#8221; header_text_color=&#8221;#6f9cbc&#8221; header_2_font=&#8221;Urbanist|700|||||||&#8221; header_2_text_color=&#8221;#000000&#8243; header_2_font_size=&#8221;56px&#8221; header_2_letter_spacing=&#8221;-0.02em&#8221; header_2_line_height=&#8221;1.2em&#8221; text_orientation=&#8221;center&#8221; custom_margin=&#8221;||10px||false|false&#8221; custom_padding=&#8221;9px|126px||126px|false|true&#8221; text_font_size_last_edited=&#8221;off|phone&#8221; header_font_size_tablet=&#8221;&#8221; header_font_size_phone=&#8221;&#8221; header_font_size_last_edited=&#8221;on|phone&#8221; header_2_font_size_tablet=&#8221;32px&#8221; header_2_font_size_phone=&#8221;20px&#8221; header_2_font_size_last_edited=&#8221;on|phone&#8221; locked=&#8221;off&#8221; global_colors_info=&#8221;{}&#8221;]<\/p>\n<p style=\"text-align: center;\">Disposem de 34 habitacions i una capacitat per a 50 persones en total<\/p>\n<p>[\/et_pb_text][et_pb_text _builder_version=&#8221;4.26.0&#8243; _module_preset=&#8221;32021f09-dd67-47fb-8f9a-832b72a38baf&#8221; text_font=&#8221;Rozha One||||||||&#8221; text_text_color=&#8221;#FFFFFF&#8221; text_font_size=&#8221;37px&#8221; text_line_height=&#8221;1.3em&#8221; header_font=&#8221;Anton||||||||&#8221; header_text_align=&#8221;center&#8221; header_text_color=&#8221;#6f9cbc&#8221; header_2_font=&#8221;Urbanist|700|||||||&#8221; header_2_text_color=&#8221;#000000&#8243; header_2_font_size=&#8221;56px&#8221; header_2_letter_spacing=&#8221;-0.02em&#8221; header_2_line_height=&#8221;1.2em&#8221; text_orientation=&#8221;center&#8221; custom_margin=&#8221;||10px||false|false&#8221; custom_padding=&#8221;3px|4px||4px|false|true&#8221; header_2_font_size_tablet=&#8221;32px&#8221; header_2_font_size_phone=&#8221;20px&#8221; header_2_font_size_last_edited=&#8221;on|phone&#8221; locked=&#8221;off&#8221; global_colors_info=&#8221;{}&#8221;]<\/p>\n<p style=\"text-align: center;\">Disposem de 34 habitacions i una capacitat per a 50 persones en total<br \/><o:p><\/o:p><\/p>\n<p>[\/et_pb_text][et_pb_divider color=&#8221;#FFFFFF&#8221; divider_style=&#8221;dotted&#8221; divider_position=&#8221;center&#8221; divider_weight=&#8221;4px&#8221; _builder_version=&#8221;4.26.0&#8243; _module_preset=&#8221;default&#8221; custom_margin=&#8221;||14px|||&#8221; global_colors_info=&#8221;{}&#8221;][\/et_pb_divider][dnxte_thumbs_gallery_parent dnext_thumbs_gallery_arrows=&#8221;on&#8221; dnext_thumbs_gallery_arrow_color=&#8221;#FFFFFF&#8221; dnext_thumbs_gallery_arrow_background_color=&#8221;RGBA(255,255,255,0)&#8221; dnext_thumbs_gallery_dots_color=&#8221;#FFFFFF&#8221; dnext_thumbs_gallery_dots_active_color=&#8221;#6D0001&#8243; dnext_thumbs_gallery_arrow_margin=&#8221;60px||||false|false&#8221; dnext_thumbs_gallery_arrow_padding=&#8221;||||false|false&#8221; _builder_version=&#8221;4.27.4&#8243; _module_preset=&#8221;default&#8221; custom_margin=&#8221;6px||||false|false&#8221; animation_style=&#8221;slide&#8221; animation_duration=&#8221;1250ms&#8221; animation_intensity_slide=&#8221;24%&#8221; global_colors_info=&#8221;{}&#8221;][dnxte_thumbs_gallery_child thumbs_gallery_top_image=&#8221;https:\/\/hostalsantmiquel.com\/wp-content\/uploads\/2024\/07\/Habitacions-5-1&#215;1-1.jpg&#8221; _builder_version=&#8221;4.27.4&#8243; _module_preset=&#8221;default&#8221; header_level=&#8221;h2&#8243; global_colors_info=&#8221;{}&#8221;][\/dnxte_thumbs_gallery_child][dnxte_thumbs_gallery_child thumbs_gallery_top_image=&#8221;https:\/\/hostalsantmiquel.com\/wp-content\/uploads\/2024\/07\/Habitacions-4-1&#215;1-1.jpg&#8221; _builder_version=&#8221;4.27.4&#8243; _module_preset=&#8221;default&#8221; header_level=&#8221;h2&#8243; global_colors_info=&#8221;{}&#8221;][\/dnxte_thumbs_gallery_child][dnxte_thumbs_gallery_child thumbs_gallery_top_image=&#8221;https:\/\/hostalsantmiquel.com\/wp-content\/uploads\/2024\/07\/Habitacions-2-1&#215;1-1.jpg&#8221; _builder_version=&#8221;4.27.4&#8243; _module_preset=&#8221;default&#8221; header_level=&#8221;h2&#8243; global_colors_info=&#8221;{}&#8221;][\/dnxte_thumbs_gallery_child][dnxte_thumbs_gallery_child thumbs_gallery_top_image=&#8221;https:\/\/hostalsantmiquel.com\/wp-content\/uploads\/2024\/07\/Habitacions-1-1&#215;1-1.jpg&#8221; _builder_version=&#8221;4.27.4&#8243; _module_preset=&#8221;default&#8221; header_level=&#8221;h2&#8243; global_colors_info=&#8221;{}&#8221;][\/dnxte_thumbs_gallery_child][dnxte_thumbs_gallery_child thumbs_gallery_top_image=&#8221;https:\/\/hostalsantmiquel.com\/wp-content\/uploads\/2024\/07\/Hall-1.jpg&#8221; _builder_version=&#8221;4.27.4&#8243; _module_preset=&#8221;default&#8221; header_level=&#8221;h2&#8243; global_colors_info=&#8221;{}&#8221;][\/dnxte_thumbs_gallery_child][\/dnxte_thumbs_gallery_parent][\/et_pb_column][\/et_pb_row][et_pb_row _builder_version=&#8221;4.25.2&#8243; _module_preset=&#8221;default&#8221; custom_padding=&#8221;||4px|||&#8221; global_colors_info=&#8221;{}&#8221;][et_pb_column type=&#8221;4_4&#8243; _builder_version=&#8221;4.25.2&#8243; _module_preset=&#8221;default&#8221; global_colors_info=&#8221;{}&#8221;][et_pb_text _builder_version=&#8221;4.25.2&#8243; _module_preset=&#8221;4deaa1a6-d0cd-49d0-ada3-8dc22addd086&#8243; text_font=&#8221;Noto Sans|700||on|||||&#8221; text_text_color=&#8221;#FFFFFF&#8221; text_font_size=&#8221;17px&#8221; text_letter_spacing=&#8221;2px&#8221; header_font=&#8221;Noto Sans||||||||&#8221; header_text_color=&#8221;#6f9cbc&#8221; header_4_font=&#8221;Urbanist|800||on|||||&#8221; header_4_text_color=&#8221;#7C8B56&#8243; header_4_font_size=&#8221;16px&#8221; header_4_letter_spacing=&#8221;0.4em&#8221; header_4_line_height=&#8221;1.4em&#8221; text_orientation=&#8221;center&#8221; custom_margin=&#8221;||6px||false|false&#8221; header_4_font_size_tablet=&#8221;14px&#8221; header_4_font_size_phone=&#8221;12px&#8221; header_4_font_size_last_edited=&#8221;on|desktop&#8221; locked=&#8221;off&#8221; global_colors_info=&#8221;{}&#8221;]<\/p>\n<p style=\"text-align: center;\">Serveis<\/p>\n<p>[\/et_pb_text][et_pb_text _builder_version=&#8221;4.26.0&#8243; _module_preset=&#8221;32021f09-dd67-47fb-8f9a-832b72a38baf&#8221; text_font=&#8221;Rozha One||||||||&#8221; text_text_color=&#8221;#FFFFFF&#8221; text_font_size=&#8221;37px&#8221; text_line_height=&#8221;1.3em&#8221; header_font=&#8221;Anton||||||||&#8221; header_text_align=&#8221;center&#8221; header_text_color=&#8221;#6f9cbc&#8221; header_2_font=&#8221;Urbanist|700|||||||&#8221; header_2_text_color=&#8221;#000000&#8243; header_2_font_size=&#8221;56px&#8221; header_2_letter_spacing=&#8221;-0.02em&#8221; header_2_line_height=&#8221;1.2em&#8221; text_orientation=&#8221;center&#8221; custom_margin=&#8221;||10px||false|false&#8221; custom_padding=&#8221;3px|4px||4px|false|true&#8221; header_2_font_size_tablet=&#8221;32px&#8221; header_2_font_size_phone=&#8221;20px&#8221; header_2_font_size_last_edited=&#8221;on|phone&#8221; locked=&#8221;off&#8221; global_colors_info=&#8221;{}&#8221;]<\/p>\n<p style=\"text-align: center;\">Els clients disposen dels seg\u00fcents serveis<br \/><o:p><\/o:p><\/p>\n<p>[\/et_pb_text][\/et_pb_column][\/et_pb_row][et_pb_row column_structure=&#8221;1_2,1_2&#8243; _builder_version=&#8221;4.26.0&#8243; _module_preset=&#8221;default&#8221; custom_margin=&#8221;-4px|auto||auto||&#8221; custom_padding=&#8221;19px|||||&#8221; global_colors_info=&#8221;{}&#8221;][et_pb_column type=&#8221;1_2&#8243; _builder_version=&#8221;4.25.2&#8243; _module_preset=&#8221;default&#8221; background_color=&#8221;#F4F2F2&#8243; custom_padding=&#8221;10px|10px|10px|10px|false|false&#8221; border_radii=&#8221;on|22px|22px|22px|22px&#8221; border_width_all=&#8221;2px&#8221; border_color_all=&#8221;#F4F2F2&#8243; box_shadow_style=&#8221;preset1&#8243; global_colors_info=&#8221;{}&#8221; transform_styles__hover_enabled=&#8221;on|hover&#8221; transform_scale__hover_enabled=&#8221;on|hover&#8221; transform_translate__hover_enabled=&#8221;on|hover&#8221; transform_rotate__hover_enabled=&#8221;on|desktop&#8221; transform_skew__hover_enabled=&#8221;on|desktop&#8221; transform_origin__hover_enabled=&#8221;on|desktop&#8221; transform_translate__hover=&#8221;-21px|-21px&#8221;][et_pb_icon font_icon=&#8221;&#xf26c;||fa||900&#8243; icon_color=&#8221;#FFFFFF&#8221; icon_width=&#8221;24px&#8221; _builder_version=&#8221;4.25.2&#8243; _module_preset=&#8221;default&#8221; background_color=&#8221;#6D0001&#8243; custom_margin=&#8221;3px||13px||false|false&#8221; custom_padding=&#8221;18px|15px|18px|15px|false|false&#8221; border_radii=&#8221;on|142px|142px|142px|142px&#8221; border_color_all=&#8221;#6D0001&#8243; global_colors_info=&#8221;{}&#8221; transform_styles__hover_enabled=&#8221;on|hover&#8221; transform_scale__hover_enabled=&#8221;on|hover&#8221; transform_translate__hover_enabled=&#8221;on|desktop&#8221; transform_rotate__hover_enabled=&#8221;on|desktop&#8221; transform_skew__hover_enabled=&#8221;on|desktop&#8221; transform_origin__hover_enabled=&#8221;on|desktop&#8221; transform_scale__hover=&#8221;106%|106%&#8221; background__hover_enabled=&#8221;off|desktop&#8221;][\/et_pb_icon][et_pb_text _builder_version=&#8221;4.27.4&#8243; _module_preset=&#8221;default&#8221; text_font=&#8221;Noto Sans|500|||||||&#8221; text_text_color=&#8221;#6d0001&#8243; text_font_size=&#8221;15px&#8221; text_orientation=&#8221;center&#8221; custom_margin=&#8221;1px||9px||false|false&#8221; global_colors_info=&#8221;{}&#8221;]<\/p>\n<p style=\"text-align: center;\">TV per cable.<\/p>\n<p>[\/et_pb_text][\/et_pb_column][et_pb_column type=&#8221;1_2&#8243; _builder_version=&#8221;4.25.2&#8243; _module_preset=&#8221;default&#8221; background_color=&#8221;#F4F2F2&#8243; custom_padding=&#8221;10px|10px|10px|10px|false|false&#8221; border_radii=&#8221;on|22px|22px|22px|22px&#8221; border_width_all=&#8221;2px&#8221; border_color_all=&#8221;#F4F2F2&#8243; box_shadow_style=&#8221;preset1&#8243; global_colors_info=&#8221;{}&#8221; transform_styles__hover_enabled=&#8221;on|hover&#8221; transform_scale__hover_enabled=&#8221;on|hover&#8221; transform_translate__hover_enabled=&#8221;on|hover&#8221; transform_rotate__hover_enabled=&#8221;on|desktop&#8221; transform_skew__hover_enabled=&#8221;on|desktop&#8221; transform_origin__hover_enabled=&#8221;on|desktop&#8221; transform_translate__hover=&#8221;-21px|-21px&#8221;][et_pb_icon font_icon=&#8221;&#xf2c8;||fa||900&#8243; icon_color=&#8221;#FFFFFF&#8221; icon_width=&#8221;24px&#8221; _builder_version=&#8221;4.25.2&#8243; _module_preset=&#8221;default&#8221; background_color=&#8221;#6D0001&#8243; custom_margin=&#8221;3px||13px||false|false&#8221; custom_padding=&#8221;13px|20px|16px|20px|false|false&#8221; border_radii=&#8221;on|142px|142px|142px|142px&#8221; border_color_all=&#8221;#6D0001&#8243; global_colors_info=&#8221;{}&#8221; transform_styles__hover_enabled=&#8221;on|hover&#8221; transform_scale__hover_enabled=&#8221;on|hover&#8221; transform_translate__hover_enabled=&#8221;on|desktop&#8221; transform_rotate__hover_enabled=&#8221;on|desktop&#8221; transform_skew__hover_enabled=&#8221;on|desktop&#8221; transform_origin__hover_enabled=&#8221;on|desktop&#8221; transform_scale__hover=&#8221;106%|106%&#8221;][\/et_pb_icon][et_pb_text _builder_version=&#8221;4.27.4&#8243; _module_preset=&#8221;default&#8221; text_font=&#8221;Noto Sans|500|||||||&#8221; text_text_color=&#8221;#6d0001&#8243; text_font_size=&#8221;15px&#8221; text_orientation=&#8221;center&#8221; custom_margin=&#8221;1px||9px||false|false&#8221; global_colors_info=&#8221;{}&#8221;]<\/p>\n<p style=\"text-align: center;\">Calefacci\u00f3.<\/p>\n<p>[\/et_pb_text][\/et_pb_column][\/et_pb_row][et_pb_row column_structure=&#8221;1_2,1_2&#8243; _builder_version=&#8221;4.26.0&#8243; _module_preset=&#8221;default&#8221; custom_margin=&#8221;-19px|auto||auto||&#8221; custom_padding=&#8221;19px|||||&#8221; global_colors_info=&#8221;{}&#8221;][et_pb_column type=&#8221;1_2&#8243; _builder_version=&#8221;4.25.2&#8243; _module_preset=&#8221;default&#8221; background_color=&#8221;#F4F2F2&#8243; custom_padding=&#8221;10px|10px|10px|10px|false|false&#8221; border_radii=&#8221;on|22px|22px|22px|22px&#8221; border_width_all=&#8221;2px&#8221; border_color_all=&#8221;#F4F2F2&#8243; box_shadow_style=&#8221;preset1&#8243; global_colors_info=&#8221;{}&#8221; transform_styles__hover_enabled=&#8221;on|hover&#8221; transform_scale__hover_enabled=&#8221;on|hover&#8221; transform_translate__hover_enabled=&#8221;on|hover&#8221; transform_rotate__hover_enabled=&#8221;on|desktop&#8221; transform_skew__hover_enabled=&#8221;on|desktop&#8221; transform_origin__hover_enabled=&#8221;on|desktop&#8221; transform_translate__hover=&#8221;-21px|-21px&#8221;][et_pb_icon font_icon=&#8221;&#xf2dc;||fa||900&#8243; icon_color=&#8221;#FFFFFF&#8221; icon_width=&#8221;24px&#8221; _builder_version=&#8221;4.25.2&#8243; _module_preset=&#8221;default&#8221; background_color=&#8221;#6D0001&#8243; custom_margin=&#8221;3px||13px||false|false&#8221; custom_padding=&#8221;15px|16px|15px|16px|false|false&#8221; border_radii=&#8221;on|142px|142px|142px|142px&#8221; border_color_all=&#8221;#6D0001&#8243; global_colors_info=&#8221;{}&#8221; transform_styles__hover_enabled=&#8221;on|hover&#8221; transform_scale__hover_enabled=&#8221;on|hover&#8221; transform_translate__hover_enabled=&#8221;on|desktop&#8221; transform_rotate__hover_enabled=&#8221;on|desktop&#8221; transform_skew__hover_enabled=&#8221;on|desktop&#8221; transform_origin__hover_enabled=&#8221;on|desktop&#8221; transform_scale__hover=&#8221;106%|106%&#8221;][\/et_pb_icon][et_pb_text _builder_version=&#8221;4.27.4&#8243; _module_preset=&#8221;default&#8221; text_font=&#8221;Noto Sans|500|||||||&#8221; text_text_color=&#8221;#6d0001&#8243; text_font_size=&#8221;15px&#8221; custom_margin=&#8221;1px||9px||false|false&#8221; global_colors_info=&#8221;{}&#8221;]<\/p>\n<p style=\"text-align: center;\">Aire Acondicionat.<\/p>\n<p>[\/et_pb_text][\/et_pb_column][et_pb_column type=&#8221;1_2&#8243; _builder_version=&#8221;4.25.2&#8243; _module_preset=&#8221;default&#8221; background_color=&#8221;#F4F2F2&#8243; custom_padding=&#8221;10px|10px|10px|10px|false|false&#8221; border_radii=&#8221;on|22px|22px|22px|22px&#8221; border_width_all=&#8221;2px&#8221; border_color_all=&#8221;#F4F2F2&#8243; box_shadow_style=&#8221;preset1&#8243; global_colors_info=&#8221;{}&#8221; transform_styles__hover_enabled=&#8221;on|hover&#8221; transform_scale__hover_enabled=&#8221;on|hover&#8221; transform_translate__hover_enabled=&#8221;on|hover&#8221; transform_rotate__hover_enabled=&#8221;on|desktop&#8221; transform_skew__hover_enabled=&#8221;on|desktop&#8221; transform_origin__hover_enabled=&#8221;on|desktop&#8221; transform_translate__hover=&#8221;-21px|-21px&#8221;][et_pb_icon font_icon=&#8221;&#xf1eb;||fa||900&#8243; icon_color=&#8221;#FFFFFF&#8221; icon_width=&#8221;24px&#8221; _builder_version=&#8221;4.25.2&#8243; _module_preset=&#8221;default&#8221; background_color=&#8221;#6D0001&#8243; custom_margin=&#8221;3px||13px||false|false&#8221; custom_padding=&#8221;15px|12px|15px|12px|false|false&#8221; border_radii=&#8221;on|142px|142px|142px|142px&#8221; border_color_all=&#8221;#AA1618&#8243; global_colors_info=&#8221;{}&#8221; transform_styles__hover_enabled=&#8221;on|hover&#8221; transform_scale__hover_enabled=&#8221;on|hover&#8221; transform_translate__hover_enabled=&#8221;on|desktop&#8221; transform_rotate__hover_enabled=&#8221;on|desktop&#8221; transform_skew__hover_enabled=&#8221;on|desktop&#8221; transform_origin__hover_enabled=&#8221;on|desktop&#8221; transform_scale__hover=&#8221;106%|106%&#8221;][\/et_pb_icon][et_pb_text _builder_version=&#8221;4.27.4&#8243; _module_preset=&#8221;default&#8221; text_font=&#8221;Noto Sans|500|||||||&#8221; text_text_color=&#8221;#6d0001&#8243; text_font_size=&#8221;15px&#8221; text_orientation=&#8221;center&#8221; custom_margin=&#8221;1px||9px||false|false&#8221; global_colors_info=&#8221;{}&#8221;]<\/p>\n<p style=\"text-align: center;\">Wi-fi gratu\u00eft.<\/p>\n<p>[\/et_pb_text][\/et_pb_column][\/et_pb_row][et_pb_row column_structure=&#8221;1_2,1_2&#8243; _builder_version=&#8221;4.25.2&#8243; _module_preset=&#8221;default&#8221; custom_padding=&#8221;0px|||||&#8221; global_colors_info=&#8221;{}&#8221;][et_pb_column type=&#8221;1_2&#8243; _builder_version=&#8221;4.25.2&#8243; _module_preset=&#8221;default&#8221; background_color=&#8221;#F4F2F2&#8243; custom_padding=&#8221;10px|10px|10px|10px|false|false&#8221; border_radii=&#8221;on|22px|22px|22px|22px&#8221; border_width_all=&#8221;2px&#8221; border_color_all=&#8221;#F4F2F2&#8243; box_shadow_style=&#8221;preset1&#8243; global_colors_info=&#8221;{}&#8221; transform_styles__hover_enabled=&#8221;on|hover&#8221; transform_scale__hover_enabled=&#8221;on|hover&#8221; transform_translate__hover_enabled=&#8221;on|hover&#8221; transform_rotate__hover_enabled=&#8221;on|desktop&#8221; transform_skew__hover_enabled=&#8221;on|desktop&#8221; transform_origin__hover_enabled=&#8221;on|desktop&#8221; transform_translate__hover=&#8221;-21px|-21px&#8221;][et_pb_icon font_icon=&#8221;&#xf540;||fa||900&#8243; icon_color=&#8221;#FFFFFF&#8221; icon_width=&#8221;24px&#8221; _builder_version=&#8221;4.25.2&#8243; _module_preset=&#8221;default&#8221; background_color=&#8221;#6D0001&#8243; custom_margin=&#8221;3px||13px||false|false&#8221; custom_padding=&#8221;15px|16px|15px|16px|false|false&#8221; border_radii=&#8221;on|142px|142px|142px|142px&#8221; border_color_all=&#8221;#6D0001&#8243; global_colors_info=&#8221;{}&#8221; transform_styles__hover_enabled=&#8221;on|hover&#8221; transform_scale__hover_enabled=&#8221;on|hover&#8221; transform_translate__hover_enabled=&#8221;on|desktop&#8221; transform_rotate__hover_enabled=&#8221;on|desktop&#8221; transform_skew__hover_enabled=&#8221;on|desktop&#8221; transform_origin__hover_enabled=&#8221;on|desktop&#8221; transform_scale__hover=&#8221;106%|106%&#8221;][\/et_pb_icon][et_pb_text _builder_version=&#8221;4.27.4&#8243; _module_preset=&#8221;default&#8221; text_font=&#8221;Noto Sans|500|||||||&#8221; text_text_color=&#8221;#6d0001&#8243; text_font_size=&#8221;15px&#8221; custom_margin=&#8221;1px||9px||false|false&#8221; global_colors_info=&#8221;{}&#8221;]<\/p>\n<p style=\"text-align: center;\">P\u00e0rquing prou ampli per tots els nostres clients.<\/p>\n<p>[\/et_pb_text][\/et_pb_column][et_pb_column type=&#8221;1_2&#8243; _builder_version=&#8221;4.25.2&#8243; _module_preset=&#8221;default&#8221; background_color=&#8221;#F4F2F2&#8243; custom_padding=&#8221;10px|10px|10px|10px|false|false&#8221; border_radii=&#8221;on|22px|22px|22px|22px&#8221; border_width_all=&#8221;2px&#8221; border_color_all=&#8221;#F4F2F2&#8243; box_shadow_style=&#8221;preset1&#8243; global_colors_info=&#8221;{}&#8221; transform_styles__hover_enabled=&#8221;on|hover&#8221; transform_scale__hover_enabled=&#8221;on|hover&#8221; transform_translate__hover_enabled=&#8221;on|hover&#8221; transform_rotate__hover_enabled=&#8221;on|desktop&#8221; transform_skew__hover_enabled=&#8221;on|desktop&#8221; transform_origin__hover_enabled=&#8221;on|desktop&#8221; transform_translate__hover=&#8221;-21px|-21px&#8221;][et_pb_icon font_icon=&#8221;&#xf7d8;||fa||900&#8243; icon_color=&#8221;#FFFFFF&#8221; icon_width=&#8221;24px&#8221; _builder_version=&#8221;4.25.2&#8243; _module_preset=&#8221;default&#8221; background_color=&#8221;#6D0001&#8243; custom_margin=&#8221;3px||13px||false|false&#8221; custom_padding=&#8221;15px|18px|15px|18px|false|false&#8221; border_radii=&#8221;on|142px|142px|142px|142px&#8221; border_color_all=&#8221;#AA1618&#8243; global_colors_info=&#8221;{}&#8221; transform_styles__hover_enabled=&#8221;on|hover&#8221; transform_scale__hover_enabled=&#8221;on|hover&#8221; transform_translate__hover_enabled=&#8221;on|desktop&#8221; transform_rotate__hover_enabled=&#8221;on|desktop&#8221; transform_skew__hover_enabled=&#8221;on|desktop&#8221; transform_origin__hover_enabled=&#8221;on|desktop&#8221; transform_scale__hover=&#8221;106%|106%&#8221;][\/et_pb_icon][et_pb_text _builder_version=&#8221;4.27.4&#8243; _module_preset=&#8221;default&#8221; text_font=&#8221;Noto Sans|500|||||||&#8221; text_text_color=&#8221;#6d0001&#8243; text_font_size=&#8221;15px&#8221; text_orientation=&#8221;center&#8221; custom_margin=&#8221;1px||9px||false|false&#8221; global_colors_info=&#8221;{}&#8221;]<\/p>\n<p style=\"text-align: center;\">Bany privat.<\/p>\n<p>[\/et_pb_text][\/et_pb_column][\/et_pb_row][et_pb_row _builder_version=&#8221;4.26.0&#8243; _module_preset=&#8221;default&#8221; custom_padding=&#8221;0px|||||&#8221; global_colors_info=&#8221;{}&#8221;][et_pb_column type=&#8221;4_4&#8243; _builder_version=&#8221;4.25.2&#8243; _module_preset=&#8221;default&#8221; background_color=&#8221;#F4F2F2&#8243; custom_padding=&#8221;10px|10px|10px|10px|false|false&#8221; border_radii=&#8221;on|22px|22px|22px|22px&#8221; border_width_all=&#8221;2px&#8221; border_color_all=&#8221;#F4F2F2&#8243; box_shadow_style=&#8221;preset1&#8243; global_colors_info=&#8221;{}&#8221; transform_styles__hover_enabled=&#8221;on|hover&#8221; transform_scale__hover_enabled=&#8221;on|hover&#8221; transform_translate__hover_enabled=&#8221;on|hover&#8221; transform_rotate__hover_enabled=&#8221;on|desktop&#8221; transform_skew__hover_enabled=&#8221;on|desktop&#8221; transform_origin__hover_enabled=&#8221;on|desktop&#8221; transform_translate__hover=&#8221;-21px|-21px&#8221;][et_pb_icon font_icon=&#8221;&#xf2cc;||fa||900&#8243; icon_color=&#8221;#FFFFFF&#8221; icon_width=&#8221;24px&#8221; _builder_version=&#8221;4.26.0&#8243; _module_preset=&#8221;default&#8221; background_color=&#8221;#6D0001&#8243; custom_margin=&#8221;3px||13px||false|false&#8221; custom_padding=&#8221;15px|18px|15px|18px|false|false&#8221; border_radii=&#8221;on|142px|142px|142px|142px&#8221; border_color_all=&#8221;#AA1618&#8243; global_colors_info=&#8221;{}&#8221; transform_styles__hover_enabled=&#8221;on|hover&#8221; transform_scale__hover_enabled=&#8221;on|hover&#8221; transform_translate__hover_enabled=&#8221;on|desktop&#8221; transform_rotate__hover_enabled=&#8221;on|desktop&#8221; transform_skew__hover_enabled=&#8221;on|desktop&#8221; transform_origin__hover_enabled=&#8221;on|desktop&#8221; transform_scale__hover=&#8221;106%|106%&#8221;][\/et_pb_icon][et_pb_text _builder_version=&#8221;4.27.4&#8243; _module_preset=&#8221;default&#8221; text_font=&#8221;Noto Sans|500|||||||&#8221; text_text_color=&#8221;#6d0001&#8243; text_font_size=&#8221;15px&#8221; text_orientation=&#8221;center&#8221; custom_margin=&#8221;1px||9px||false|false&#8221; global_colors_info=&#8221;{}&#8221;]<\/p>\n<p style=\"text-align: center;\">Disposem d&#8217;un servei de <strong>dutxes<\/strong> per als professionals del transport que ens visitin. Les <strong>24 hores<\/strong>.<\/p>\n<p>[\/et_pb_text][\/et_pb_column][\/et_pb_row][\/et_pb_section][et_pb_section fb_built=&#8221;1&#8243; disabled_on=&#8221;on|on|off&#8221; admin_label=&#8221;Bar-Restaurant (ordinador)&#8221; module_id=&#8221;bar-restaurant&#8221; _builder_version=&#8221;4.27.0&#8243; _module_preset=&#8221;default&#8221; background_color=&#8221;#FFFFFF&#8221; custom_padding=&#8221;4px||16px|||&#8221; global_colors_info=&#8221;{}&#8221;][et_pb_row column_structure=&#8221;3_5,2_5&#8243; _builder_version=&#8221;4.25.2&#8243; _module_preset=&#8221;default&#8221; global_colors_info=&#8221;{}&#8221;][et_pb_column type=&#8221;3_5&#8243; _builder_version=&#8221;4.25.2&#8243; _module_preset=&#8221;default&#8221; global_colors_info=&#8221;{}&#8221;][et_pb_text _builder_version=&#8221;4.27.4&#8243; _module_preset=&#8221;4deaa1a6-d0cd-49d0-ada3-8dc22addd086&#8243; text_font=&#8221;Noto Sans|700||on|||||&#8221; text_text_color=&#8221;#1c7bb2&#8243; text_font_size=&#8221;17px&#8221; text_letter_spacing=&#8221;2px&#8221; header_font=&#8221;Noto Sans||||||||&#8221; header_text_color=&#8221;#6f9cbc&#8221; header_4_font=&#8221;Urbanist|800||on|||||&#8221; header_4_text_color=&#8221;#7C8B56&#8243; header_4_font_size=&#8221;16px&#8221; header_4_letter_spacing=&#8221;0.4em&#8221; header_4_line_height=&#8221;1.4em&#8221; text_orientation=&#8221;center&#8221; custom_margin=&#8221;||6px||false|false&#8221; header_4_font_size_tablet=&#8221;14px&#8221; header_4_font_size_phone=&#8221;12px&#8221; header_4_font_size_last_edited=&#8221;on|desktop&#8221; locked=&#8221;off&#8221; global_colors_info=&#8221;{}&#8221;]<\/p>\n<p style=\"text-align: left;\">Bar &#8211; Restaurant<\/p>\n<p>[\/et_pb_text][et_pb_text _builder_version=&#8221;4.25.2&#8243; _module_preset=&#8221;32021f09-dd67-47fb-8f9a-832b72a38baf&#8221; text_font=&#8221;Rozha One||||||||&#8221; text_text_color=&#8221;#6D0001&#8243; text_font_size=&#8221;45px&#8221; text_line_height=&#8221;1.3em&#8221; header_font=&#8221;Anton||||||||&#8221; header_text_align=&#8221;center&#8221; header_text_color=&#8221;#6D0001&#8243; header_2_font=&#8221;Urbanist|700|||||||&#8221; header_2_text_color=&#8221;#000000&#8243; header_2_font_size=&#8221;56px&#8221; header_2_letter_spacing=&#8221;-0.02em&#8221; header_2_line_height=&#8221;1.2em&#8221; custom_margin=&#8221;||10px||false|false&#8221; custom_padding=&#8221;9px|0px||0px|false|true&#8221; header_2_font_size_tablet=&#8221;32px&#8221; header_2_font_size_phone=&#8221;20px&#8221; header_2_font_size_last_edited=&#8221;on|phone&#8221; locked=&#8221;off&#8221; global_colors_info=&#8221;{}&#8221;]<\/p>\n<p style=\"text-align: left;\">Disposem d&#8217;un ampli servei d&#8217;hosteleria<br \/><o:p><\/o:p><\/p>\n<p>[\/et_pb_text][et_pb_divider color=&#8221;#4E8DB2&#8243; divider_style=&#8221;dotted&#8221; divider_position=&#8221;center&#8221; divider_weight=&#8221;4px&#8221; _builder_version=&#8221;4.25.2&#8243; _module_preset=&#8221;default&#8221; custom_margin=&#8221;||14px|||&#8221; global_colors_info=&#8221;{}&#8221;][\/et_pb_divider][et_pb_text _builder_version=&#8221;4.27.4&#8243; _module_preset=&#8221;default&#8221; text_font=&#8221;Noto Sans|500|||||||&#8221; text_text_color=&#8221;#1c7bb2&#8243; text_font_size=&#8221;16px&#8221; header_text_align=&#8221;left&#8221; custom_margin=&#8221;-3px|||||&#8221; global_colors_info=&#8221;{}&#8221;]<\/p>\n<p style=\"text-align: left;\">Amb dos menjadors diferents amb capacitat per a <strong>100 comensals<\/strong> on podr\u00e0 disfrutar d&#8217;una cuina mediterr\u00e0nia i tradicional a preus molt assequibles.<\/p>\n<p style=\"text-align: left;\">A m\u00e9s a m\u00e9s tenim a la seva disposici\u00f3 el <strong>bar<\/strong>, amb una \u00e0mplia i confortable <strong>terrassa<\/strong> i un <strong>parc infantil<\/strong> per a la quitxalla. El lloc ideal per a relaxar-se despr\u00e9s d&#8217;un dia de treball o de plaer.<\/p>\n<p style=\"text-align: left;\">Vinguin a visitar-nos.<\/p>\n<p>[\/et_pb_text][\/et_pb_column][et_pb_column type=&#8221;2_5&#8243; _builder_version=&#8221;4.25.2&#8243; _module_preset=&#8221;default&#8221; global_colors_info=&#8221;{}&#8221;][et_pb_image src=&#8221;https:\/\/hostalsantmiquel.com\/wp-content\/uploads\/2024\/07\/Burger.png&#8221; alt=&#8221;Dibuix Burger apetitosa&#8221; title_text=&#8221;Burger Hostal Sant Miquel&#8221; align=&#8221;center&#8221; disabled_on=&#8221;on|on|off&#8221; _builder_version=&#8221;4.26.0&#8243; _module_preset=&#8221;default&#8221; transform_translate=&#8221;50px|0px&#8221; transform_translate_linked=&#8221;off&#8221; width=&#8221;95%&#8221; max_width=&#8221;95%&#8221; custom_padding=&#8221;65px|||||&#8221; animation_style=&#8221;roll&#8221; animation_duration=&#8221;1250ms&#8221; animation_delay=&#8221;450ms&#8221; global_colors_info=&#8221;{}&#8221; transform_styles__hover_enabled=&#8221;on|hover&#8221; transform_scale__hover_enabled=&#8221;on|hover&#8221; transform_translate__hover_enabled=&#8221;on|hover&#8221; transform_rotate__hover_enabled=&#8221;on|hover&#8221; transform_skew__hover_enabled=&#8221;on|desktop&#8221; transform_origin__hover_enabled=&#8221;on|desktop&#8221; transform_scale__hover=&#8221;111%|111%&#8221; transform_translate__hover=&#8221;14px|0px&#8221;][\/et_pb_image][dnxte_minimal_image_hover _builder_version=&#8221;4.25.2&#8243; _module_preset=&#8221;default&#8221; global_colors_info=&#8221;{}&#8221;][\/dnxte_minimal_image_hover][\/et_pb_column][\/et_pb_row][et_pb_row column_structure=&#8221;1_2,1_2&#8243; _builder_version=&#8221;4.26.0&#8243; _module_preset=&#8221;default&#8221; custom_padding=&#8221;7px|||||&#8221; global_colors_info=&#8221;{}&#8221;][et_pb_column type=&#8221;1_2&#8243; _builder_version=&#8221;4.16&#8243; _module_preset=&#8221;default&#8221; global_colors_info=&#8221;{}&#8221;][et_pb_image src=&#8221;https:\/\/hostalsantmiquel.com\/wp-content\/uploads\/2024\/07\/Parc-2-1.jpg&#8221; title_text=&#8221;Parc-2&#8243; _builder_version=&#8221;4.27.0&#8243; _module_preset=&#8221;default&#8221; width=&#8221;96%&#8221; max_width=&#8221;96%&#8221; animation_style=&#8221;fade&#8221; border_radii=&#8221;off|44px|16px|44px|&#8221; border_width_all=&#8221;3.5px&#8221; border_color_all=&#8221;#4E8DB2&#8243; global_colors_info=&#8221;{}&#8221; transform_styles__hover_enabled=&#8221;on|hover&#8221; transform_scale__hover_enabled=&#8221;on|hover&#8221; transform_translate__hover_enabled=&#8221;on|desktop&#8221; transform_rotate__hover_enabled=&#8221;on|desktop&#8221; transform_skew__hover_enabled=&#8221;on|desktop&#8221; transform_origin__hover_enabled=&#8221;on|desktop&#8221; transform_scale__hover=&#8221;111%|111%&#8221;][\/et_pb_image][\/et_pb_column][et_pb_column type=&#8221;1_2&#8243; _builder_version=&#8221;4.16&#8243; _module_preset=&#8221;default&#8221; global_colors_info=&#8221;{}&#8221;][et_pb_image src=&#8221;https:\/\/hostalsantmiquel.com\/wp-content\/uploads\/2024\/07\/Menjador.jpg&#8221; title_text=&#8221;Menjador&#8221; _builder_version=&#8221;4.26.0&#8243; _module_preset=&#8221;default&#8221; width=&#8221;99%&#8221; max_width=&#8221;99%&#8221; custom_margin=&#8221;|||-20px||&#8221; custom_padding=&#8221;||0px|||&#8221; animation_style=&#8221;fade&#8221; border_radii=&#8221;off|44px|16px|44px|&#8221; border_width_all=&#8221;3.5px&#8221; border_color_all=&#8221;#6D0001&#8243; locked=&#8221;off&#8221; global_colors_info=&#8221;{}&#8221; transform_styles__hover_enabled=&#8221;on|hover&#8221; transform_scale__hover_enabled=&#8221;on|hover&#8221; transform_translate__hover_enabled=&#8221;on|desktop&#8221; transform_rotate__hover_enabled=&#8221;on|desktop&#8221; transform_skew__hover_enabled=&#8221;on|desktop&#8221; transform_origin__hover_enabled=&#8221;on|desktop&#8221; transform_scale__hover=&#8221;111%|111%&#8221;][\/et_pb_image][\/et_pb_column][\/et_pb_row][et_pb_row column_structure=&#8221;1_2,1_2&#8243; _builder_version=&#8221;4.16&#8243; _module_preset=&#8221;default&#8221; custom_padding=&#8221;7px|||||&#8221; global_colors_info=&#8221;{}&#8221;][et_pb_column type=&#8221;1_2&#8243; _builder_version=&#8221;4.16&#8243; _module_preset=&#8221;default&#8221; global_colors_info=&#8221;{}&#8221;][et_pb_image src=&#8221;https:\/\/hostalsantmiquel.com\/wp-content\/uploads\/2024\/07\/Bar.jpg&#8221; title_text=&#8221;Bar&#8221; _builder_version=&#8221;4.26.0&#8243; _module_preset=&#8221;default&#8221; custom_margin=&#8221;|-8px||||&#8221; animation_style=&#8221;fade&#8221; border_radii=&#8221;off|44px|16px|44px|&#8221; border_width_all=&#8221;3.5px&#8221; border_color_all=&#8221;#6D0001&#8243; global_colors_info=&#8221;{}&#8221; transform_styles__hover_enabled=&#8221;on|hover&#8221; transform_scale__hover_enabled=&#8221;on|hover&#8221; transform_translate__hover_enabled=&#8221;on|desktop&#8221; transform_rotate__hover_enabled=&#8221;on|desktop&#8221; transform_skew__hover_enabled=&#8221;on|desktop&#8221; transform_origin__hover_enabled=&#8221;on|desktop&#8221; transform_scale__hover=&#8221;111%|111%&#8221;][\/et_pb_image][\/et_pb_column][et_pb_column type=&#8221;1_2&#8243; _builder_version=&#8221;4.16&#8243; _module_preset=&#8221;default&#8221; global_colors_info=&#8221;{}&#8221;][et_pb_image src=&#8221;https:\/\/hostalsantmiquel.com\/wp-content\/uploads\/2024\/07\/Parc-web.jpg&#8221; title_text=&#8221;Parc-web&#8221; _builder_version=&#8221;4.26.0&#8243; _module_preset=&#8221;default&#8221; width=&#8221;93%&#8221; max_width=&#8221;93%&#8221; custom_margin=&#8221;|||2px||&#8221; custom_padding=&#8221;||0px|||&#8221; animation_style=&#8221;fade&#8221; border_radii=&#8221;off|44px|16px|44px|&#8221; border_width_all=&#8221;3.5px&#8221; border_color_all=&#8221;#4E8DB2&#8243; locked=&#8221;off&#8221; global_colors_info=&#8221;{}&#8221; transform_styles__hover_enabled=&#8221;on|hover&#8221; transform_scale__hover_enabled=&#8221;on|hover&#8221; transform_translate__hover_enabled=&#8221;on|desktop&#8221; transform_rotate__hover_enabled=&#8221;on|desktop&#8221; transform_skew__hover_enabled=&#8221;on|desktop&#8221; transform_origin__hover_enabled=&#8221;on|desktop&#8221; transform_scale__hover=&#8221;111%|111%&#8221;][\/et_pb_image][\/et_pb_column][\/et_pb_row][\/et_pb_section][et_pb_section fb_built=&#8221;1&#8243; disabled_on=&#8221;off|off|on&#8221; admin_label=&#8221;Bar-Restaurant (tablet+m\u00f2bil)&#8221; module_id=&#8221;bar-restaurant&#8221; _builder_version=&#8221;4.27.0&#8243; _module_preset=&#8221;default&#8221; background_color=&#8221;#FFFFFF&#8221; custom_padding=&#8221;4px||16px|||&#8221; global_colors_info=&#8221;{}&#8221;][et_pb_row _builder_version=&#8221;4.27.0&#8243; _module_preset=&#8221;default&#8221; background_color=&#8221;#4E8DB2&#8243; background_enable_pattern_style=&#8221;on&#8221; background_pattern_style=&#8221;tufted&#8221; background_pattern_color=&#8221;#FFFFFF&#8221; background_pattern_size=&#8221;custom&#8221; background_pattern_width=&#8221;20px&#8221; custom_margin=&#8221;22px|auto||auto|false|false&#8221; custom_padding=&#8221;35px|19px|35px|19px|true|true&#8221; border_radii=&#8221;off|44px|16px||44px&#8221; global_colors_info=&#8221;{}&#8221;][et_pb_column type=&#8221;4_4&#8243; _builder_version=&#8221;4.27.0&#8243; _module_preset=&#8221;default&#8221; global_colors_info=&#8221;{}&#8221;][et_pb_text _builder_version=&#8221;4.27.0&#8243; _module_preset=&#8221;4deaa1a6-d0cd-49d0-ada3-8dc22addd086&#8243; text_font=&#8221;Noto Sans|700||on|||||&#8221; text_text_color=&#8221;#FFFFFF&#8221; text_font_size=&#8221;17px&#8221; text_letter_spacing=&#8221;2px&#8221; header_font=&#8221;Noto Sans||||||||&#8221; header_text_color=&#8221;#6f9cbc&#8221; header_4_font=&#8221;Urbanist|800||on|||||&#8221; header_4_text_color=&#8221;#7C8B56&#8243; header_4_font_size=&#8221;16px&#8221; header_4_letter_spacing=&#8221;0.4em&#8221; header_4_line_height=&#8221;1.4em&#8221; text_orientation=&#8221;center&#8221; custom_margin=&#8221;||6px||false|false&#8221; header_4_font_size_tablet=&#8221;14px&#8221; header_4_font_size_phone=&#8221;12px&#8221; header_4_font_size_last_edited=&#8221;on|desktop&#8221; locked=&#8221;off&#8221; global_colors_info=&#8221;{}&#8221;]<\/p>\n<p style=\"text-align: center;\">Instagram<\/p>\n<p>[\/et_pb_text][et_pb_code _builder_version=&#8221;4.27.0&#8243; _module_preset=&#8221;default&#8221; width=&#8221;77%&#8221; module_alignment=&#8221;center&#8221; custom_margin=&#8221;18px||-1px|||&#8221; global_colors_info=&#8221;{}&#8221;]<style type=\"text\/css\">.zoom-instagram.feed-1315{font-size:14px!important;padding:1px!important;}.zoom-instagram.feed-1315 .zoom-instagram-widget__items{display:grid!important;grid-template-columns:repeat(3,1fr);}.zoom-instagram.feed-1315 .zoom-instagram-widget__items{gap:10px!important;}.zoom-instagram.feed-1315 .wpz-insta-view-on-insta-button{background-color:#6d0001!important;}<\/style>\n<div class=\"zoom-instagram feed-1315 layout-grid columns-3 with-lightbox spacing-10 perpage-3\"><div class=\"zoom-instagram-widget__items-wrapper\"><ul class=\"zoom-instagram-widget__items zoom-instagram-widget__items--no-js layout-grid\" data-layout=\"grid\" data-lightbox=\"1\" data-spacing=\"10\" data-perpage=\"3\"><li class=\"zoom-instagram-widget__item media-icons-normal media-icons-hover\" data-media-type=\"image\"><div class=\"zoom-instagram-widget__item-inner-wrap\"><img class=\"zoom-instagram-link zoom-instagram-link-new\"  data-src=\"https:\/\/hostalsantmiquel.com\/wp-content\/uploads\/2024\/07\/540079969_17895605091289665_7521378127998390633_n-320x213.jpg\" data-mfp-src=\"18075503843095968\" width=\"320\" height=\"213\" alt=\"\u2728 Detalls que marquen la difer\u00e8ncia \u2728\nA l\u2019Hostal Sant Miquel ens agrada cuidar cada petit aspecte perqu\u00e8 us sentiu com a casa. \ud83c\udfe1\nTovalloles netes, habitacions preparades i tot el necessari perqu\u00e8 la vostra estada sigui c\u00f2moda i tranquil\u00b7la.\n\nPerqu\u00e8 descansar b\u00e9 \u00e9s comen\u00e7ar b\u00e9. \ud83e\udd0d\n\n\ud83d\udeaa T\u2019hi esperem!\n\ud83d\udccd Hostal Sant Miquel \u00b7 hostalsantmiquel.com\n\n\ud83c\udf00reserva@hsm.cat\n\u260e\ufe0f 977 405 811\n\n#hostalsantmiquel #hostalsantmiquelvinebre #vinebre #vinebreactiu #riberadebre #cuinacasolana\n#HostalSantMiquel #Benvinguts #RiberaDEbre #TurismeRural #DescansaAmbNosaltres #EncantDePoble #Vinebre\" \/><div class=\"hover-layout zoom-instagram-widget__overlay zoom-instagram-widget__black \"><div class=\"zoom-instagram-icon-wrap\"><a class=\"zoom-svg-instagram-stroke\" href=\"https:\/\/www.instagram.com\/p\/DN2qiTe2Heb\/\" rel=\"noopener nofollow\" target=\"_blank\" title=\"\u2728 Detalls que marquen la difer\u00e8ncia \u2728\nA l\u2019Hostal Sant Miquel ens agrada cuidar cada petit aspecte perqu\u00e8 us sentiu com a casa. \ud83c\udfe1\nTovalloles netes, habitacions preparades i tot el necessari perqu\u00e8 la vostra estada sigui c\u00f2moda i tranquil\u00b7la.\n\nPerqu\u00e8 descansar b\u00e9 \u00e9s comen\u00e7ar b\u00e9. \ud83e\udd0d\n\n\ud83d\udeaa T\u2019hi esperem!\n\ud83d\udccd Hostal Sant Miquel \u00b7 hostalsantmiquel.com\n\n\ud83c\udf00reserva@hsm.cat\n\u260e\ufe0f 977 405 811\n\n#hostalsantmiquel #hostalsantmiquelvinebre #vinebre #vinebreactiu #riberadebre #cuinacasolana\n#HostalSantMiquel #Benvinguts #RiberaDEbre #TurismeRural #DescansaAmbNosaltres #EncantDePoble #Vinebre\"><\/a><\/div><a class=\"zoom-instagram-link\" data-src=\"https:\/\/hostalsantmiquel.com\/wp-content\/uploads\/2024\/07\/540079969_17895605091289665_7521378127998390633_n-320x213.jpg\" data-mfp-src=\"18075503843095968\" href=\"https:\/\/www.instagram.com\/p\/DN2qiTe2Heb\/\" target=\"_blank\" rel=\"noopener nofollow\" title=\"\u2728 Detalls que marquen la difer\u00e8ncia \u2728\nA l\u2019Hostal Sant Miquel ens agrada cuidar cada petit aspecte perqu\u00e8 us sentiu com a casa. \ud83c\udfe1\nTovalloles netes, habitacions preparades i tot el necessari perqu\u00e8 la vostra estada sigui c\u00f2moda i tranquil\u00b7la.\n\nPerqu\u00e8 descansar b\u00e9 \u00e9s comen\u00e7ar b\u00e9. \ud83e\udd0d\n\n\ud83d\udeaa T\u2019hi esperem!\n\ud83d\udccd Hostal Sant Miquel \u00b7 hostalsantmiquel.com\n\n\ud83c\udf00reserva@hsm.cat\n\u260e\ufe0f 977 405 811\n\n#hostalsantmiquel #hostalsantmiquelvinebre #vinebre #vinebreactiu #riberadebre #cuinacasolana\n#HostalSantMiquel #Benvinguts #RiberaDEbre #TurismeRural #DescansaAmbNosaltres #EncantDePoble #Vinebre\"><\/a><\/div><\/div><\/li><li class=\"zoom-instagram-widget__item media-icons-normal media-icons-hover\" data-media-type=\"image\"><div class=\"zoom-instagram-widget__item-inner-wrap\"><img class=\"zoom-instagram-link zoom-instagram-link-new\"  data-src=\"https:\/\/hostalsantmiquel.com\/wp-content\/uploads\/2024\/07\/530821045_17893853145289665_6904915197476532938_n-320x222.jpg\" data-mfp-src=\"18085191412667118\" width=\"320\" height=\"222\" alt=\"\ud83c\udf7d\ufe0f Festa Major sense cuinar? S\u00ed, i tant! \ud83c\udf89\nDurant aquests dies plens d\u2019activitats, m\u00fasica i ball, oblida\u2019t dels fogons i deixa que nosaltres ens encarreguem del menjar.\n\nA l\u2019Hostal Sant Miquel t\u2019esperem amb cuina casolana de la bona, plats fets amb estima i un men\u00fa que et far\u00e0 llepar-te els dits.\nM\u00e9s f\u00e0cil, m\u00e9s net\u2026 i molt bo!\ud83d\ude0b\n\n\ud83d\udccd Vinebre\n\ud83c\udf00reserva@hsm.cat\n\u260e\ufe0f 977 405 811\n\n#HostalSantMiquel #Qu\u00e8Fem #FestesMajors #RiberaDEbre #DescansaAmbNosaltres #TurismeRural #ViuLaComarca\" \/><div class=\"hover-layout zoom-instagram-widget__overlay zoom-instagram-widget__black \"><div class=\"zoom-instagram-icon-wrap\"><a class=\"zoom-svg-instagram-stroke\" href=\"https:\/\/www.instagram.com\/p\/DNksrlgt5dm\/\" rel=\"noopener nofollow\" target=\"_blank\" title=\"\ud83c\udf7d\ufe0f Festa Major sense cuinar? S\u00ed, i tant! \ud83c\udf89\nDurant aquests dies plens d\u2019activitats, m\u00fasica i ball, oblida\u2019t dels fogons i deixa que nosaltres ens encarreguem del menjar.\n\nA l\u2019Hostal Sant Miquel t\u2019esperem amb cuina casolana de la bona, plats fets amb estima i un men\u00fa que et far\u00e0 llepar-te els dits.\nM\u00e9s f\u00e0cil, m\u00e9s net\u2026 i molt bo!\ud83d\ude0b\n\n\ud83d\udccd Vinebre\n\ud83c\udf00reserva@hsm.cat\n\u260e\ufe0f 977 405 811\n\n#HostalSantMiquel #Qu\u00e8Fem #FestesMajors #RiberaDEbre #DescansaAmbNosaltres #TurismeRural #ViuLaComarca\"><\/a><\/div><a class=\"zoom-instagram-link\" data-src=\"https:\/\/hostalsantmiquel.com\/wp-content\/uploads\/2024\/07\/530821045_17893853145289665_6904915197476532938_n-320x222.jpg\" data-mfp-src=\"18085191412667118\" href=\"https:\/\/www.instagram.com\/p\/DNksrlgt5dm\/\" target=\"_blank\" rel=\"noopener nofollow\" title=\"\ud83c\udf7d\ufe0f Festa Major sense cuinar? S\u00ed, i tant! \ud83c\udf89\nDurant aquests dies plens d\u2019activitats, m\u00fasica i ball, oblida\u2019t dels fogons i deixa que nosaltres ens encarreguem del menjar.\n\nA l\u2019Hostal Sant Miquel t\u2019esperem amb cuina casolana de la bona, plats fets amb estima i un men\u00fa que et far\u00e0 llepar-te els dits.\nM\u00e9s f\u00e0cil, m\u00e9s net\u2026 i molt bo!\ud83d\ude0b\n\n\ud83d\udccd Vinebre\n\ud83c\udf00reserva@hsm.cat\n\u260e\ufe0f 977 405 811\n\n#HostalSantMiquel #Qu\u00e8Fem #FestesMajors #RiberaDEbre #DescansaAmbNosaltres #TurismeRural #ViuLaComarca\"><\/a><\/div><\/div><\/li><li class=\"zoom-instagram-widget__item media-icons-normal media-icons-hover\" data-media-type=\"image\"><div class=\"zoom-instagram-widget__item-inner-wrap\"><img class=\"zoom-instagram-link zoom-instagram-link-new\"  data-src=\"https:\/\/hostalsantmiquel.com\/wp-content\/uploads\/2024\/07\/531823614_17893852968289665_6686497964905762288_n-256x320.jpg\" data-mfp-src=\"18066178652332997\" width=\"256\" height=\"320\" alt=\"\ud83c\udf89 L\u2019estiu a la Ribera d\u2019Ebre \u00e9s sin\u00f2nim de festa! \ud83e\udd41\u2728\nCada poble viu la seva Festa Major amb m\u00fasica, tradici\u00f3, gastronomia i activitats per a totes les edats.\nVeniu a descobrir-les, ballar fins que surti el sol i omplir-vos de moments inoblidables!\n\nI quan arribi l\u2019hora de descansar... a l\u2019Hostal Sant Miquel us esperem amb habitacions c\u00f2modes i tot el que necessiteu per recuperar forces i seguir gaudint l\u2019endem\u00e0.\n\n\ud83d\udcc5 Prepareu l\u2019agenda, que l\u2019estiu nom\u00e9s passa un cop l\u2019any!\n\ud83c\udf00reserva@hsm.cat\n\u260e\ufe0f 977 405 811\n\n#HostalSantMiquel #Qu\u00e8Fem #FestesMajors #RiberaDEbre #DescansaAmbNosaltres #TurismeRural #ViuLaComarca\" \/><div class=\"hover-layout zoom-instagram-widget__overlay zoom-instagram-widget__black \"><div class=\"zoom-instagram-icon-wrap\"><a class=\"zoom-svg-instagram-stroke\" href=\"https:\/\/www.instagram.com\/p\/DNQKP-wN6IC\/\" rel=\"noopener nofollow\" target=\"_blank\" title=\"\ud83c\udf89 L\u2019estiu a la Ribera d\u2019Ebre \u00e9s sin\u00f2nim de festa! \ud83e\udd41\u2728\nCada poble viu la seva Festa Major amb m\u00fasica, tradici\u00f3, gastronomia i activitats per a totes les edats.\nVeniu a descobrir-les, ballar fins que surti el sol i omplir-vos de moments inoblidables!\n\nI quan arribi l\u2019hora de descansar... a l\u2019Hostal Sant Miquel us esperem amb habitacions c\u00f2modes i tot el que necessiteu per recuperar forces i seguir gaudint l\u2019endem\u00e0.\n\n\ud83d\udcc5 Prepareu l\u2019agenda, que l\u2019estiu nom\u00e9s passa un cop l\u2019any!\n\ud83c\udf00reserva@hsm.cat\n\u260e\ufe0f 977 405 811\n\n#HostalSantMiquel #Qu\u00e8Fem #FestesMajors #RiberaDEbre #DescansaAmbNosaltres #TurismeRural #ViuLaComarca\"><\/a><\/div><a class=\"zoom-instagram-link\" data-src=\"https:\/\/hostalsantmiquel.com\/wp-content\/uploads\/2024\/07\/531823614_17893852968289665_6686497964905762288_n-256x320.jpg\" data-mfp-src=\"18066178652332997\" href=\"https:\/\/www.instagram.com\/p\/DNQKP-wN6IC\/\" target=\"_blank\" rel=\"noopener nofollow\" title=\"\ud83c\udf89 L\u2019estiu a la Ribera d\u2019Ebre \u00e9s sin\u00f2nim de festa! \ud83e\udd41\u2728\nCada poble viu la seva Festa Major amb m\u00fasica, tradici\u00f3, gastronomia i activitats per a totes les edats.\nVeniu a descobrir-les, ballar fins que surti el sol i omplir-vos de moments inoblidables!\n\nI quan arribi l\u2019hora de descansar... a l\u2019Hostal Sant Miquel us esperem amb habitacions c\u00f2modes i tot el que necessiteu per recuperar forces i seguir gaudint l\u2019endem\u00e0.\n\n\ud83d\udcc5 Prepareu l\u2019agenda, que l\u2019estiu nom\u00e9s passa un cop l\u2019any!\n\ud83c\udf00reserva@hsm.cat\n\u260e\ufe0f 977 405 811\n\n#HostalSantMiquel #Qu\u00e8Fem #FestesMajors #RiberaDEbre #DescansaAmbNosaltres #TurismeRural #ViuLaComarca\"><\/a><\/div><\/div><\/li><li class=\"zoom-instagram-widget__item media-icons-normal media-icons-hover\" data-media-type=\"image\"><div class=\"zoom-instagram-widget__item-inner-wrap\"><img class=\"zoom-instagram-link zoom-instagram-link-new\"  data-src=\"https:\/\/hostalsantmiquel.com\/wp-content\/uploads\/2024\/07\/528633236_17893246236289665_5584606414598576415_n-320x213.jpg\" data-mfp-src=\"17919654096136061\" width=\"320\" height=\"213\" alt=\"\u2728 Darrere aquest vidre t\u2019hi espera una estada tranquil\u00b7la, acollidora i amb \u00e0nima de poble.\nSom a Vinebre, a tocar del riu, al cor de la Ribera d\u2019Ebre. I tenim les portes obertes per a tothom que vulgui descansar, descobrir i gaudir.\n\n\ud83d\udeaa T\u2019hi esperem!\n\ud83d\udccd Hostal Sant Miquel \u00b7 hostalsantmiquel.com\n\n\ud83c\udf00reserva@hsm.cat\n\u260e\ufe0f 977 405 811\n\n#hostalsantmiquel #hostalsantmiquelvinebre #vinebre #vinebreactiu #riberadebre #cuinacasolana\n#HostalSantMiquel #Benvinguts #RiberaDEbre #TurismeRural #DescansaAmbNosaltres #EncantDePoble #Vinebre\" \/><div class=\"hover-layout zoom-instagram-widget__overlay zoom-instagram-widget__black \"><div class=\"zoom-instagram-icon-wrap\"><a class=\"zoom-svg-instagram-stroke\" href=\"https:\/\/www.instagram.com\/p\/DNDFYVON9Rr\/\" rel=\"noopener nofollow\" target=\"_blank\" title=\"\u2728 Darrere aquest vidre t\u2019hi espera una estada tranquil\u00b7la, acollidora i amb \u00e0nima de poble.\nSom a Vinebre, a tocar del riu, al cor de la Ribera d\u2019Ebre. I tenim les portes obertes per a tothom que vulgui descansar, descobrir i gaudir.\n\n\ud83d\udeaa T\u2019hi esperem!\n\ud83d\udccd Hostal Sant Miquel \u00b7 hostalsantmiquel.com\n\n\ud83c\udf00reserva@hsm.cat\n\u260e\ufe0f 977 405 811\n\n#hostalsantmiquel #hostalsantmiquelvinebre #vinebre #vinebreactiu #riberadebre #cuinacasolana\n#HostalSantMiquel #Benvinguts #RiberaDEbre #TurismeRural #DescansaAmbNosaltres #EncantDePoble #Vinebre\"><\/a><\/div><a class=\"zoom-instagram-link\" data-src=\"https:\/\/hostalsantmiquel.com\/wp-content\/uploads\/2024\/07\/528633236_17893246236289665_5584606414598576415_n-320x213.jpg\" data-mfp-src=\"17919654096136061\" href=\"https:\/\/www.instagram.com\/p\/DNDFYVON9Rr\/\" target=\"_blank\" rel=\"noopener nofollow\" title=\"\u2728 Darrere aquest vidre t\u2019hi espera una estada tranquil\u00b7la, acollidora i amb \u00e0nima de poble.\nSom a Vinebre, a tocar del riu, al cor de la Ribera d\u2019Ebre. I tenim les portes obertes per a tothom que vulgui descansar, descobrir i gaudir.\n\n\ud83d\udeaa T\u2019hi esperem!\n\ud83d\udccd Hostal Sant Miquel \u00b7 hostalsantmiquel.com\n\n\ud83c\udf00reserva@hsm.cat\n\u260e\ufe0f 977 405 811\n\n#hostalsantmiquel #hostalsantmiquelvinebre #vinebre #vinebreactiu #riberadebre #cuinacasolana\n#HostalSantMiquel #Benvinguts #RiberaDEbre #TurismeRural #DescansaAmbNosaltres #EncantDePoble #Vinebre\"><\/a><\/div><\/div><\/li><li class=\"zoom-instagram-widget__item media-icons-normal media-icons-hover\" data-media-type=\"image\"><div class=\"zoom-instagram-widget__item-inner-wrap\"><img class=\"zoom-instagram-link zoom-instagram-link-new\"  data-src=\"https:\/\/hostalsantmiquel.com\/wp-content\/uploads\/2024\/07\/524725725_17892184758289665_5564988041863495002_n-320x320.jpg\" data-mfp-src=\"17886530334202260\" width=\"320\" height=\"320\" alt=\"\ud83c\udf73 Esmorzars de forquilla? I tant que s\u00ed!\nA l\u2019Hostal Sant Miquel, comencem el dia amb ganes i amb bon menjar: pa amb tom\u00e0quet, truita de patata i energia per a tot el dia! \ud83e\udd56\ud83c\udf45\ud83e\udd5a\n\nPer als que creuen que l\u2019esmorzar \u00e9s el millor \u00e0pat del dia... aqu\u00ed us cuidem com a casa!\n\n\ud83c\udf00reserva@hsm.cat\n\u260e\ufe0f 977 405 811\n\n#hostalsantmiquel #hostalsantmiquelvinebre #vinebre #vinebreactiu #riberadebre #cuinacasolana\" \/><div class=\"hover-layout zoom-instagram-widget__overlay zoom-instagram-widget__black \"><div class=\"zoom-instagram-icon-wrap\"><a class=\"zoom-svg-instagram-stroke\" href=\"https:\/\/www.instagram.com\/p\/DMrwTwltuyL\/\" rel=\"noopener nofollow\" target=\"_blank\" title=\"\ud83c\udf73 Esmorzars de forquilla? I tant que s\u00ed!\nA l\u2019Hostal Sant Miquel, comencem el dia amb ganes i amb bon menjar: pa amb tom\u00e0quet, truita de patata i energia per a tot el dia! \ud83e\udd56\ud83c\udf45\ud83e\udd5a\n\nPer als que creuen que l\u2019esmorzar \u00e9s el millor \u00e0pat del dia... aqu\u00ed us cuidem com a casa!\n\n\ud83c\udf00reserva@hsm.cat\n\u260e\ufe0f 977 405 811\n\n#hostalsantmiquel #hostalsantmiquelvinebre #vinebre #vinebreactiu #riberadebre #cuinacasolana\"><\/a><\/div><a class=\"zoom-instagram-link\" data-src=\"https:\/\/hostalsantmiquel.com\/wp-content\/uploads\/2024\/07\/524725725_17892184758289665_5564988041863495002_n-320x320.jpg\" data-mfp-src=\"17886530334202260\" href=\"https:\/\/www.instagram.com\/p\/DMrwTwltuyL\/\" target=\"_blank\" rel=\"noopener nofollow\" title=\"\ud83c\udf73 Esmorzars de forquilla? I tant que s\u00ed!\nA l\u2019Hostal Sant Miquel, comencem el dia amb ganes i amb bon menjar: pa amb tom\u00e0quet, truita de patata i energia per a tot el dia! \ud83e\udd56\ud83c\udf45\ud83e\udd5a\n\nPer als que creuen que l\u2019esmorzar \u00e9s el millor \u00e0pat del dia... aqu\u00ed us cuidem com a casa!\n\n\ud83c\udf00reserva@hsm.cat\n\u260e\ufe0f 977 405 811\n\n#hostalsantmiquel #hostalsantmiquelvinebre #vinebre #vinebreactiu #riberadebre #cuinacasolana\"><\/a><\/div><\/div><\/li><li class=\"zoom-instagram-widget__item media-icons-normal media-icons-hover\" data-media-type=\"image\"><div class=\"zoom-instagram-widget__item-inner-wrap\"><img class=\"zoom-instagram-link zoom-instagram-link-new\"  data-src=\"https:\/\/hostalsantmiquel.com\/wp-content\/uploads\/2024\/07\/523095769_17891398272289665_2409674399581158323_n-256x320.jpg\" data-mfp-src=\"17914332816160499\" width=\"256\" height=\"320\" alt=\"\ud83c\udf89 Qu\u00e8 fem? Anem de festa!\nA la Ribera d\u2019Ebre, l\u2019estiu \u00e9s sin\u00f2nim de festes majors: activitats per a totes les edats, m\u00fasica, tradicions i molta alegria per compartir! \ud83e\udd41\ud83c\udfb6\u2728\n\nI despr\u00e9s de viure intensament cada ballada, correfoc o concert\u2026 t\u2019esperem a l\u2019Hostal Sant Miquel per descansar i recarregar energies \ud83d\udecf\ufe0f\ud83c\udf7d\ufe0f Perqu\u00e8 cada dia \u00e9s una nova aventura!\n\n\ud83d\udccd Vinebre \u00b7 hostalsantmiquel.com\n\ud83c\udf00reserva@hsm.cat\n\u260e\ufe0f 977 405 811\n\n#HostalSantMiquel #Qu\u00e8Fem #FestesMajors #RiberaDEbre #DescansaAmbNosaltres #TurismeRural #ViuLaComarca\" \/><div class=\"hover-layout zoom-instagram-widget__overlay zoom-instagram-widget__black \"><div class=\"zoom-instagram-icon-wrap\"><a class=\"zoom-svg-instagram-stroke\" href=\"https:\/\/www.instagram.com\/p\/DMcMjjVNl6Z\/\" rel=\"noopener nofollow\" target=\"_blank\" title=\"\ud83c\udf89 Qu\u00e8 fem? Anem de festa!\nA la Ribera d\u2019Ebre, l\u2019estiu \u00e9s sin\u00f2nim de festes majors: activitats per a totes les edats, m\u00fasica, tradicions i molta alegria per compartir! \ud83e\udd41\ud83c\udfb6\u2728\n\nI despr\u00e9s de viure intensament cada ballada, correfoc o concert\u2026 t\u2019esperem a l\u2019Hostal Sant Miquel per descansar i recarregar energies \ud83d\udecf\ufe0f\ud83c\udf7d\ufe0f Perqu\u00e8 cada dia \u00e9s una nova aventura!\n\n\ud83d\udccd Vinebre \u00b7 hostalsantmiquel.com\n\ud83c\udf00reserva@hsm.cat\n\u260e\ufe0f 977 405 811\n\n#HostalSantMiquel #Qu\u00e8Fem #FestesMajors #RiberaDEbre #DescansaAmbNosaltres #TurismeRural #ViuLaComarca\"><\/a><\/div><a class=\"zoom-instagram-link\" data-src=\"https:\/\/hostalsantmiquel.com\/wp-content\/uploads\/2024\/07\/523095769_17891398272289665_2409674399581158323_n-256x320.jpg\" data-mfp-src=\"17914332816160499\" href=\"https:\/\/www.instagram.com\/p\/DMcMjjVNl6Z\/\" target=\"_blank\" rel=\"noopener nofollow\" title=\"\ud83c\udf89 Qu\u00e8 fem? Anem de festa!\nA la Ribera d\u2019Ebre, l\u2019estiu \u00e9s sin\u00f2nim de festes majors: activitats per a totes les edats, m\u00fasica, tradicions i molta alegria per compartir! \ud83e\udd41\ud83c\udfb6\u2728\n\nI despr\u00e9s de viure intensament cada ballada, correfoc o concert\u2026 t\u2019esperem a l\u2019Hostal Sant Miquel per descansar i recarregar energies \ud83d\udecf\ufe0f\ud83c\udf7d\ufe0f Perqu\u00e8 cada dia \u00e9s una nova aventura!\n\n\ud83d\udccd Vinebre \u00b7 hostalsantmiquel.com\n\ud83c\udf00reserva@hsm.cat\n\u260e\ufe0f 977 405 811\n\n#HostalSantMiquel #Qu\u00e8Fem #FestesMajors #RiberaDEbre #DescansaAmbNosaltres #TurismeRural #ViuLaComarca\"><\/a><\/div><\/div><\/li><li class=\"zoom-instagram-widget__item media-icons-normal media-icons-hover\" data-media-type=\"image\"><div class=\"zoom-instagram-widget__item-inner-wrap\"><img class=\"zoom-instagram-link zoom-instagram-link-new\"  data-src=\"https:\/\/hostalsantmiquel.com\/wp-content\/uploads\/2024\/07\/520410937_17890764396289665_7760461525360475933_n-320x213.jpg\" data-mfp-src=\"18069491936043509\" width=\"320\" height=\"213\" alt=\"\u2600\ufe0f L\u2019estiu \u00e9s per viure\u2019l al m\u00e0xim\nDies llargs per descobrir nous territoris, per sumar experi\u00e8ncies i per gaudir de cada moment com si fos \u00fanic \ud83c\udf3f\u2728\n\nA l\u2019Hostal Sant Miquel t\u2019hi esperem amb moltes ganes per fer-te sentir com a casa i ajudar-te a passar uns dies simplement perfectes \ud83d\udecf\ufe0f\ud83c\udf74\n\n\ud83d\udccd Vinebre \u00b7 al cor de la Ribera d\u2019Ebre\n\n\ud83c\udf00reserva@hsm.cat\n\u260e\ufe0f 977 405 811\n\n#hostalsantmiquel #hostalsantmiquelvinebre #vinebre #vinebreactiu #riberadebre #cuinacasolana\" \/><div class=\"hover-layout zoom-instagram-widget__overlay zoom-instagram-widget__black \"><div class=\"zoom-instagram-icon-wrap\"><a class=\"zoom-svg-instagram-stroke\" href=\"https:\/\/www.instagram.com\/p\/DMPaeE8NXAH\/\" rel=\"noopener nofollow\" target=\"_blank\" title=\"\u2600\ufe0f L\u2019estiu \u00e9s per viure\u2019l al m\u00e0xim\nDies llargs per descobrir nous territoris, per sumar experi\u00e8ncies i per gaudir de cada moment com si fos \u00fanic \ud83c\udf3f\u2728\n\nA l\u2019Hostal Sant Miquel t\u2019hi esperem amb moltes ganes per fer-te sentir com a casa i ajudar-te a passar uns dies simplement perfectes \ud83d\udecf\ufe0f\ud83c\udf74\n\n\ud83d\udccd Vinebre \u00b7 al cor de la Ribera d\u2019Ebre\n\n\ud83c\udf00reserva@hsm.cat\n\u260e\ufe0f 977 405 811\n\n#hostalsantmiquel #hostalsantmiquelvinebre #vinebre #vinebreactiu #riberadebre #cuinacasolana\"><\/a><\/div><a class=\"zoom-instagram-link\" data-src=\"https:\/\/hostalsantmiquel.com\/wp-content\/uploads\/2024\/07\/520410937_17890764396289665_7760461525360475933_n-320x213.jpg\" data-mfp-src=\"18069491936043509\" href=\"https:\/\/www.instagram.com\/p\/DMPaeE8NXAH\/\" target=\"_blank\" rel=\"noopener nofollow\" title=\"\u2600\ufe0f L\u2019estiu \u00e9s per viure\u2019l al m\u00e0xim\nDies llargs per descobrir nous territoris, per sumar experi\u00e8ncies i per gaudir de cada moment com si fos \u00fanic \ud83c\udf3f\u2728\n\nA l\u2019Hostal Sant Miquel t\u2019hi esperem amb moltes ganes per fer-te sentir com a casa i ajudar-te a passar uns dies simplement perfectes \ud83d\udecf\ufe0f\ud83c\udf74\n\n\ud83d\udccd Vinebre \u00b7 al cor de la Ribera d\u2019Ebre\n\n\ud83c\udf00reserva@hsm.cat\n\u260e\ufe0f 977 405 811\n\n#hostalsantmiquel #hostalsantmiquelvinebre #vinebre #vinebreactiu #riberadebre #cuinacasolana\"><\/a><\/div><\/div><\/li><li class=\"zoom-instagram-widget__item media-icons-normal media-icons-hover\" data-media-type=\"image\"><div class=\"zoom-instagram-widget__item-inner-wrap\"><img class=\"zoom-instagram-link zoom-instagram-link-new\"  data-src=\"https:\/\/hostalsantmiquel.com\/wp-content\/uploads\/2024\/07\/516855449_17889819075289665_5035721619154836898_n-256x320.jpg\" data-mfp-src=\"18090391030644299\" width=\"256\" height=\"320\" alt=\"\ud83d\ude0b Ets m\u00e9s d\u2019arr\u00f2s negre o d\u2019ensaladilla russa?\n\ud83d\udce3 Al nostre restaurant no cal triar\u2026 pots comen\u00e7ar amb un i acabar amb l\u2019altre! \ud83e\udd73\ud83c\udf7d\ufe0f\n\nFes una parada a l\u2019Hostal Sant Miquel i gaudeix del men\u00fa del dia amb plats casolans per llepar-se\u2019n els dits! \ud83e\udd0c \n\n\ud83c\udf00reserva@hsm.cat\n\u260e\ufe0f 977 405 811\n\n#hostalsantmiquel #hostalsantmiquelvinebre #vinebre #vinebreactiu #riberadebre #cuinacasolana\" \/><div class=\"hover-layout zoom-instagram-widget__overlay zoom-instagram-widget__black \"><div class=\"zoom-instagram-icon-wrap\"><a class=\"zoom-svg-instagram-stroke\" href=\"https:\/\/www.instagram.com\/p\/DL69GGLN1H5\/\" rel=\"noopener nofollow\" target=\"_blank\" title=\"\ud83d\ude0b Ets m\u00e9s d\u2019arr\u00f2s negre o d\u2019ensaladilla russa?\n\ud83d\udce3 Al nostre restaurant no cal triar\u2026 pots comen\u00e7ar amb un i acabar amb l\u2019altre! \ud83e\udd73\ud83c\udf7d\ufe0f\n\nFes una parada a l\u2019Hostal Sant Miquel i gaudeix del men\u00fa del dia amb plats casolans per llepar-se\u2019n els dits! \ud83e\udd0c \n\n\ud83c\udf00reserva@hsm.cat\n\u260e\ufe0f 977 405 811\n\n#hostalsantmiquel #hostalsantmiquelvinebre #vinebre #vinebreactiu #riberadebre #cuinacasolana\"><\/a><\/div><a class=\"zoom-instagram-link\" data-src=\"https:\/\/hostalsantmiquel.com\/wp-content\/uploads\/2024\/07\/516855449_17889819075289665_5035721619154836898_n-256x320.jpg\" data-mfp-src=\"18090391030644299\" href=\"https:\/\/www.instagram.com\/p\/DL69GGLN1H5\/\" target=\"_blank\" rel=\"noopener nofollow\" title=\"\ud83d\ude0b Ets m\u00e9s d\u2019arr\u00f2s negre o d\u2019ensaladilla russa?\n\ud83d\udce3 Al nostre restaurant no cal triar\u2026 pots comen\u00e7ar amb un i acabar amb l\u2019altre! \ud83e\udd73\ud83c\udf7d\ufe0f\n\nFes una parada a l\u2019Hostal Sant Miquel i gaudeix del men\u00fa del dia amb plats casolans per llepar-se\u2019n els dits! \ud83e\udd0c \n\n\ud83c\udf00reserva@hsm.cat\n\u260e\ufe0f 977 405 811\n\n#hostalsantmiquel #hostalsantmiquelvinebre #vinebre #vinebreactiu #riberadebre #cuinacasolana\"><\/a><\/div><\/div><\/li><li class=\"zoom-instagram-widget__item media-icons-normal media-icons-hover\" data-media-type=\"image\"><div class=\"zoom-instagram-widget__item-inner-wrap\"><img class=\"zoom-instagram-link zoom-instagram-link-new\"  data-src=\"https:\/\/hostalsantmiquel.com\/wp-content\/uploads\/2024\/07\/514528412_17888910345289665_3337085924568034424_n-256x320.jpg\" data-mfp-src=\"18068724923039765\" width=\"256\" height=\"320\" alt=\"\ud83d\udea4 Aquest estiu\u2026 viu l\u2019Ebre des de dins!\nDes de l\u2019Hostal Sant Miquel et recomanem embarcar-te a bord de Lo Roget, la barcassa fluvial de l\u2019Ecomuseu de Deltebre que et permet descobrir el riu des d\u2019una altra perspectiva.\n\nUn passeig tranquil, ple d\u2019hist\u00f2ria, paisatge i natura. Ideal per a fam\u00edlies, parelles o amants de la Ribera! \ud83c\udf3f\ud83c\udf0a\n\nI despr\u00e9s de la ruta\u2026 t\u2019esperem a casa nostra per descansar com cal \ud83d\udecf\ufe0f\n\ud83d\udccdhostalsantmiquel.com\n\n@ascoturisme \n\n#LoRoget #TurismeFluvial #DescobreixElRiuEbre #RiberaDEbre #HostalSantMiquel #TurismeDeProximitat #ViuElRiu #Experi\u00e8ncies\u00daniques\" \/><div class=\"hover-layout zoom-instagram-widget__overlay zoom-instagram-widget__black \"><div class=\"zoom-instagram-icon-wrap\"><a class=\"zoom-svg-instagram-stroke\" href=\"https:\/\/www.instagram.com\/p\/DLmuh5ktxbb\/\" rel=\"noopener nofollow\" target=\"_blank\" title=\"\ud83d\udea4 Aquest estiu\u2026 viu l\u2019Ebre des de dins!\nDes de l\u2019Hostal Sant Miquel et recomanem embarcar-te a bord de Lo Roget, la barcassa fluvial de l\u2019Ecomuseu de Deltebre que et permet descobrir el riu des d\u2019una altra perspectiva.\n\nUn passeig tranquil, ple d\u2019hist\u00f2ria, paisatge i natura. Ideal per a fam\u00edlies, parelles o amants de la Ribera! \ud83c\udf3f\ud83c\udf0a\n\nI despr\u00e9s de la ruta\u2026 t\u2019esperem a casa nostra per descansar com cal \ud83d\udecf\ufe0f\n\ud83d\udccdhostalsantmiquel.com\n\n@ascoturisme \n\n#LoRoget #TurismeFluvial #DescobreixElRiuEbre #RiberaDEbre #HostalSantMiquel #TurismeDeProximitat #ViuElRiu #Experi\u00e8ncies\u00daniques\"><\/a><\/div><a class=\"zoom-instagram-link\" data-src=\"https:\/\/hostalsantmiquel.com\/wp-content\/uploads\/2024\/07\/514528412_17888910345289665_3337085924568034424_n-256x320.jpg\" data-mfp-src=\"18068724923039765\" href=\"https:\/\/www.instagram.com\/p\/DLmuh5ktxbb\/\" target=\"_blank\" rel=\"noopener nofollow\" title=\"\ud83d\udea4 Aquest estiu\u2026 viu l\u2019Ebre des de dins!\nDes de l\u2019Hostal Sant Miquel et recomanem embarcar-te a bord de Lo Roget, la barcassa fluvial de l\u2019Ecomuseu de Deltebre que et permet descobrir el riu des d\u2019una altra perspectiva.\n\nUn passeig tranquil, ple d\u2019hist\u00f2ria, paisatge i natura. Ideal per a fam\u00edlies, parelles o amants de la Ribera! \ud83c\udf3f\ud83c\udf0a\n\nI despr\u00e9s de la ruta\u2026 t\u2019esperem a casa nostra per descansar com cal \ud83d\udecf\ufe0f\n\ud83d\udccdhostalsantmiquel.com\n\n@ascoturisme \n\n#LoRoget #TurismeFluvial #DescobreixElRiuEbre #RiberaDEbre #HostalSantMiquel #TurismeDeProximitat #ViuElRiu #Experi\u00e8ncies\u00daniques\"><\/a><\/div><\/div><\/li><\/ul><\/div><div class=\"zoom-instagram-widget__footer\"><a href=\"https:\/\/www.instagram.com\/hostalsantmiquel\" target=\"_blank\" rel=\"noopener nofollow\" class=\"wpz-button wpz-button-primary wpz-insta-view-on-insta-button\"><span class=\"button-icon zoom-svg-instagram-stroke\"><\/span> Veure a Instagram<\/a><\/div><div class=\"wpz-insta-lightbox-wrapper mfp-hide\"><div class=\"swiper\"><div class=\"swiper-wrapper\"><div data-uid=\"18075503843095968\" class=\"swiper-slide wpz-insta-lightbox-item\"><div class=\"wpz-insta-lightbox\"><div class=\"image-wrapper\"><img class=\"wpzoom-swiper-image swiper-lazy\" data-src=\"https:\/\/hostalsantmiquel.com\/wp-content\/uploads\/2024\/07\/540079969_17895605091289665_7521378127998390633_n.jpg\" alt=\"\u2728 Detalls que marquen la difer\u00e8ncia \u2728\nA l\u2019Hostal Sant Miquel ens agrada cuidar cada petit aspecte perqu\u00e8 us sentiu com a casa. \ud83c\udfe1\nTovalloles netes, habitacions preparades i tot el necessari perqu\u00e8 la vostra estada sigui c\u00f2moda i tranquil\u00b7la.\n\nPerqu\u00e8 descansar b\u00e9 \u00e9s comen\u00e7ar b\u00e9. \ud83e\udd0d\n\n\ud83d\udeaa T\u2019hi esperem!\n\ud83d\udccd Hostal Sant Miquel \u00b7 hostalsantmiquel.com\n\n\ud83c\udf00reserva@hsm.cat\n\u260e\ufe0f 977 405 811\n\n#hostalsantmiquel #hostalsantmiquelvinebre #vinebre #vinebreactiu #riberadebre #cuinacasolana\n#HostalSantMiquel #Benvinguts #RiberaDEbre #TurismeRural #DescansaAmbNosaltres #EncantDePoble #Vinebre\"\/><div class=\"swiper-lazy-preloader swiper-lazy-preloader-white\"><\/div><\/div>\n\t\t\t\t\t<div class=\"details-wrapper\">\n\t\t\t\t\t<div class=\"wpz-insta-header\">\n\t\t\t\t\t\t<div class=\"wpz-insta-avatar\">\n\t\t\t\t\t\t\t<img loading=\"lazy\" decoding=\"async\" src=\"https:\/\/hostalsantmiquel.com\/wp-content\/uploads\/2024\/08\/456199561_821906129729123_8620793724771214240_n-150x150.jpg\" alt=\"@hostalsantmiquel\" width=\"42\" height=\"42\"\/>\n\t\t\t\t\t\t<\/div>\n\t\t\t\t\t\t<div class=\"wpz-insta-buttons\">\n\t\t\t\t\t\t\t<div class=\"wpz-insta-username\">\n\t\t\t\t\t\t\t\t<a rel=\"noopener\" target=\"_blank\" href=\"https:\/\/instagram.com\/hostalsantmiquel\">@hostalsantmiquel<\/a>\n\t\t\t\t\t\t\t<\/div>\n\t\t\t\t\t\t\t<div>&bull;<\/div>\n\t\t\t\t\t\t\t<div class=\"wpz-insta-follow\">\n\t\t\t\t\t\t\t\t<a target=\"_blank\" rel=\"noopener\"\n\t\t\t\t\t\t\t\thref=\"https:\/\/instagram.com\/hostalsantmiquel?ref=badge\">\n\t\t\t\t\t\t\t\t\tSeguir\n\t\t\t\t\t\t\t\t<\/a>\n\t\t\t\t\t\t\t<\/div>\n\t\t\t\t\t\t<\/div>\n\t\t\t\t\t<\/div><div class=\"wpz-insta-caption\">\u2728 Detalls que marquen la difer\u00e8ncia \u2728\nA l\u2019Hostal Sant Miquel ens agrada cuidar cada petit aspecte perqu\u00e8 us sentiu com a casa. \ud83c\udfe1\nTovalloles netes, habitacions preparades i tot el necessari perqu\u00e8 la vostra estada sigui c\u00f2moda i tranquil\u00b7la.\n\nPerqu\u00e8 descansar b\u00e9 \u00e9s comen\u00e7ar b\u00e9. \ud83e\udd0d\n\n\ud83d\udeaa T\u2019hi esperem!\n\ud83d\udccd Hostal Sant Miquel \u00b7 hostalsantmiquel.com\n\n\ud83c\udf00reserva@hsm.cat\n\u260e\ufe0f 977 405 811\n\n#hostalsantmiquel #hostalsantmiquelvinebre #vinebre #vinebreactiu #riberadebre #cuinacasolana\n#HostalSantMiquel #Benvinguts #RiberaDEbre #TurismeRural #DescansaAmbNosaltres #EncantDePoble #Vinebre<\/div><div class=\"wpz-insta-date\">hace 8 meses<\/div><div class=\"view-post\">\n\t\t\t\t\t<a href=\"https:\/\/www.instagram.com\/p\/DN2qiTe2Heb\/\" target=\"_blank\" rel=\"noopener\"><span class=\"dashicons dashicons-instagram\"><\/span>Ver en Instagram<\/a>\n\t\t\t\t\t<span class=\"delimiter\">|<\/span>\n\t\t\t\t\t<div class=\"wpz-insta-pagination\">1\/9<\/div>\n\t\t\t\t\t<\/div><\/div><\/div><\/div><div data-uid=\"18085191412667118\" class=\"swiper-slide wpz-insta-lightbox-item\"><div class=\"wpz-insta-lightbox\"><div class=\"image-wrapper\"><img class=\"wpzoom-swiper-image swiper-lazy\" data-src=\"https:\/\/hostalsantmiquel.com\/wp-content\/uploads\/2024\/07\/530821045_17893853145289665_6904915197476532938_n.jpg\" alt=\"\ud83c\udf7d\ufe0f Festa Major sense cuinar? S\u00ed, i tant! \ud83c\udf89\nDurant aquests dies plens d\u2019activitats, m\u00fasica i ball, oblida\u2019t dels fogons i deixa que nosaltres ens encarreguem del menjar.\n\nA l\u2019Hostal Sant Miquel t\u2019esperem amb cuina casolana de la bona, plats fets amb estima i un men\u00fa que et far\u00e0 llepar-te els dits.\nM\u00e9s f\u00e0cil, m\u00e9s net\u2026 i molt bo!\ud83d\ude0b\n\n\ud83d\udccd Vinebre\n\ud83c\udf00reserva@hsm.cat\n\u260e\ufe0f 977 405 811\n\n#HostalSantMiquel #Qu\u00e8Fem #FestesMajors #RiberaDEbre #DescansaAmbNosaltres #TurismeRural #ViuLaComarca\"\/><div class=\"swiper-lazy-preloader swiper-lazy-preloader-white\"><\/div><\/div>\n\t\t\t\t\t<div class=\"details-wrapper\">\n\t\t\t\t\t<div class=\"wpz-insta-header\">\n\t\t\t\t\t\t<div class=\"wpz-insta-avatar\">\n\t\t\t\t\t\t\t<img loading=\"lazy\" decoding=\"async\" src=\"https:\/\/hostalsantmiquel.com\/wp-content\/uploads\/2024\/08\/456199561_821906129729123_8620793724771214240_n-150x150.jpg\" alt=\"@hostalsantmiquel\" width=\"42\" height=\"42\"\/>\n\t\t\t\t\t\t<\/div>\n\t\t\t\t\t\t<div class=\"wpz-insta-buttons\">\n\t\t\t\t\t\t\t<div class=\"wpz-insta-username\">\n\t\t\t\t\t\t\t\t<a rel=\"noopener\" target=\"_blank\" href=\"https:\/\/instagram.com\/hostalsantmiquel\">@hostalsantmiquel<\/a>\n\t\t\t\t\t\t\t<\/div>\n\t\t\t\t\t\t\t<div>&bull;<\/div>\n\t\t\t\t\t\t\t<div class=\"wpz-insta-follow\">\n\t\t\t\t\t\t\t\t<a target=\"_blank\" rel=\"noopener\"\n\t\t\t\t\t\t\t\thref=\"https:\/\/instagram.com\/hostalsantmiquel?ref=badge\">\n\t\t\t\t\t\t\t\t\tSeguir\n\t\t\t\t\t\t\t\t<\/a>\n\t\t\t\t\t\t\t<\/div>\n\t\t\t\t\t\t<\/div>\n\t\t\t\t\t<\/div><div class=\"wpz-insta-caption\">\ud83c\udf7d\ufe0f Festa Major sense cuinar? S\u00ed, i tant! \ud83c\udf89\nDurant aquests dies plens d\u2019activitats, m\u00fasica i ball, oblida\u2019t dels fogons i deixa que nosaltres ens encarreguem del menjar.\n\nA l\u2019Hostal Sant Miquel t\u2019esperem amb cuina casolana de la bona, plats fets amb estima i un men\u00fa que et far\u00e0 llepar-te els dits.\nM\u00e9s f\u00e0cil, m\u00e9s net\u2026 i molt bo!\ud83d\ude0b\n\n\ud83d\udccd Vinebre\n\ud83c\udf00reserva@hsm.cat\n\u260e\ufe0f 977 405 811\n\n#HostalSantMiquel #Qu\u00e8Fem #FestesMajors #RiberaDEbre #DescansaAmbNosaltres #TurismeRural #ViuLaComarca<\/div><div class=\"wpz-insta-date\">hace 8 meses<\/div><div class=\"view-post\">\n\t\t\t\t\t<a href=\"https:\/\/www.instagram.com\/p\/DNksrlgt5dm\/\" target=\"_blank\" rel=\"noopener\"><span class=\"dashicons dashicons-instagram\"><\/span>Ver en Instagram<\/a>\n\t\t\t\t\t<span class=\"delimiter\">|<\/span>\n\t\t\t\t\t<div class=\"wpz-insta-pagination\">2\/9<\/div>\n\t\t\t\t\t<\/div><\/div><\/div><\/div><div data-uid=\"18066178652332997\" class=\"swiper-slide wpz-insta-lightbox-item\"><div class=\"wpz-insta-lightbox\"><div class=\"image-wrapper\"><img class=\"wpzoom-swiper-image swiper-lazy\" data-src=\"https:\/\/hostalsantmiquel.com\/wp-content\/uploads\/2024\/07\/531823614_17893852968289665_6686497964905762288_n.jpg\" alt=\"\ud83c\udf89 L\u2019estiu a la Ribera d\u2019Ebre \u00e9s sin\u00f2nim de festa! \ud83e\udd41\u2728\nCada poble viu la seva Festa Major amb m\u00fasica, tradici\u00f3, gastronomia i activitats per a totes les edats.\nVeniu a descobrir-les, ballar fins que surti el sol i omplir-vos de moments inoblidables!\n\nI quan arribi l\u2019hora de descansar... a l\u2019Hostal Sant Miquel us esperem amb habitacions c\u00f2modes i tot el que necessiteu per recuperar forces i seguir gaudint l\u2019endem\u00e0.\n\n\ud83d\udcc5 Prepareu l\u2019agenda, que l\u2019estiu nom\u00e9s passa un cop l\u2019any!\n\ud83c\udf00reserva@hsm.cat\n\u260e\ufe0f 977 405 811\n\n#HostalSantMiquel #Qu\u00e8Fem #FestesMajors #RiberaDEbre #DescansaAmbNosaltres #TurismeRural #ViuLaComarca\"\/><div class=\"swiper-lazy-preloader swiper-lazy-preloader-white\"><\/div><\/div>\n\t\t\t\t\t<div class=\"details-wrapper\">\n\t\t\t\t\t<div class=\"wpz-insta-header\">\n\t\t\t\t\t\t<div class=\"wpz-insta-avatar\">\n\t\t\t\t\t\t\t<img loading=\"lazy\" decoding=\"async\" src=\"https:\/\/hostalsantmiquel.com\/wp-content\/uploads\/2024\/08\/456199561_821906129729123_8620793724771214240_n-150x150.jpg\" alt=\"@hostalsantmiquel\" width=\"42\" height=\"42\"\/>\n\t\t\t\t\t\t<\/div>\n\t\t\t\t\t\t<div class=\"wpz-insta-buttons\">\n\t\t\t\t\t\t\t<div class=\"wpz-insta-username\">\n\t\t\t\t\t\t\t\t<a rel=\"noopener\" target=\"_blank\" href=\"https:\/\/instagram.com\/hostalsantmiquel\">@hostalsantmiquel<\/a>\n\t\t\t\t\t\t\t<\/div>\n\t\t\t\t\t\t\t<div>&bull;<\/div>\n\t\t\t\t\t\t\t<div class=\"wpz-insta-follow\">\n\t\t\t\t\t\t\t\t<a target=\"_blank\" rel=\"noopener\"\n\t\t\t\t\t\t\t\thref=\"https:\/\/instagram.com\/hostalsantmiquel?ref=badge\">\n\t\t\t\t\t\t\t\t\tSeguir\n\t\t\t\t\t\t\t\t<\/a>\n\t\t\t\t\t\t\t<\/div>\n\t\t\t\t\t\t<\/div>\n\t\t\t\t\t<\/div><div class=\"wpz-insta-caption\">\ud83c\udf89 L\u2019estiu a la Ribera d\u2019Ebre \u00e9s sin\u00f2nim de festa! \ud83e\udd41\u2728\nCada poble viu la seva Festa Major amb m\u00fasica, tradici\u00f3, gastronomia i activitats per a totes les edats.\nVeniu a descobrir-les, ballar fins que surti el sol i omplir-vos de moments inoblidables!\n\nI quan arribi l\u2019hora de descansar... a l\u2019Hostal Sant Miquel us esperem amb habitacions c\u00f2modes i tot el que necessiteu per recuperar forces i seguir gaudint l\u2019endem\u00e0.\n\n\ud83d\udcc5 Prepareu l\u2019agenda, que l\u2019estiu nom\u00e9s passa un cop l\u2019any!\n\ud83c\udf00reserva@hsm.cat\n\u260e\ufe0f 977 405 811\n\n#HostalSantMiquel #Qu\u00e8Fem #FestesMajors #RiberaDEbre #DescansaAmbNosaltres #TurismeRural #ViuLaComarca<\/div><div class=\"wpz-insta-date\">hace 9 meses<\/div><div class=\"view-post\">\n\t\t\t\t\t<a href=\"https:\/\/www.instagram.com\/p\/DNQKP-wN6IC\/\" target=\"_blank\" rel=\"noopener\"><span class=\"dashicons dashicons-instagram\"><\/span>Ver en Instagram<\/a>\n\t\t\t\t\t<span class=\"delimiter\">|<\/span>\n\t\t\t\t\t<div class=\"wpz-insta-pagination\">3\/9<\/div>\n\t\t\t\t\t<\/div><\/div><\/div><\/div><div data-uid=\"17919654096136061\" class=\"swiper-slide wpz-insta-lightbox-item\"><div class=\"wpz-insta-lightbox\"><div class=\"image-wrapper\"><img class=\"wpzoom-swiper-image swiper-lazy\" data-src=\"https:\/\/hostalsantmiquel.com\/wp-content\/uploads\/2024\/07\/528633236_17893246236289665_5584606414598576415_n.jpg\" alt=\"\u2728 Darrere aquest vidre t\u2019hi espera una estada tranquil\u00b7la, acollidora i amb \u00e0nima de poble.\nSom a Vinebre, a tocar del riu, al cor de la Ribera d\u2019Ebre. I tenim les portes obertes per a tothom que vulgui descansar, descobrir i gaudir.\n\n\ud83d\udeaa T\u2019hi esperem!\n\ud83d\udccd Hostal Sant Miquel \u00b7 hostalsantmiquel.com\n\n\ud83c\udf00reserva@hsm.cat\n\u260e\ufe0f 977 405 811\n\n#hostalsantmiquel #hostalsantmiquelvinebre #vinebre #vinebreactiu #riberadebre #cuinacasolana\n#HostalSantMiquel #Benvinguts #RiberaDEbre #TurismeRural #DescansaAmbNosaltres #EncantDePoble #Vinebre\"\/><div class=\"swiper-lazy-preloader swiper-lazy-preloader-white\"><\/div><\/div>\n\t\t\t\t\t<div class=\"details-wrapper\">\n\t\t\t\t\t<div class=\"wpz-insta-header\">\n\t\t\t\t\t\t<div class=\"wpz-insta-avatar\">\n\t\t\t\t\t\t\t<img loading=\"lazy\" decoding=\"async\" src=\"https:\/\/hostalsantmiquel.com\/wp-content\/uploads\/2024\/08\/456199561_821906129729123_8620793724771214240_n-150x150.jpg\" alt=\"@hostalsantmiquel\" width=\"42\" height=\"42\"\/>\n\t\t\t\t\t\t<\/div>\n\t\t\t\t\t\t<div class=\"wpz-insta-buttons\">\n\t\t\t\t\t\t\t<div class=\"wpz-insta-username\">\n\t\t\t\t\t\t\t\t<a rel=\"noopener\" target=\"_blank\" href=\"https:\/\/instagram.com\/hostalsantmiquel\">@hostalsantmiquel<\/a>\n\t\t\t\t\t\t\t<\/div>\n\t\t\t\t\t\t\t<div>&bull;<\/div>\n\t\t\t\t\t\t\t<div class=\"wpz-insta-follow\">\n\t\t\t\t\t\t\t\t<a target=\"_blank\" rel=\"noopener\"\n\t\t\t\t\t\t\t\thref=\"https:\/\/instagram.com\/hostalsantmiquel?ref=badge\">\n\t\t\t\t\t\t\t\t\tSeguir\n\t\t\t\t\t\t\t\t<\/a>\n\t\t\t\t\t\t\t<\/div>\n\t\t\t\t\t\t<\/div>\n\t\t\t\t\t<\/div><div class=\"wpz-insta-caption\">\u2728 Darrere aquest vidre t\u2019hi espera una estada tranquil\u00b7la, acollidora i amb \u00e0nima de poble.\nSom a Vinebre, a tocar del riu, al cor de la Ribera d\u2019Ebre. I tenim les portes obertes per a tothom que vulgui descansar, descobrir i gaudir.\n\n\ud83d\udeaa T\u2019hi esperem!\n\ud83d\udccd Hostal Sant Miquel \u00b7 hostalsantmiquel.com\n\n\ud83c\udf00reserva@hsm.cat\n\u260e\ufe0f 977 405 811\n\n#hostalsantmiquel #hostalsantmiquelvinebre #vinebre #vinebreactiu #riberadebre #cuinacasolana\n#HostalSantMiquel #Benvinguts #RiberaDEbre #TurismeRural #DescansaAmbNosaltres #EncantDePoble #Vinebre<\/div><div class=\"wpz-insta-date\">hace 9 meses<\/div><div class=\"view-post\">\n\t\t\t\t\t<a href=\"https:\/\/www.instagram.com\/p\/DNDFYVON9Rr\/\" target=\"_blank\" rel=\"noopener\"><span class=\"dashicons dashicons-instagram\"><\/span>Ver en Instagram<\/a>\n\t\t\t\t\t<span class=\"delimiter\">|<\/span>\n\t\t\t\t\t<div class=\"wpz-insta-pagination\">4\/9<\/div>\n\t\t\t\t\t<\/div><\/div><\/div><\/div><div data-uid=\"17886530334202260\" class=\"swiper-slide wpz-insta-lightbox-item\"><div class=\"wpz-insta-lightbox\"><div class=\"image-wrapper\"><img class=\"wpzoom-swiper-image swiper-lazy\" data-src=\"https:\/\/hostalsantmiquel.com\/wp-content\/uploads\/2024\/07\/524725725_17892184758289665_5564988041863495002_n.jpg\" alt=\"\ud83c\udf73 Esmorzars de forquilla? I tant que s\u00ed!\nA l\u2019Hostal Sant Miquel, comencem el dia amb ganes i amb bon menjar: pa amb tom\u00e0quet, truita de patata i energia per a tot el dia! \ud83e\udd56\ud83c\udf45\ud83e\udd5a\n\nPer als que creuen que l\u2019esmorzar \u00e9s el millor \u00e0pat del dia... aqu\u00ed us cuidem com a casa!\n\n\ud83c\udf00reserva@hsm.cat\n\u260e\ufe0f 977 405 811\n\n#hostalsantmiquel #hostalsantmiquelvinebre #vinebre #vinebreactiu #riberadebre #cuinacasolana\"\/><div class=\"swiper-lazy-preloader swiper-lazy-preloader-white\"><\/div><\/div>\n\t\t\t\t\t<div class=\"details-wrapper\">\n\t\t\t\t\t<div class=\"wpz-insta-header\">\n\t\t\t\t\t\t<div class=\"wpz-insta-avatar\">\n\t\t\t\t\t\t\t<img loading=\"lazy\" decoding=\"async\" src=\"https:\/\/hostalsantmiquel.com\/wp-content\/uploads\/2024\/08\/456199561_821906129729123_8620793724771214240_n-150x150.jpg\" alt=\"@hostalsantmiquel\" width=\"42\" height=\"42\"\/>\n\t\t\t\t\t\t<\/div>\n\t\t\t\t\t\t<div class=\"wpz-insta-buttons\">\n\t\t\t\t\t\t\t<div class=\"wpz-insta-username\">\n\t\t\t\t\t\t\t\t<a rel=\"noopener\" target=\"_blank\" href=\"https:\/\/instagram.com\/hostalsantmiquel\">@hostalsantmiquel<\/a>\n\t\t\t\t\t\t\t<\/div>\n\t\t\t\t\t\t\t<div>&bull;<\/div>\n\t\t\t\t\t\t\t<div class=\"wpz-insta-follow\">\n\t\t\t\t\t\t\t\t<a target=\"_blank\" rel=\"noopener\"\n\t\t\t\t\t\t\t\thref=\"https:\/\/instagram.com\/hostalsantmiquel?ref=badge\">\n\t\t\t\t\t\t\t\t\tSeguir\n\t\t\t\t\t\t\t\t<\/a>\n\t\t\t\t\t\t\t<\/div>\n\t\t\t\t\t\t<\/div>\n\t\t\t\t\t<\/div><div class=\"wpz-insta-caption\">\ud83c\udf73 Esmorzars de forquilla? I tant que s\u00ed!\nA l\u2019Hostal Sant Miquel, comencem el dia amb ganes i amb bon menjar: pa amb tom\u00e0quet, truita de patata i energia per a tot el dia! \ud83e\udd56\ud83c\udf45\ud83e\udd5a\n\nPer als que creuen que l\u2019esmorzar \u00e9s el millor \u00e0pat del dia... aqu\u00ed us cuidem com a casa!\n\n\ud83c\udf00reserva@hsm.cat\n\u260e\ufe0f 977 405 811\n\n#hostalsantmiquel #hostalsantmiquelvinebre #vinebre #vinebreactiu #riberadebre #cuinacasolana<\/div><div class=\"wpz-insta-date\">hace 9 meses<\/div><div class=\"view-post\">\n\t\t\t\t\t<a href=\"https:\/\/www.instagram.com\/p\/DMrwTwltuyL\/\" target=\"_blank\" rel=\"noopener\"><span class=\"dashicons dashicons-instagram\"><\/span>Ver en Instagram<\/a>\n\t\t\t\t\t<span class=\"delimiter\">|<\/span>\n\t\t\t\t\t<div class=\"wpz-insta-pagination\">5\/9<\/div>\n\t\t\t\t\t<\/div><\/div><\/div><\/div><div data-uid=\"17914332816160499\" class=\"swiper-slide wpz-insta-lightbox-item\"><div class=\"wpz-insta-lightbox\"><div class=\"image-wrapper\"><img class=\"wpzoom-swiper-image swiper-lazy\" data-src=\"https:\/\/hostalsantmiquel.com\/wp-content\/uploads\/2024\/07\/523095769_17891398272289665_2409674399581158323_n.jpg\" alt=\"\ud83c\udf89 Qu\u00e8 fem? Anem de festa!\nA la Ribera d\u2019Ebre, l\u2019estiu \u00e9s sin\u00f2nim de festes majors: activitats per a totes les edats, m\u00fasica, tradicions i molta alegria per compartir! \ud83e\udd41\ud83c\udfb6\u2728\n\nI despr\u00e9s de viure intensament cada ballada, correfoc o concert\u2026 t\u2019esperem a l\u2019Hostal Sant Miquel per descansar i recarregar energies \ud83d\udecf\ufe0f\ud83c\udf7d\ufe0f Perqu\u00e8 cada dia \u00e9s una nova aventura!\n\n\ud83d\udccd Vinebre \u00b7 hostalsantmiquel.com\n\ud83c\udf00reserva@hsm.cat\n\u260e\ufe0f 977 405 811\n\n#HostalSantMiquel #Qu\u00e8Fem #FestesMajors #RiberaDEbre #DescansaAmbNosaltres #TurismeRural #ViuLaComarca\"\/><div class=\"swiper-lazy-preloader swiper-lazy-preloader-white\"><\/div><\/div>\n\t\t\t\t\t<div class=\"details-wrapper\">\n\t\t\t\t\t<div class=\"wpz-insta-header\">\n\t\t\t\t\t\t<div class=\"wpz-insta-avatar\">\n\t\t\t\t\t\t\t<img loading=\"lazy\" decoding=\"async\" src=\"https:\/\/hostalsantmiquel.com\/wp-content\/uploads\/2024\/08\/456199561_821906129729123_8620793724771214240_n-150x150.jpg\" alt=\"@hostalsantmiquel\" width=\"42\" height=\"42\"\/>\n\t\t\t\t\t\t<\/div>\n\t\t\t\t\t\t<div class=\"wpz-insta-buttons\">\n\t\t\t\t\t\t\t<div class=\"wpz-insta-username\">\n\t\t\t\t\t\t\t\t<a rel=\"noopener\" target=\"_blank\" href=\"https:\/\/instagram.com\/hostalsantmiquel\">@hostalsantmiquel<\/a>\n\t\t\t\t\t\t\t<\/div>\n\t\t\t\t\t\t\t<div>&bull;<\/div>\n\t\t\t\t\t\t\t<div class=\"wpz-insta-follow\">\n\t\t\t\t\t\t\t\t<a target=\"_blank\" rel=\"noopener\"\n\t\t\t\t\t\t\t\thref=\"https:\/\/instagram.com\/hostalsantmiquel?ref=badge\">\n\t\t\t\t\t\t\t\t\tSeguir\n\t\t\t\t\t\t\t\t<\/a>\n\t\t\t\t\t\t\t<\/div>\n\t\t\t\t\t\t<\/div>\n\t\t\t\t\t<\/div><div class=\"wpz-insta-caption\">\ud83c\udf89 Qu\u00e8 fem? Anem de festa!\nA la Ribera d\u2019Ebre, l\u2019estiu \u00e9s sin\u00f2nim de festes majors: activitats per a totes les edats, m\u00fasica, tradicions i molta alegria per compartir! \ud83e\udd41\ud83c\udfb6\u2728\n\nI despr\u00e9s de viure intensament cada ballada, correfoc o concert\u2026 t\u2019esperem a l\u2019Hostal Sant Miquel per descansar i recarregar energies \ud83d\udecf\ufe0f\ud83c\udf7d\ufe0f Perqu\u00e8 cada dia \u00e9s una nova aventura!\n\n\ud83d\udccd Vinebre \u00b7 hostalsantmiquel.com\n\ud83c\udf00reserva@hsm.cat\n\u260e\ufe0f 977 405 811\n\n#HostalSantMiquel #Qu\u00e8Fem #FestesMajors #RiberaDEbre #DescansaAmbNosaltres #TurismeRural #ViuLaComarca<\/div><div class=\"wpz-insta-date\">hace 9 meses<\/div><div class=\"view-post\">\n\t\t\t\t\t<a href=\"https:\/\/www.instagram.com\/p\/DMcMjjVNl6Z\/\" target=\"_blank\" rel=\"noopener\"><span class=\"dashicons dashicons-instagram\"><\/span>Ver en Instagram<\/a>\n\t\t\t\t\t<span class=\"delimiter\">|<\/span>\n\t\t\t\t\t<div class=\"wpz-insta-pagination\">6\/9<\/div>\n\t\t\t\t\t<\/div><\/div><\/div><\/div><div data-uid=\"18069491936043509\" class=\"swiper-slide wpz-insta-lightbox-item\"><div class=\"wpz-insta-lightbox\"><div class=\"image-wrapper\"><img class=\"wpzoom-swiper-image swiper-lazy\" data-src=\"https:\/\/hostalsantmiquel.com\/wp-content\/uploads\/2024\/07\/520410937_17890764396289665_7760461525360475933_n.jpg\" alt=\"\u2600\ufe0f L\u2019estiu \u00e9s per viure\u2019l al m\u00e0xim\nDies llargs per descobrir nous territoris, per sumar experi\u00e8ncies i per gaudir de cada moment com si fos \u00fanic \ud83c\udf3f\u2728\n\nA l\u2019Hostal Sant Miquel t\u2019hi esperem amb moltes ganes per fer-te sentir com a casa i ajudar-te a passar uns dies simplement perfectes \ud83d\udecf\ufe0f\ud83c\udf74\n\n\ud83d\udccd Vinebre \u00b7 al cor de la Ribera d\u2019Ebre\n\n\ud83c\udf00reserva@hsm.cat\n\u260e\ufe0f 977 405 811\n\n#hostalsantmiquel #hostalsantmiquelvinebre #vinebre #vinebreactiu #riberadebre #cuinacasolana\"\/><div class=\"swiper-lazy-preloader swiper-lazy-preloader-white\"><\/div><\/div>\n\t\t\t\t\t<div class=\"details-wrapper\">\n\t\t\t\t\t<div class=\"wpz-insta-header\">\n\t\t\t\t\t\t<div class=\"wpz-insta-avatar\">\n\t\t\t\t\t\t\t<img loading=\"lazy\" decoding=\"async\" src=\"https:\/\/hostalsantmiquel.com\/wp-content\/uploads\/2024\/08\/456199561_821906129729123_8620793724771214240_n-150x150.jpg\" alt=\"@hostalsantmiquel\" width=\"42\" height=\"42\"\/>\n\t\t\t\t\t\t<\/div>\n\t\t\t\t\t\t<div class=\"wpz-insta-buttons\">\n\t\t\t\t\t\t\t<div class=\"wpz-insta-username\">\n\t\t\t\t\t\t\t\t<a rel=\"noopener\" target=\"_blank\" href=\"https:\/\/instagram.com\/hostalsantmiquel\">@hostalsantmiquel<\/a>\n\t\t\t\t\t\t\t<\/div>\n\t\t\t\t\t\t\t<div>&bull;<\/div>\n\t\t\t\t\t\t\t<div class=\"wpz-insta-follow\">\n\t\t\t\t\t\t\t\t<a target=\"_blank\" rel=\"noopener\"\n\t\t\t\t\t\t\t\thref=\"https:\/\/instagram.com\/hostalsantmiquel?ref=badge\">\n\t\t\t\t\t\t\t\t\tSeguir\n\t\t\t\t\t\t\t\t<\/a>\n\t\t\t\t\t\t\t<\/div>\n\t\t\t\t\t\t<\/div>\n\t\t\t\t\t<\/div><div class=\"wpz-insta-caption\">\u2600\ufe0f L\u2019estiu \u00e9s per viure\u2019l al m\u00e0xim\nDies llargs per descobrir nous territoris, per sumar experi\u00e8ncies i per gaudir de cada moment com si fos \u00fanic \ud83c\udf3f\u2728\n\nA l\u2019Hostal Sant Miquel t\u2019hi esperem amb moltes ganes per fer-te sentir com a casa i ajudar-te a passar uns dies simplement perfectes \ud83d\udecf\ufe0f\ud83c\udf74\n\n\ud83d\udccd Vinebre \u00b7 al cor de la Ribera d\u2019Ebre\n\n\ud83c\udf00reserva@hsm.cat\n\u260e\ufe0f 977 405 811\n\n#hostalsantmiquel #hostalsantmiquelvinebre #vinebre #vinebreactiu #riberadebre #cuinacasolana<\/div><div class=\"wpz-insta-date\">hace 10 meses<\/div><div class=\"view-post\">\n\t\t\t\t\t<a href=\"https:\/\/www.instagram.com\/p\/DMPaeE8NXAH\/\" target=\"_blank\" rel=\"noopener\"><span class=\"dashicons dashicons-instagram\"><\/span>Ver en Instagram<\/a>\n\t\t\t\t\t<span class=\"delimiter\">|<\/span>\n\t\t\t\t\t<div class=\"wpz-insta-pagination\">7\/9<\/div>\n\t\t\t\t\t<\/div><\/div><\/div><\/div><div data-uid=\"18090391030644299\" class=\"swiper-slide wpz-insta-lightbox-item\"><div class=\"wpz-insta-lightbox\"><div class=\"image-wrapper\"><img class=\"wpzoom-swiper-image swiper-lazy\" data-src=\"https:\/\/hostalsantmiquel.com\/wp-content\/uploads\/2024\/07\/516855449_17889819075289665_5035721619154836898_n.jpg\" alt=\"\ud83d\ude0b Ets m\u00e9s d\u2019arr\u00f2s negre o d\u2019ensaladilla russa?\n\ud83d\udce3 Al nostre restaurant no cal triar\u2026 pots comen\u00e7ar amb un i acabar amb l\u2019altre! \ud83e\udd73\ud83c\udf7d\ufe0f\n\nFes una parada a l\u2019Hostal Sant Miquel i gaudeix del men\u00fa del dia amb plats casolans per llepar-se\u2019n els dits! \ud83e\udd0c \n\n\ud83c\udf00reserva@hsm.cat\n\u260e\ufe0f 977 405 811\n\n#hostalsantmiquel #hostalsantmiquelvinebre #vinebre #vinebreactiu #riberadebre #cuinacasolana\"\/><div class=\"swiper-lazy-preloader swiper-lazy-preloader-white\"><\/div><\/div>\n\t\t\t\t\t<div class=\"details-wrapper\">\n\t\t\t\t\t<div class=\"wpz-insta-header\">\n\t\t\t\t\t\t<div class=\"wpz-insta-avatar\">\n\t\t\t\t\t\t\t<img loading=\"lazy\" decoding=\"async\" src=\"https:\/\/hostalsantmiquel.com\/wp-content\/uploads\/2024\/08\/456199561_821906129729123_8620793724771214240_n-150x150.jpg\" alt=\"@hostalsantmiquel\" width=\"42\" height=\"42\"\/>\n\t\t\t\t\t\t<\/div>\n\t\t\t\t\t\t<div class=\"wpz-insta-buttons\">\n\t\t\t\t\t\t\t<div class=\"wpz-insta-username\">\n\t\t\t\t\t\t\t\t<a rel=\"noopener\" target=\"_blank\" href=\"https:\/\/instagram.com\/hostalsantmiquel\">@hostalsantmiquel<\/a>\n\t\t\t\t\t\t\t<\/div>\n\t\t\t\t\t\t\t<div>&bull;<\/div>\n\t\t\t\t\t\t\t<div class=\"wpz-insta-follow\">\n\t\t\t\t\t\t\t\t<a target=\"_blank\" rel=\"noopener\"\n\t\t\t\t\t\t\t\thref=\"https:\/\/instagram.com\/hostalsantmiquel?ref=badge\">\n\t\t\t\t\t\t\t\t\tSeguir\n\t\t\t\t\t\t\t\t<\/a>\n\t\t\t\t\t\t\t<\/div>\n\t\t\t\t\t\t<\/div>\n\t\t\t\t\t<\/div><div class=\"wpz-insta-caption\">\ud83d\ude0b Ets m\u00e9s d\u2019arr\u00f2s negre o d\u2019ensaladilla russa?\n\ud83d\udce3 Al nostre restaurant no cal triar\u2026 pots comen\u00e7ar amb un i acabar amb l\u2019altre! \ud83e\udd73\ud83c\udf7d\ufe0f\n\nFes una parada a l\u2019Hostal Sant Miquel i gaudeix del men\u00fa del dia amb plats casolans per llepar-se\u2019n els dits! \ud83e\udd0c \n\n\ud83c\udf00reserva@hsm.cat\n\u260e\ufe0f 977 405 811\n\n#hostalsantmiquel #hostalsantmiquelvinebre #vinebre #vinebreactiu #riberadebre #cuinacasolana<\/div><div class=\"wpz-insta-date\">hace 10 meses<\/div><div class=\"view-post\">\n\t\t\t\t\t<a href=\"https:\/\/www.instagram.com\/p\/DL69GGLN1H5\/\" target=\"_blank\" rel=\"noopener\"><span class=\"dashicons dashicons-instagram\"><\/span>Ver en Instagram<\/a>\n\t\t\t\t\t<span class=\"delimiter\">|<\/span>\n\t\t\t\t\t<div class=\"wpz-insta-pagination\">8\/9<\/div>\n\t\t\t\t\t<\/div><\/div><\/div><\/div><div data-uid=\"18068724923039765\" class=\"swiper-slide wpz-insta-lightbox-item\"><div class=\"wpz-insta-lightbox\"><div class=\"image-wrapper\"><img class=\"wpzoom-swiper-image swiper-lazy\" data-src=\"https:\/\/hostalsantmiquel.com\/wp-content\/uploads\/2024\/07\/514528412_17888910345289665_3337085924568034424_n.jpg\" alt=\"\ud83d\udea4 Aquest estiu\u2026 viu l\u2019Ebre des de dins!\nDes de l\u2019Hostal Sant Miquel et recomanem embarcar-te a bord de Lo Roget, la barcassa fluvial de l\u2019Ecomuseu de Deltebre que et permet descobrir el riu des d\u2019una altra perspectiva.\n\nUn passeig tranquil, ple d\u2019hist\u00f2ria, paisatge i natura. Ideal per a fam\u00edlies, parelles o amants de la Ribera! \ud83c\udf3f\ud83c\udf0a\n\nI despr\u00e9s de la ruta\u2026 t\u2019esperem a casa nostra per descansar com cal \ud83d\udecf\ufe0f\n\ud83d\udccdhostalsantmiquel.com\n\n@ascoturisme \n\n#LoRoget #TurismeFluvial #DescobreixElRiuEbre #RiberaDEbre #HostalSantMiquel #TurismeDeProximitat #ViuElRiu #Experi\u00e8ncies\u00daniques\"\/><div class=\"swiper-lazy-preloader swiper-lazy-preloader-white\"><\/div><\/div>\n\t\t\t\t\t<div class=\"details-wrapper\">\n\t\t\t\t\t<div class=\"wpz-insta-header\">\n\t\t\t\t\t\t<div class=\"wpz-insta-avatar\">\n\t\t\t\t\t\t\t<img loading=\"lazy\" decoding=\"async\" src=\"https:\/\/hostalsantmiquel.com\/wp-content\/uploads\/2024\/08\/456199561_821906129729123_8620793724771214240_n-150x150.jpg\" alt=\"@hostalsantmiquel\" width=\"42\" height=\"42\"\/>\n\t\t\t\t\t\t<\/div>\n\t\t\t\t\t\t<div class=\"wpz-insta-buttons\">\n\t\t\t\t\t\t\t<div class=\"wpz-insta-username\">\n\t\t\t\t\t\t\t\t<a rel=\"noopener\" target=\"_blank\" href=\"https:\/\/instagram.com\/hostalsantmiquel\">@hostalsantmiquel<\/a>\n\t\t\t\t\t\t\t<\/div>\n\t\t\t\t\t\t\t<div>&bull;<\/div>\n\t\t\t\t\t\t\t<div class=\"wpz-insta-follow\">\n\t\t\t\t\t\t\t\t<a target=\"_blank\" rel=\"noopener\"\n\t\t\t\t\t\t\t\thref=\"https:\/\/instagram.com\/hostalsantmiquel?ref=badge\">\n\t\t\t\t\t\t\t\t\tSeguir\n\t\t\t\t\t\t\t\t<\/a>\n\t\t\t\t\t\t\t<\/div>\n\t\t\t\t\t\t<\/div>\n\t\t\t\t\t<\/div><div class=\"wpz-insta-caption\">\ud83d\udea4 Aquest estiu\u2026 viu l\u2019Ebre des de dins!\nDes de l\u2019Hostal Sant Miquel et recomanem embarcar-te a bord de Lo Roget, la barcassa fluvial de l\u2019Ecomuseu de Deltebre que et permet descobrir el riu des d\u2019una altra perspectiva.\n\nUn passeig tranquil, ple d\u2019hist\u00f2ria, paisatge i natura. Ideal per a fam\u00edlies, parelles o amants de la Ribera! \ud83c\udf3f\ud83c\udf0a\n\nI despr\u00e9s de la ruta\u2026 t\u2019esperem a casa nostra per descansar com cal \ud83d\udecf\ufe0f\n\ud83d\udccdhostalsantmiquel.com\n\n@ascoturisme \n\n#LoRoget #TurismeFluvial #DescobreixElRiuEbre #RiberaDEbre #HostalSantMiquel #TurismeDeProximitat #ViuElRiu #Experi\u00e8ncies\u00daniques<\/div><div class=\"wpz-insta-date\">hace 10 meses<\/div><div class=\"view-post\">\n\t\t\t\t\t<a href=\"https:\/\/www.instagram.com\/p\/DLmuh5ktxbb\/\" target=\"_blank\" rel=\"noopener\"><span class=\"dashicons dashicons-instagram\"><\/span>Ver en Instagram<\/a>\n\t\t\t\t\t<span class=\"delimiter\">|<\/span>\n\t\t\t\t\t<div class=\"wpz-insta-pagination\">9\/9<\/div>\n\t\t\t\t\t<\/div><\/div><\/div><\/div><\/div><div class=\"swiper-button-prev\"><\/div><div class=\"swiper-button-next\"><\/div><\/div><\/div><\/div>[\/et_pb_code][\/et_pb_column][\/et_pb_row][et_pb_row column_structure=&#8221;3_5,2_5&#8243; _builder_version=&#8221;4.25.2&#8243; _module_preset=&#8221;default&#8221; custom_padding=&#8221;||0px|||&#8221; global_colors_info=&#8221;{}&#8221;][et_pb_column type=&#8221;3_5&#8243; _builder_version=&#8221;4.25.2&#8243; _module_preset=&#8221;default&#8221; global_colors_info=&#8221;{}&#8221;][et_pb_text _builder_version=&#8221;4.27.4&#8243; _module_preset=&#8221;4deaa1a6-d0cd-49d0-ada3-8dc22addd086&#8243; text_font=&#8221;Noto Sans|700||on|||||&#8221; text_text_color=&#8221;#1c7bb2&#8243; text_font_size=&#8221;17px&#8221; text_letter_spacing=&#8221;2px&#8221; header_font=&#8221;Noto Sans||||||||&#8221; header_text_color=&#8221;#6f9cbc&#8221; header_4_font=&#8221;Urbanist|800||on|||||&#8221; header_4_text_color=&#8221;#7C8B56&#8243; header_4_font_size=&#8221;16px&#8221; header_4_letter_spacing=&#8221;0.4em&#8221; header_4_line_height=&#8221;1.4em&#8221; text_orientation=&#8221;center&#8221; custom_margin=&#8221;||6px||false|false&#8221; header_4_font_size_tablet=&#8221;14px&#8221; header_4_font_size_phone=&#8221;12px&#8221; header_4_font_size_last_edited=&#8221;on|desktop&#8221; locked=&#8221;off&#8221; global_colors_info=&#8221;{}&#8221;]<\/p>\n<p style=\"text-align: left;\">Bar &#8211; Restaurant<\/p>\n<p>[\/et_pb_text][et_pb_text _builder_version=&#8221;4.25.2&#8243; _module_preset=&#8221;32021f09-dd67-47fb-8f9a-832b72a38baf&#8221; text_font=&#8221;Rozha One||||||||&#8221; text_text_color=&#8221;#6D0001&#8243; text_font_size=&#8221;45px&#8221; text_line_height=&#8221;1.3em&#8221; header_font=&#8221;Anton||||||||&#8221; header_text_align=&#8221;center&#8221; header_text_color=&#8221;#6D0001&#8243; header_2_font=&#8221;Urbanist|700|||||||&#8221; header_2_text_color=&#8221;#000000&#8243; header_2_font_size=&#8221;56px&#8221; header_2_letter_spacing=&#8221;-0.02em&#8221; header_2_line_height=&#8221;1.2em&#8221; custom_margin=&#8221;||10px||false|false&#8221; custom_padding=&#8221;9px|0px||0px|false|true&#8221; header_2_font_size_tablet=&#8221;32px&#8221; header_2_font_size_phone=&#8221;20px&#8221; header_2_font_size_last_edited=&#8221;on|phone&#8221; locked=&#8221;off&#8221; global_colors_info=&#8221;{}&#8221;]<\/p>\n<p style=\"text-align: left;\">Disposem d&#8217;un ampli servei d&#8217;hosteleria<br \/><o:p><\/o:p><\/p>\n<p>[\/et_pb_text][et_pb_divider color=&#8221;#4E8DB2&#8243; divider_style=&#8221;dotted&#8221; divider_position=&#8221;center&#8221; divider_weight=&#8221;4px&#8221; _builder_version=&#8221;4.25.2&#8243; _module_preset=&#8221;default&#8221; custom_margin=&#8221;||14px|||&#8221; global_colors_info=&#8221;{}&#8221;][\/et_pb_divider][et_pb_text _builder_version=&#8221;4.27.4&#8243; _module_preset=&#8221;default&#8221; text_font=&#8221;Noto Sans|500|||||||&#8221; text_text_color=&#8221;#1c7bb2&#8243; text_font_size=&#8221;16px&#8221; header_text_align=&#8221;left&#8221; custom_margin=&#8221;-3px||-8px|||&#8221; global_colors_info=&#8221;{}&#8221;]<\/p>\n<p style=\"text-align: left;\">Amb dos menjadors diferents amb capacitat per a <strong>100 comensals<\/strong> on podr\u00e0 disfrutar d&#8217;una cuina mediterr\u00e0nia i tradicional a preus molt assequibles.<\/p>\n<p style=\"text-align: left;\">A m\u00e9s a m\u00e9s tenim a la seva disposici\u00f3 el <strong>bar<\/strong>, amb una \u00e0mplia i confortable <strong>terrassa<\/strong> i un <strong>parc infantil<\/strong> per a la quitxalla. El lloc ideal per a relaxar-se despr\u00e9s d&#8217;un dia de treball o de plaer.<\/p>\n<p style=\"text-align: left;\">Vinguin a visitar-nos.<\/p>\n<p>[\/et_pb_text][\/et_pb_column][et_pb_column type=&#8221;2_5&#8243; _builder_version=&#8221;4.25.2&#8243; _module_preset=&#8221;default&#8221; global_colors_info=&#8221;{}&#8221;][et_pb_image src=&#8221;https:\/\/hostalsantmiquel.com\/wp-content\/uploads\/2024\/07\/Burger.png&#8221; alt=&#8221;Dibuix Burger apetitosa&#8221; title_text=&#8221;Burger Hostal Sant Miquel&#8221; align=&#8221;center&#8221; disabled_on=&#8221;on|on|off&#8221; _builder_version=&#8221;4.26.0&#8243; _module_preset=&#8221;default&#8221; transform_translate=&#8221;50px|0px&#8221; transform_translate_linked=&#8221;off&#8221; width=&#8221;95%&#8221; max_width=&#8221;95%&#8221; custom_padding=&#8221;65px|||||&#8221; animation_style=&#8221;roll&#8221; animation_duration=&#8221;1250ms&#8221; animation_delay=&#8221;450ms&#8221; global_colors_info=&#8221;{}&#8221; transform_styles__hover_enabled=&#8221;on|hover&#8221; transform_scale__hover_enabled=&#8221;on|hover&#8221; transform_translate__hover_enabled=&#8221;on|hover&#8221; transform_rotate__hover_enabled=&#8221;on|hover&#8221; transform_skew__hover_enabled=&#8221;on|desktop&#8221; transform_origin__hover_enabled=&#8221;on|desktop&#8221; transform_scale__hover=&#8221;111%|111%&#8221; transform_translate__hover=&#8221;14px|0px&#8221;][\/et_pb_image][\/et_pb_column][\/et_pb_row][et_pb_row column_structure=&#8221;1_2,1_2&#8243; _builder_version=&#8221;4.26.0&#8243; _module_preset=&#8221;default&#8221; custom_padding=&#8221;7px|||||&#8221; global_colors_info=&#8221;{}&#8221;][et_pb_column type=&#8221;1_2&#8243; _builder_version=&#8221;4.16&#8243; _module_preset=&#8221;default&#8221; global_colors_info=&#8221;{}&#8221;][et_pb_image src=&#8221;https:\/\/hostalsantmiquel.com\/wp-content\/uploads\/2024\/07\/Parc-2-1.jpg&#8221; title_text=&#8221;Parc-2&#8243; _builder_version=&#8221;4.27.0&#8243; _module_preset=&#8221;default&#8221; width=&#8221;96%&#8221; max_width=&#8221;96%&#8221; animation_style=&#8221;fade&#8221; border_radii=&#8221;off|44px|16px|44px|&#8221; border_width_all=&#8221;3.5px&#8221; border_color_all=&#8221;#4E8DB2&#8243; global_colors_info=&#8221;{}&#8221; transform_styles__hover_enabled=&#8221;on|hover&#8221; transform_scale__hover_enabled=&#8221;on|hover&#8221; transform_translate__hover_enabled=&#8221;on|desktop&#8221; transform_rotate__hover_enabled=&#8221;on|desktop&#8221; transform_skew__hover_enabled=&#8221;on|desktop&#8221; transform_origin__hover_enabled=&#8221;on|desktop&#8221; transform_scale__hover=&#8221;111%|111%&#8221;][\/et_pb_image][\/et_pb_column][et_pb_column type=&#8221;1_2&#8243; _builder_version=&#8221;4.16&#8243; _module_preset=&#8221;default&#8221; global_colors_info=&#8221;{}&#8221;][et_pb_image src=&#8221;https:\/\/hostalsantmiquel.com\/wp-content\/uploads\/2024\/07\/Menjador.jpg&#8221; title_text=&#8221;Menjador&#8221; _builder_version=&#8221;4.26.0&#8243; _module_preset=&#8221;default&#8221; width=&#8221;99%&#8221; max_width=&#8221;99%&#8221; custom_margin=&#8221;|||-20px||&#8221; custom_padding=&#8221;||0px|||&#8221; animation_style=&#8221;fade&#8221; border_radii=&#8221;off|44px|16px|44px|&#8221; border_width_all=&#8221;3.5px&#8221; border_color_all=&#8221;#6D0001&#8243; locked=&#8221;off&#8221; global_colors_info=&#8221;{}&#8221; transform_styles__hover_enabled=&#8221;on|hover&#8221; transform_scale__hover_enabled=&#8221;on|hover&#8221; transform_translate__hover_enabled=&#8221;on|desktop&#8221; transform_rotate__hover_enabled=&#8221;on|desktop&#8221; transform_skew__hover_enabled=&#8221;on|desktop&#8221; transform_origin__hover_enabled=&#8221;on|desktop&#8221; transform_scale__hover=&#8221;111%|111%&#8221;][\/et_pb_image][\/et_pb_column][\/et_pb_row][et_pb_row column_structure=&#8221;1_2,1_2&#8243; _builder_version=&#8221;4.16&#8243; _module_preset=&#8221;default&#8221; custom_padding=&#8221;7px|||||&#8221; global_colors_info=&#8221;{}&#8221;][et_pb_column type=&#8221;1_2&#8243; _builder_version=&#8221;4.16&#8243; _module_preset=&#8221;default&#8221; global_colors_info=&#8221;{}&#8221;][et_pb_image src=&#8221;https:\/\/hostalsantmiquel.com\/wp-content\/uploads\/2024\/07\/Bar.jpg&#8221; title_text=&#8221;Bar&#8221; _builder_version=&#8221;4.26.0&#8243; _module_preset=&#8221;default&#8221; custom_margin=&#8221;|-8px||||&#8221; animation_style=&#8221;fade&#8221; border_radii=&#8221;off|44px|16px|44px|&#8221; border_width_all=&#8221;3.5px&#8221; border_color_all=&#8221;#6D0001&#8243; global_colors_info=&#8221;{}&#8221; transform_styles__hover_enabled=&#8221;on|hover&#8221; transform_scale__hover_enabled=&#8221;on|hover&#8221; transform_translate__hover_enabled=&#8221;on|desktop&#8221; transform_rotate__hover_enabled=&#8221;on|desktop&#8221; transform_skew__hover_enabled=&#8221;on|desktop&#8221; transform_origin__hover_enabled=&#8221;on|desktop&#8221; transform_scale__hover=&#8221;111%|111%&#8221;][\/et_pb_image][\/et_pb_column][et_pb_column type=&#8221;1_2&#8243; _builder_version=&#8221;4.16&#8243; _module_preset=&#8221;default&#8221; global_colors_info=&#8221;{}&#8221;][et_pb_image src=&#8221;https:\/\/hostalsantmiquel.com\/wp-content\/uploads\/2024\/07\/Parc-web.jpg&#8221; title_text=&#8221;Parc-web&#8221; _builder_version=&#8221;4.26.0&#8243; _module_preset=&#8221;default&#8221; width=&#8221;93%&#8221; max_width=&#8221;93%&#8221; custom_margin=&#8221;|||2px||&#8221; custom_padding=&#8221;||0px|||&#8221; animation_style=&#8221;fade&#8221; border_radii=&#8221;off|44px|16px|44px|&#8221; border_width_all=&#8221;3.5px&#8221; border_color_all=&#8221;#4E8DB2&#8243; locked=&#8221;off&#8221; global_colors_info=&#8221;{}&#8221; transform_styles__hover_enabled=&#8221;on|hover&#8221; transform_scale__hover_enabled=&#8221;on|hover&#8221; transform_translate__hover_enabled=&#8221;on|desktop&#8221; transform_rotate__hover_enabled=&#8221;on|desktop&#8221; transform_skew__hover_enabled=&#8221;on|desktop&#8221; transform_origin__hover_enabled=&#8221;on|desktop&#8221; transform_scale__hover=&#8221;111%|111%&#8221;][\/et_pb_image][\/et_pb_column][\/et_pb_row][\/et_pb_section][et_pb_section fb_built=&#8221;1&#8243; prev_background_color=&#8221;#FFFFFF&#8221; next_background_color=&#8221;#FFFFFF&#8221; module_id=&#8221;activitats&#8221; _builder_version=&#8221;4.25.2&#8243; _module_preset=&#8221;default&#8221; background_color=&#8221;#4E8DB2&#8243; background_enable_pattern_style=&#8221;on&#8221; background_pattern_style=&#8221;tufted&#8221; background_pattern_color=&#8221;#FFFFFF&#8221; background_pattern_size=&#8221;custom&#8221; background_pattern_width=&#8221;20px&#8221; background_pattern_height=&#8221;0px&#8221; custom_padding=&#8221;83px||104px||false|&#8221; top_divider_style=&#8221;mountains&#8221; bottom_divider_style=&#8221;mountains&#8221; bottom_divider_flip=&#8221;vertical&#8221; global_colors_info=&#8221;{}&#8221;][et_pb_row _builder_version=&#8221;4.25.2&#8243; _module_preset=&#8221;default&#8221; custom_padding=&#8221;||4px|||&#8221; global_colors_info=&#8221;{}&#8221;][et_pb_column type=&#8221;4_4&#8243; _builder_version=&#8221;4.25.2&#8243; _module_preset=&#8221;default&#8221; global_colors_info=&#8221;{}&#8221;][et_pb_text _builder_version=&#8221;4.25.2&#8243; _module_preset=&#8221;4deaa1a6-d0cd-49d0-ada3-8dc22addd086&#8243; text_font=&#8221;Noto Sans|700||on|||||&#8221; text_text_color=&#8221;#FFFBF9&#8243; text_font_size=&#8221;17px&#8221; text_letter_spacing=&#8221;2px&#8221; header_font=&#8221;Noto Sans||||||||&#8221; header_text_color=&#8221;#6f9cbc&#8221; header_4_font=&#8221;Urbanist|800||on|||||&#8221; header_4_text_color=&#8221;#7C8B56&#8243; header_4_font_size=&#8221;16px&#8221; header_4_letter_spacing=&#8221;0.4em&#8221; header_4_line_height=&#8221;1.4em&#8221; text_orientation=&#8221;center&#8221; custom_margin=&#8221;||6px||false|false&#8221; header_4_font_size_tablet=&#8221;14px&#8221; header_4_font_size_phone=&#8221;12px&#8221; header_4_font_size_last_edited=&#8221;on|desktop&#8221; locked=&#8221;off&#8221; global_colors_info=&#8221;{}&#8221;]<\/p>\n<p style=\"text-align: center;\">Activitats<\/p>\n<p>[\/et_pb_text][et_pb_text _builder_version=&#8221;4.25.2&#8243; _module_preset=&#8221;32021f09-dd67-47fb-8f9a-832b72a38baf&#8221; text_font=&#8221;Rozha One||||||||&#8221; text_text_color=&#8221;#FFF7F2&#8243; text_font_size=&#8221;45px&#8221; text_line_height=&#8221;1.5em&#8221; header_font=&#8221;Rozha One||||||||&#8221; header_text_align=&#8221;center&#8221; header_text_color=&#8221;#AA1618&#8243; header_font_size=&#8221;45px&#8221; header_2_font=&#8221;Urbanist|700|||||||&#8221; header_2_text_color=&#8221;#000000&#8243; header_2_font_size=&#8221;56px&#8221; header_2_letter_spacing=&#8221;-0.02em&#8221; header_2_line_height=&#8221;1.2em&#8221; text_orientation=&#8221;center&#8221; custom_margin=&#8221;||10px||false|false&#8221; custom_padding=&#8221;9px|0px||0px|false|true&#8221; header_2_font_size_tablet=&#8221;32px&#8221; header_2_font_size_phone=&#8221;20px&#8221; header_2_font_size_last_edited=&#8221;on|phone&#8221; locked=&#8221;off&#8221; global_colors_info=&#8221;{}&#8221;]<\/p>\n<p style=\"text-align: center;\">Que fer<o:p><\/o:p><\/p>\n<p>[\/et_pb_text][et_pb_divider color=&#8221;#FFFBF9&#8243; divider_style=&#8221;dotted&#8221; divider_position=&#8221;center&#8221; divider_weight=&#8221;4px&#8221; _builder_version=&#8221;4.25.2&#8243; _module_preset=&#8221;default&#8221; custom_margin=&#8221;||14px|||&#8221; global_colors_info=&#8221;{}&#8221;][\/et_pb_divider][et_pb_text _builder_version=&#8221;4.25.2&#8243; _module_preset=&#8221;default&#8221; text_font=&#8221;Noto Sans|500|||||||&#8221; text_text_color=&#8221;#FFFBF9&#8243; text_font_size=&#8221;16px&#8221; header_text_align=&#8221;left&#8221; header_text_color=&#8221;#FFFFFF&#8221; text_orientation=&#8221;center&#8221; custom_margin=&#8221;20px|||||&#8221; global_colors_info=&#8221;{}&#8221;]<\/p>\n<p style=\"text-align: center;\">Podeu <strong>practicar<\/strong> l\u2019esport de <strong>la pesca<\/strong>, a riu lliure a 1 Km de l\u2019hostal o als propers embassaments de Flix i Riba-Roja d\u2019Ebre.<br \/>Descansar a les \u00e0mplies habitacions amb bany, TV per cable, <strong>Wi-fi Gratu\u00eft<\/strong> i totes les instal\u00b7lacions pensades per a la comoditat dels nostres clients.<br \/>Al menjador podeu gaudir de la cuina tradicional i els sabors dels productes del poble.<\/p>\n<p>[\/et_pb_text][et_pb_text _builder_version=&#8221;4.25.2&#8243; _module_preset=&#8221;4deaa1a6-d0cd-49d0-ada3-8dc22addd086&#8243; text_font=&#8221;Noto Sans|700||on|||||&#8221; text_text_color=&#8221;#FFFBF9&#8243; text_font_size=&#8221;17px&#8221; text_letter_spacing=&#8221;2px&#8221; header_font=&#8221;Noto Sans||||||||&#8221; header_text_color=&#8221;#6f9cbc&#8221; header_4_font=&#8221;Urbanist|800||on|||||&#8221; header_4_text_color=&#8221;#7C8B56&#8243; header_4_font_size=&#8221;16px&#8221; header_4_letter_spacing=&#8221;0.4em&#8221; header_4_line_height=&#8221;1.4em&#8221; text_orientation=&#8221;center&#8221; custom_margin=&#8221;||6px||false|false&#8221; header_4_font_size_tablet=&#8221;14px&#8221; header_4_font_size_phone=&#8221;12px&#8221; header_4_font_size_last_edited=&#8221;on|desktop&#8221; locked=&#8221;off&#8221; global_colors_info=&#8221;{}&#8221;]<\/p>\n<p style=\"text-align: center;\">Estem al mig d\u2019una comarca amb gran quantitat d\u2019ofertes culturals, esportives i gastron\u00f2miques:<\/p>\n<p>[\/et_pb_text][\/et_pb_column][\/et_pb_row][et_pb_row column_structure=&#8221;1_3,1_3,1_3&#8243; _builder_version=&#8221;4.25.2&#8243; _module_preset=&#8221;default&#8221; custom_padding=&#8221;||22px|||&#8221; global_colors_info=&#8221;{}&#8221;][et_pb_column type=&#8221;1_3&#8243; _builder_version=&#8221;4.25.2&#8243; _module_preset=&#8221;default&#8221; global_colors_info=&#8221;{}&#8221;][et_pb_image src=&#8221;https:\/\/hostalsantmiquel.com\/wp-content\/uploads\/2024\/07\/ceramica.jpg&#8221; alt=&#8221;Cer\u00e0mica&#8221; title_text=&#8221;Cer\u00e0mica&#8221; url=&#8221;https:\/\/www.turismemiravet.cat\/proposta\/la-ceramica-miravetana\/&#8221; url_new_window=&#8221;on&#8221; align=&#8221;center&#8221; _builder_version=&#8221;4.27.4&#8243; _module_preset=&#8221;default&#8221; width=&#8221;60%&#8221; max_width=&#8221;60%&#8221; animation_style=&#8221;fold&#8221; animation_duration=&#8221;400ms&#8221; border_radii=&#8221;on|836px|836px|836px|836px&#8221; box_shadow_style=&#8221;preset1&#8243; global_colors_info=&#8221;{}&#8221; transform_styles__hover_enabled=&#8221;on|hover&#8221; transform_scale__hover_enabled=&#8221;on|hover&#8221; transform_translate__hover_enabled=&#8221;on|desktop&#8221; transform_rotate__hover_enabled=&#8221;on|desktop&#8221; transform_skew__hover_enabled=&#8221;on|desktop&#8221; transform_origin__hover_enabled=&#8221;on|desktop&#8221; transform_scale__hover=&#8221;110%|110%&#8221;][\/et_pb_image][et_pb_text _builder_version=&#8221;4.25.2&#8243; _module_preset=&#8221;default&#8221; text_font=&#8221;Noto Sans|500|||||||&#8221; text_text_color=&#8221;#FFFBF9&#8243; text_font_size=&#8221;16px&#8221; text_orientation=&#8221;center&#8221; custom_margin=&#8221;1px||5px|||&#8221; global_colors_info=&#8221;{}&#8221;]<\/p>\n<p style=\"text-align: center;\">Les terrisses de <strong>Miravet<\/strong><\/p>\n<p>[\/et_pb_text][\/et_pb_column][et_pb_column type=&#8221;1_3&#8243; _builder_version=&#8221;4.25.2&#8243; _module_preset=&#8221;default&#8221; global_colors_info=&#8221;{}&#8221;][et_pb_image src=&#8221;https:\/\/hostalsantmiquel.com\/wp-content\/uploads\/2024\/07\/esglesia.jpg&#8221; alt=&#8221;Esgl\u00e9sia&#8221; title_text=&#8221;Esgl\u00e9sia&#8221; url=&#8221;https:\/\/www.palmadebre.cat\/producte\/esglesia-romanica-s-xii-xiii-placeta-de-la-romanica-1\/&#8221; url_new_window=&#8221;on&#8221; align=&#8221;center&#8221; _builder_version=&#8221;4.27.4&#8243; _module_preset=&#8221;default&#8221; width=&#8221;60%&#8221; max_width=&#8221;60%&#8221; animation_style=&#8221;fold&#8221; animation_duration=&#8221;400ms&#8221; border_radii=&#8221;on|836px|836px|836px|836px&#8221; box_shadow_style=&#8221;preset1&#8243; global_colors_info=&#8221;{}&#8221; transform_styles__hover_enabled=&#8221;on|hover&#8221; transform_scale__hover_enabled=&#8221;on|hover&#8221; transform_translate__hover_enabled=&#8221;on|desktop&#8221; transform_rotate__hover_enabled=&#8221;on|desktop&#8221; transform_skew__hover_enabled=&#8221;on|desktop&#8221; transform_origin__hover_enabled=&#8221;on|desktop&#8221; transform_scale__hover=&#8221;110%|110%&#8221;][\/et_pb_image][et_pb_text _builder_version=&#8221;4.25.2&#8243; _module_preset=&#8221;default&#8221; text_font=&#8221;Noto Sans|500|||||||&#8221; text_text_color=&#8221;#FFFBF9&#8243; text_font_size=&#8221;16px&#8221; header_text_color=&#8221;#FFFBF9&#8243; text_orientation=&#8221;center&#8221; custom_margin=&#8221;1px||5px|||&#8221; global_colors_info=&#8221;{}&#8221;]<\/p>\n<p style=\"text-align: center;\">L\u2019esgl\u00e9sia rom\u00e0nica de <strong>La Palma d\u2019Ebre<\/strong><\/p>\n<p>[\/et_pb_text][\/et_pb_column][et_pb_column type=&#8221;1_3&#8243; _builder_version=&#8221;4.25.2&#8243; _module_preset=&#8221;default&#8221; global_colors_info=&#8221;{}&#8221;][et_pb_image src=&#8221;https:\/\/hostalsantmiquel.com\/wp-content\/uploads\/2024\/07\/pauma-1.jpg&#8221; alt=&#8221;Cabassos&#8221; title_text=&#8221;Cabassos&#8221; url=&#8221;https:\/\/www.rasqueraturisme.com\/artesania-de-la-pauma\/&#8221; url_new_window=&#8221;on&#8221; align=&#8221;center&#8221; _builder_version=&#8221;4.27.4&#8243; _module_preset=&#8221;default&#8221; background_color=&#8221;RGBA(255,255,255,0)&#8221; width=&#8221;60%&#8221; max_width=&#8221;60%&#8221; animation_style=&#8221;fold&#8221; animation_duration=&#8221;400ms&#8221; border_radii=&#8221;on|836px|836px|836px|836px&#8221; border_color_all=&#8221;#6D0001&#8243; box_shadow_style=&#8221;preset1&#8243; global_colors_info=&#8221;{}&#8221; transform_styles__hover_enabled=&#8221;on|hover&#8221; transform_scale__hover_enabled=&#8221;on|hover&#8221; transform_translate__hover_enabled=&#8221;on|desktop&#8221; transform_rotate__hover_enabled=&#8221;on|desktop&#8221; transform_skew__hover_enabled=&#8221;on|desktop&#8221; transform_origin__hover_enabled=&#8221;on|desktop&#8221; transform_scale__hover=&#8221;110%|110%&#8221;][\/et_pb_image][et_pb_text _builder_version=&#8221;4.25.2&#8243; _module_preset=&#8221;default&#8221; text_font=&#8221;Noto Sans|500|||||||&#8221; text_text_color=&#8221;#FFFBF9&#8243; text_font_size=&#8221;16px&#8221; text_orientation=&#8221;center&#8221; custom_margin=&#8221;1px||5px|||&#8221; global_colors_info=&#8221;{}&#8221;]<\/p>\n<p style=\"text-align: center;\">Els cabassos de <strong>Rasquera<\/strong><\/p>\n<p>[\/et_pb_text][\/et_pb_column][\/et_pb_row][et_pb_row _builder_version=&#8221;4.25.2&#8243; _module_preset=&#8221;default&#8221; custom_margin=&#8221;4px|auto||auto||&#8221; custom_padding=&#8221;3px|||||&#8221; global_colors_info=&#8221;{}&#8221;][et_pb_column type=&#8221;4_4&#8243; _builder_version=&#8221;4.25.2&#8243; _module_preset=&#8221;default&#8221; global_colors_info=&#8221;{}&#8221;][et_pb_divider color=&#8221;#FFFFFF&#8221; divider_style=&#8221;dotted&#8221; divider_weight=&#8221;3px&#8221; _builder_version=&#8221;4.25.2&#8243; _module_preset=&#8221;default&#8221; custom_margin=&#8221;9px||2px|||&#8221; custom_padding=&#8221;||0px|||&#8221; global_colors_info=&#8221;{}&#8221;][\/et_pb_divider][et_pb_text _builder_version=&#8221;4.25.2&#8243; _module_preset=&#8221;4deaa1a6-d0cd-49d0-ada3-8dc22addd086&#8243; text_font=&#8221;Noto Sans|700||on|||||&#8221; text_text_color=&#8221;#FFFBF9&#8243; text_font_size=&#8221;17px&#8221; text_letter_spacing=&#8221;2px&#8221; header_font=&#8221;Noto Sans||||||||&#8221; header_text_color=&#8221;#6f9cbc&#8221; header_4_font=&#8221;Urbanist|800||on|||||&#8221; header_4_text_color=&#8221;#7C8B56&#8243; header_4_font_size=&#8221;16px&#8221; header_4_letter_spacing=&#8221;0.4em&#8221; header_4_line_height=&#8221;1.4em&#8221; text_orientation=&#8221;center&#8221; custom_margin=&#8221;12px||6px||false|false&#8221; header_4_font_size_tablet=&#8221;14px&#8221; header_4_font_size_phone=&#8221;12px&#8221; header_4_font_size_last_edited=&#8221;on|desktop&#8221; locked=&#8221;off&#8221; global_colors_info=&#8221;{}&#8221;]<\/p>\n<p style=\"text-align: center;\">Tamb\u00e9 som part de dues rutes de primer ordre<\/p>\n<p>[\/et_pb_text][\/et_pb_column][\/et_pb_row][et_pb_row column_structure=&#8221;1_2,1_2&#8243; _builder_version=&#8221;4.25.2&#8243; _module_preset=&#8221;default&#8221; custom_margin=&#8221;-6px|auto||auto||&#8221; custom_padding=&#8221;5px||39px|||&#8221; global_colors_info=&#8221;{}&#8221;][et_pb_column type=&#8221;1_2&#8243; _builder_version=&#8221;4.25.2&#8243; _module_preset=&#8221;default&#8221; global_colors_info=&#8221;{}&#8221;][et_pb_image src=&#8221;https:\/\/hostalsantmiquel.com\/wp-content\/uploads\/2024\/07\/castellet-Banyoles.jpg&#8221; alt=&#8221;Castellet de Banyoles&#8221; title_text=&#8221;Castellet de Banyoles&#8221; url=&#8221;https:\/\/www.turismeriberaebre.org\/que-fer\/patrimoni-cultural\/rutes\/la-ruta-dels-ibers\/&#8221; url_new_window=&#8221;on&#8221; align=&#8221;center&#8221; _builder_version=&#8221;4.27.4&#8243; _module_preset=&#8221;default&#8221; width=&#8221;47%&#8221; max_width=&#8221;47%&#8221; animation_style=&#8221;fold&#8221; animation_duration=&#8221;400ms&#8221; border_radii=&#8221;on|836px|836px|836px|836px&#8221; box_shadow_style=&#8221;preset1&#8243; global_colors_info=&#8221;{}&#8221; transform_styles__hover_enabled=&#8221;on|hover&#8221; transform_scale__hover_enabled=&#8221;on|hover&#8221; transform_translate__hover_enabled=&#8221;on|desktop&#8221; transform_rotate__hover_enabled=&#8221;on|desktop&#8221; transform_skew__hover_enabled=&#8221;on|desktop&#8221; transform_origin__hover_enabled=&#8221;on|desktop&#8221; transform_scale__hover=&#8221;110%|110%&#8221;][\/et_pb_image][et_pb_text _builder_version=&#8221;4.25.2&#8243; _module_preset=&#8221;default&#8221; text_font=&#8221;Noto Sans|500|||||||&#8221; text_text_color=&#8221;#FFFBF9&#8243; text_font_size=&#8221;16px&#8221; header_text_color=&#8221;#FFFBF9&#8243; text_orientation=&#8221;center&#8221; custom_margin=&#8221;1px||5px|||&#8221; global_colors_info=&#8221;{}&#8221;]<\/p>\n<p style=\"text-align: center;\">La <strong>Ruta dels Ibers<\/strong> amb <strong>l\u2019establiment ib\u00e8ric de Sant Miquel<\/strong> de <strong>Vinebre<\/strong> i el <strong>poblat ib\u00e8ric<\/strong> &#8220;<strong>Castellet de Banyoles<\/strong>&#8221; de <strong>Tivissa<\/strong><\/p>\n<p>[\/et_pb_text][\/et_pb_column][et_pb_column type=&#8221;1_2&#8243; _builder_version=&#8221;4.25.2&#8243; _module_preset=&#8221;default&#8221; global_colors_info=&#8221;{}&#8221;][et_pb_image src=&#8221;https:\/\/hostalsantmiquel.com\/wp-content\/uploads\/2024\/07\/castell-Mora-1&#215;1-1.jpg&#8221; alt=&#8221;Castell de M\u00f3ra d&#8217;Ebre&#8221; title_text=&#8221;Castell de M\u00f3ra d&#8217;Ebre&#8221; url=&#8221;https:\/\/www.turismeriberaebre.org\/que-fer\/patrimoni-cultural\/rutes\/la-ruta-del-temple\/&#8221; url_new_window=&#8221;on&#8221; align=&#8221;center&#8221; _builder_version=&#8221;4.27.4&#8243; _module_preset=&#8221;default&#8221; width=&#8221;47%&#8221; max_width=&#8221;47%&#8221; animation_style=&#8221;fold&#8221; animation_duration=&#8221;400ms&#8221; border_radii=&#8221;on|836px|836px|836px|836px&#8221; box_shadow_style=&#8221;preset1&#8243; global_colors_info=&#8221;{}&#8221; transform_styles__hover_enabled=&#8221;on|hover&#8221; transform_scale__hover_enabled=&#8221;on|hover&#8221; transform_translate__hover_enabled=&#8221;on|desktop&#8221; transform_rotate__hover_enabled=&#8221;on|desktop&#8221; transform_skew__hover_enabled=&#8221;on|desktop&#8221; transform_origin__hover_enabled=&#8221;on|desktop&#8221; transform_scale__hover=&#8221;110%|110%&#8221;][\/et_pb_image][et_pb_text _builder_version=&#8221;4.25.2&#8243; _module_preset=&#8221;default&#8221; text_font=&#8221;Noto Sans|500|||||||&#8221; text_text_color=&#8221;#FFFBF9&#8243; text_font_size=&#8221;16px&#8221; header_text_color=&#8221;#FFFBF9&#8243; text_orientation=&#8221;center&#8221; custom_margin=&#8221;1px||5px|||&#8221; global_colors_info=&#8221;{}&#8221;]<\/p>\n<p style=\"text-align: center;\">La <strong>Ruta dels Templers<\/strong> amb els <strong>castells<\/strong> de <strong>Miravet<\/strong>, <strong>M\u00f3ra d\u2019Ebre<\/strong>, <strong>Asc\u00f3<\/strong>&#8230;<\/p>\n<p>[\/et_pb_text][\/et_pb_column][\/et_pb_row][\/et_pb_section][et_pb_section fb_built=&#8221;1&#8243; module_id=&#8221;contacte&#8221; _builder_version=&#8221;4.26.0&#8243; _module_preset=&#8221;default&#8221; background_color=&#8221;#FFFFFF&#8221; background_enable_mask_style=&#8221;on&#8221; background_mask_style=&#8221;corner-pill&#8221; background_mask_color=&#8221;rgba(109,0,1,0.11)&#8221; background_mask_transform=&#8221;invert|flip_vertical&#8221; custom_padding=&#8221;4px||16px|||&#8221; global_colors_info=&#8221;{}&#8221;][et_pb_row column_structure=&#8221;1_2,1_2&#8243; _builder_version=&#8221;4.25.2&#8243; _module_preset=&#8221;default&#8221; global_colors_info=&#8221;{}&#8221;][et_pb_column type=&#8221;1_2&#8243; _builder_version=&#8221;4.25.2&#8243; _module_preset=&#8221;default&#8221; global_colors_info=&#8221;{}&#8221;][et_pb_text _builder_version=&#8221;4.27.4&#8243; _module_preset=&#8221;4deaa1a6-d0cd-49d0-ada3-8dc22addd086&#8243; text_font=&#8221;Noto Sans|700||on|||||&#8221; text_text_color=&#8221;#1c7bb2&#8243; text_font_size=&#8221;17px&#8221; text_letter_spacing=&#8221;2px&#8221; header_font=&#8221;Noto Sans||||||||&#8221; header_text_color=&#8221;#1c7bb2&#8243; header_4_font=&#8221;Urbanist|800||on|||||&#8221; header_4_text_color=&#8221;#1c7bb2&#8243; header_4_font_size=&#8221;16px&#8221; header_4_letter_spacing=&#8221;0.4em&#8221; header_4_line_height=&#8221;1.4em&#8221; text_orientation=&#8221;center&#8221; custom_margin=&#8221;||6px||false|false&#8221; header_4_font_size_tablet=&#8221;14px&#8221; header_4_font_size_phone=&#8221;12px&#8221; header_4_font_size_last_edited=&#8221;on|desktop&#8221; locked=&#8221;off&#8221; global_colors_info=&#8221;{}&#8221;]<\/p>\n<p style=\"text-align: left;\">Contacte<\/p>\n<p>[\/et_pb_text][et_pb_text _builder_version=&#8221;4.25.2&#8243; _module_preset=&#8221;32021f09-dd67-47fb-8f9a-832b72a38baf&#8221; text_font=&#8221;Rozha One||||||||&#8221; text_text_color=&#8221;#6D0001&#8243; text_font_size=&#8221;45px&#8221; text_line_height=&#8221;1.3em&#8221; header_font=&#8221;Anton||||||||&#8221; header_text_align=&#8221;center&#8221; header_text_color=&#8221;#6D0001&#8243; header_2_font=&#8221;Urbanist|700|||||||&#8221; header_2_text_color=&#8221;#000000&#8243; header_2_font_size=&#8221;56px&#8221; header_2_letter_spacing=&#8221;-0.02em&#8221; header_2_line_height=&#8221;1.2em&#8221; custom_margin=&#8221;||10px||false|false&#8221; custom_padding=&#8221;9px|0px||0px|false|true&#8221; header_2_font_size_tablet=&#8221;32px&#8221; header_2_font_size_phone=&#8221;20px&#8221; header_2_font_size_last_edited=&#8221;on|phone&#8221; locked=&#8221;off&#8221; global_colors_info=&#8221;{}&#8221;]<\/p>\n<p style=\"text-align: left;\">On som<br \/><o:p><\/o:p><\/p>\n<p>[\/et_pb_text][et_pb_divider color=&#8221;#4E8DB2&#8243; divider_style=&#8221;dotted&#8221; divider_position=&#8221;center&#8221; divider_weight=&#8221;4px&#8221; _builder_version=&#8221;4.25.2&#8243; _module_preset=&#8221;default&#8221; custom_margin=&#8221;||14px|||&#8221; global_colors_info=&#8221;{}&#8221;][\/et_pb_divider][et_pb_text _builder_version=&#8221;4.27.4&#8243; _module_preset=&#8221;default&#8221; text_font=&#8221;Noto Sans|500|||||||&#8221; text_text_color=&#8221;#1c7bb2&#8243; text_font_size=&#8221;16px&#8221; header_text_align=&#8221;left&#8221; custom_margin=&#8221;-3px|||||&#8221; global_colors_info=&#8221;{}&#8221;]<\/p>\n<p><strong>Adre\u00e7a<\/strong><br \/>Carrer Sant Miquel, 36-38 Vinebre, Tarragona, Espanya 43792<br \/><strong><\/strong><\/p>\n<p><strong>Correu electr\u00f2nic<br \/><\/strong><a href=\"mailto:reserva@hsm.cat\"><span style=\"color: #4e8db2;\"><span style=\"color: #6d0001;\">reserva@hsm.cat <\/span><\/span><\/a><\/p>\n<p><strong>Tel\u00e8fon<\/strong><br \/>977 405 811<\/p>\n<p><strong>Coordenades GPS<br \/><\/strong>41\u00b010&#8217;56.21&#8243;N \/ 35&#8217;28.98&#8243;E<\/p>\n<p>[\/et_pb_text][et_pb_text _builder_version=&#8221;4.27.4&#8243; _module_preset=&#8221;default&#8221; text_font=&#8221;Noto Sans|500|||||||&#8221; text_text_color=&#8221;#1c7bb2&#8243; text_font_size=&#8221;16px&#8221; header_text_align=&#8221;left&#8221; custom_margin=&#8221;-3px|||||&#8221; global_colors_info=&#8221;{}&#8221;]<\/p>\n<p>Poden utilitzar aquest formulari i el correu electr\u00f2nic per a fer les reserves, nosaltres ja ens posarem en contacte amb vost\u00e8.<\/p>\n<p>[\/et_pb_text][\/et_pb_column][et_pb_column type=&#8221;1_2&#8243; _builder_version=&#8221;4.25.2&#8243; _module_preset=&#8221;default&#8221; global_colors_info=&#8221;{}&#8221;][dnxte_minimal_image_hover _builder_version=&#8221;4.25.2&#8243; _module_preset=&#8221;default&#8221; custom_padding=&#8221;100px|||||&#8221; global_colors_info=&#8221;{}&#8221;][\/dnxte_minimal_image_hover][et_pb_image src=&#8221;https:\/\/hostalsantmiquel.com\/wp-content\/uploads\/2024\/07\/ilustracio-Estem-oberts-tot-lany.png&#8221; title_text=&#8221;ilustracio-Estem-oberts-tot-l&#8217;any&#8221; disabled_on=&#8221;on|on|off&#8221; _builder_version=&#8221;4.26.0&#8243; _module_preset=&#8221;default&#8221; width=&#8221;60%&#8221; max_width=&#8221;60%&#8221; custom_margin=&#8221;-23px||-8px|||&#8221; custom_padding=&#8221;||0px|||&#8221; animation_style=&#8221;roll&#8221; animation_duration=&#8221;1450ms&#8221; global_colors_info=&#8221;{}&#8221; transform_styles__hover_enabled=&#8221;on|hover&#8221; transform_scale__hover_enabled=&#8221;on|hover&#8221; transform_translate__hover_enabled=&#8221;on|desktop&#8221; transform_rotate__hover_enabled=&#8221;on|desktop&#8221; transform_skew__hover_enabled=&#8221;on|desktop&#8221; transform_origin__hover_enabled=&#8221;on|desktop&#8221; transform_scale__hover=&#8221;116%|116%&#8221; transform_rotate__hover=&#8221;0deg|0deg|358deg&#8221;][\/et_pb_image][\/et_pb_column][\/et_pb_row][et_pb_row _builder_version=&#8221;4.25.2&#8243; _module_preset=&#8221;default&#8221; custom_padding=&#8221;2px|||||&#8221; global_colors_info=&#8221;{}&#8221;][et_pb_column type=&#8221;4_4&#8243; _builder_version=&#8221;4.25.2&#8243; _module_preset=&#8221;default&#8221; global_colors_info=&#8221;{}&#8221;][et_pb_contact_form use_spam_service=&#8221;on&#8221; email=&#8221;reserva@hsm.cat&#8221; title=&#8221;Formulari de contacte i reserva&#8221; custom_message=&#8221;Formulari de Contacte &#8211; Hostal Sant Miquel (Web)||et_pb_line_break_holder||||et_pb_line_break_holder||El seu nom: %%nom%%||et_pb_line_break_holder||El seu email: %%email%%||et_pb_line_break_holder||T\u00edtol del missatge: %%titol%%||et_pb_line_break_holder||El seu missatge: %%missatge%%||et_pb_line_break_holder||&#8221; success_message=&#8221;S&#8217;ha enviat correctament.&#8221; submit_button_text=&#8221;Enviar&#8221; _builder_version=&#8221;4.27.4&#8243; _module_preset=&#8221;default&#8221; _unique_id=&#8221;6ba6753e-1eee-4fec-aecc-14db6fbb16b9&#8243; form_field_background_color=&#8221;#FFFBF9&#8243; form_field_text_color=&#8221;#1c7bb2&#8243; form_field_focus_text_color=&#8221;#1c7bb2&#8243; title_font=&#8221;Noto Sans|700||on|||||&#8221; title_text_color=&#8221;#1c7bb2&#8243; title_font_size=&#8221;17px&#8221; title_letter_spacing=&#8221;2px&#8221; captcha_font=&#8221;Noto Sans|700|||||||&#8221; captcha_text_color=&#8221;#1c7bb2&#8243; form_field_font=&#8221;||||||||&#8221; custom_button=&#8221;on&#8221; button_text_size=&#8221;17px&#8221; button_text_color=&#8221;#6D0001&#8243; button_border_color=&#8221;#6D0001&#8243; button_font=&#8221;|||on|||||&#8221; hover_enabled=&#8221;0&#8243; border_width_all=&#8221;1px&#8221; border_color_all=&#8221;#1c7bb2&#8243; border_style_all=&#8221;solid&#8221; global_colors_info=&#8221;{}&#8221; button_text_color__hover_enabled=&#8221;on|hover&#8221; button_text_color__hover=&#8221;#FFFFFF&#8221; button_border_color__hover_enabled=&#8221;on|hover&#8221; button_bg_color__hover_enabled=&#8221;on|hover&#8221; button_bg_color__hover=&#8221;#6D0001&#8243; button_bg_enable_color__hover=&#8221;on&#8221; button_border_color__hover=&#8221;#6D0001&#8243; recaptcha_list=&#8221;Hostal Sant Miquel|Hostal Sant Miquel-0&#8243; sticky_enabled=&#8221;0&#8243;][et_pb_contact_field field_id=&#8221;Nom&#8221; field_title=&#8221;El seu nom&#8221; fullwidth_field=&#8221;on&#8221; _builder_version=&#8221;4.25.2&#8243; global_colors_info=&#8221;{}&#8221; button_text_size__hover_enabled=&#8221;off&#8221; button_one_text_size__hover_enabled=&#8221;off&#8221; button_two_text_size__hover_enabled=&#8221;off&#8221; button_text_color__hover_enabled=&#8221;off&#8221; button_one_text_color__hover_enabled=&#8221;off&#8221; button_two_text_color__hover_enabled=&#8221;off&#8221; button_border_width__hover_enabled=&#8221;off&#8221; button_one_border_width__hover_enabled=&#8221;off&#8221; button_two_border_width__hover_enabled=&#8221;off&#8221; button_border_color__hover_enabled=&#8221;off&#8221; button_one_border_color__hover_enabled=&#8221;off&#8221; button_two_border_color__hover_enabled=&#8221;off&#8221; button_border_radius__hover_enabled=&#8221;off&#8221; button_one_border_radius__hover_enabled=&#8221;off&#8221; button_two_border_radius__hover_enabled=&#8221;off&#8221; button_letter_spacing__hover_enabled=&#8221;off&#8221; button_one_letter_spacing__hover_enabled=&#8221;off&#8221; button_two_letter_spacing__hover_enabled=&#8221;off&#8221; button_bg_color__hover_enabled=&#8221;off&#8221; button_one_bg_color__hover_enabled=&#8221;off&#8221; button_two_bg_color__hover_enabled=&#8221;off&#8221;][\/et_pb_contact_field][et_pb_contact_field field_id=&#8221;Email&#8221; field_title=&#8221;El seu email&#8221; field_type=&#8221;email&#8221; _builder_version=&#8221;4.25.2&#8243; global_colors_info=&#8221;{}&#8221; button_text_size__hover_enabled=&#8221;off&#8221; button_one_text_size__hover_enabled=&#8221;off&#8221; button_two_text_size__hover_enabled=&#8221;off&#8221; button_text_color__hover_enabled=&#8221;off&#8221; button_one_text_color__hover_enabled=&#8221;off&#8221; button_two_text_color__hover_enabled=&#8221;off&#8221; button_border_width__hover_enabled=&#8221;off&#8221; button_one_border_width__hover_enabled=&#8221;off&#8221; button_two_border_width__hover_enabled=&#8221;off&#8221; button_border_color__hover_enabled=&#8221;off&#8221; button_one_border_color__hover_enabled=&#8221;off&#8221; button_two_border_color__hover_enabled=&#8221;off&#8221; button_border_radius__hover_enabled=&#8221;off&#8221; button_one_border_radius__hover_enabled=&#8221;off&#8221; button_two_border_radius__hover_enabled=&#8221;off&#8221; button_letter_spacing__hover_enabled=&#8221;off&#8221; button_one_letter_spacing__hover_enabled=&#8221;off&#8221; button_two_letter_spacing__hover_enabled=&#8221;off&#8221; button_bg_color__hover_enabled=&#8221;off&#8221; button_one_bg_color__hover_enabled=&#8221;off&#8221; button_two_bg_color__hover_enabled=&#8221;off&#8221;][\/et_pb_contact_field][et_pb_contact_field field_id=&#8221;Titol&#8221; field_title=&#8221;T\u00edtol del missatge&#8221; _builder_version=&#8221;4.26.0&#8243; _module_preset=&#8221;default&#8221; global_colors_info=&#8221;{}&#8221;][\/et_pb_contact_field][et_pb_contact_field field_id=&#8221;Missatge&#8221; field_title=&#8221;El seu missatge&#8221; field_type=&#8221;text&#8221; fullwidth_field=&#8221;on&#8221; _builder_version=&#8221;4.26.0&#8243; global_colors_info=&#8221;{}&#8221; button_text_size__hover_enabled=&#8221;off&#8221; button_one_text_size__hover_enabled=&#8221;off&#8221; button_two_text_size__hover_enabled=&#8221;off&#8221; button_text_color__hover_enabled=&#8221;off&#8221; button_one_text_color__hover_enabled=&#8221;off&#8221; button_two_text_color__hover_enabled=&#8221;off&#8221; button_border_width__hover_enabled=&#8221;off&#8221; button_one_border_width__hover_enabled=&#8221;off&#8221; button_two_border_width__hover_enabled=&#8221;off&#8221; button_border_color__hover_enabled=&#8221;off&#8221; button_one_border_color__hover_enabled=&#8221;off&#8221; button_two_border_color__hover_enabled=&#8221;off&#8221; button_border_radius__hover_enabled=&#8221;off&#8221; button_one_border_radius__hover_enabled=&#8221;off&#8221; button_two_border_radius__hover_enabled=&#8221;off&#8221; button_letter_spacing__hover_enabled=&#8221;off&#8221; button_one_letter_spacing__hover_enabled=&#8221;off&#8221; button_two_letter_spacing__hover_enabled=&#8221;off&#8221; button_bg_color__hover_enabled=&#8221;off&#8221; button_one_bg_color__hover_enabled=&#8221;off&#8221; button_two_bg_color__hover_enabled=&#8221;off&#8221;][\/et_pb_contact_field][\/et_pb_contact_form][\/et_pb_column][\/et_pb_row][et_pb_row _builder_version=&#8221;4.27.0&#8243; _module_preset=&#8221;default&#8221; custom_padding=&#8221;3px|||||&#8221; global_colors_info=&#8221;{}&#8221;][et_pb_column type=&#8221;4_4&#8243; _builder_version=&#8221;4.27.0&#8243; _module_preset=&#8221;default&#8221; global_colors_info=&#8221;{}&#8221;][et_pb_code _builder_version=&#8221;4.27.4&#8243; _module_preset=&#8221;default&#8221; global_colors_info=&#8221;{}&#8221;]<iframe src=\"https:\/\/www.google.com\/maps\/embed?pb=!1m18!1m12!1m3!1d750.7008623519812!2d0.5905089696892033!3d41.182454007545616!2m3!1f0!2f0!3f0!3m2!1i1024!2i768!4f13.1!3m3!1m2!1s0x12a0d6175d5d821b%3A0xd71413b59ce37f28!2sHostal%20Sant%20Miquel%20de%20Vinebre!5e0!3m2!1ses!2ses!4v1719924342849!5m2!1ses!2ses\" width=\"1200\" height=\"400\" style=\"border:0;\" allowfullscreen=\"\" loading=\"lazy\" referrerpolicy=\"no-referrer-when-downgrade\"title=\"Mapa Localizacion\"><\/iframe>[\/et_pb_code][\/et_pb_column][\/et_pb_row][\/et_pb_section]<\/p>\n","protected":false},"excerpt":{"rendered":"<p>Vinebre, Ribera d&#8217;Ebre (Tarragona)Hostal Sant MiquelLes nostres \u00e0mplies habitacions disposen de tot el que necessita.Totes les habitacions tenen bany propi i unes condicions i un servei excepcionals.Estem oberts tot l&#8217;any, posi&#8217;s en contacte amb nosaltres si desitja fer una reserva.<div class=\"et_pb_module dnxte_floating_element dnxte_floating_element_0 et_animated\">\n\t\t\t\t\n\t\t\t\t\n\t\t\t\t\n\t\t\t\t\n\t\t\t\t\n\t\t\t\t\n\t\t\t\t<div class=\"et_pb_module_inner\">\n\t\t\t\t\t<div class=\"dnxte-floatimg-wrapper\"><\/div>\n\t\t\t\t<\/div>\n\t\t\t<\/div><\/p>","protected":false},"author":2,"featured_media":0,"parent":0,"menu_order":0,"comment_status":"closed","ping_status":"closed","template":"","meta":{"_et_pb_use_builder":"on","_et_pb_old_content":"","_et_gb_content_width":"","footnotes":""},"class_list":["post-50","page","type-page","status-publish","hentry"],"yoast_head":"<!-- This site is optimized with the Yoast SEO plugin v27.5 - https:\/\/yoast.com\/product\/yoast-seo-wordpress\/ -->\n<title>Inici - Hostal Sant Miquel - Vinebre<\/title>\n<meta name=\"description\" content=\"Hostal Sant Miquel, Vinebre, Ribera d\u2019Ebre (Tarragona). Les nostres \u00e0mplies habitacions disposen de tot el que necessita.\" \/>\n<meta name=\"robots\" content=\"index, follow, max-snippet:-1, max-image-preview:large, max-video-preview:-1\" \/>\n<link rel=\"canonical\" href=\"https:\/\/hostalsantmiquel.com\/es\/\" \/>\n<meta property=\"og:locale\" content=\"es_ES\" \/>\n<meta property=\"og:type\" content=\"article\" \/>\n<meta property=\"og:title\" content=\"Inici - Hostal Sant Miquel - Vinebre\" \/>\n<meta property=\"og:description\" content=\"Hostal Sant Miquel, Vinebre, Ribera d\u2019Ebre (Tarragona). Les nostres \u00e0mplies habitacions disposen de tot el que necessita.\" \/>\n<meta property=\"og:url\" content=\"https:\/\/hostalsantmiquel.com\/es\/\" \/>\n<meta property=\"og:site_name\" content=\"Hostal Sant Miquel - Vinebre\" \/>\n<meta property=\"article:modified_time\" content=\"2025-08-25T06:18:50+00:00\" \/>\n<meta name=\"twitter:card\" content=\"summary_large_image\" \/>\n<meta name=\"twitter:label1\" content=\"Tiempo de lectura\" \/>\n\t<meta name=\"twitter:data1\" content=\"9 minutos\" \/>\n<script type=\"application\/ld+json\" class=\"yoast-schema-graph\">{\"@context\":\"https:\\\/\\\/schema.org\",\"@graph\":[{\"@type\":\"WebPage\",\"@id\":\"https:\\\/\\\/hostalsantmiquel.com\\\/\",\"url\":\"https:\\\/\\\/hostalsantmiquel.com\\\/\",\"name\":\"Inici - Hostal Sant Miquel - Vinebre\",\"isPartOf\":{\"@id\":\"https:\\\/\\\/hostalsantmiquel.com\\\/#website\"},\"datePublished\":\"2024-07-02T09:50:01+00:00\",\"dateModified\":\"2025-08-25T06:18:50+00:00\",\"description\":\"Hostal Sant Miquel, Vinebre, Ribera d\u2019Ebre (Tarragona). Les nostres \u00e0mplies habitacions disposen de tot el que necessita.\",\"breadcrumb\":{\"@id\":\"https:\\\/\\\/hostalsantmiquel.com\\\/#breadcrumb\"},\"inLanguage\":\"es\",\"potentialAction\":[{\"@type\":\"ReadAction\",\"target\":[\"https:\\\/\\\/hostalsantmiquel.com\\\/\"]}]},{\"@type\":\"BreadcrumbList\",\"@id\":\"https:\\\/\\\/hostalsantmiquel.com\\\/#breadcrumb\",\"itemListElement\":[{\"@type\":\"ListItem\",\"position\":1,\"name\":\"Inici\",\"item\":\"https:\\\/\\\/hostalsantmiquel.com\\\/\"},{\"@type\":\"ListItem\",\"position\":2,\"name\":\"Inici\"}]},{\"@type\":\"WebSite\",\"@id\":\"https:\\\/\\\/hostalsantmiquel.com\\\/#website\",\"url\":\"https:\\\/\\\/hostalsantmiquel.com\\\/\",\"name\":\"Hostal Sant Miquel - Vinebre\",\"description\":\"\",\"potentialAction\":[{\"@type\":\"SearchAction\",\"target\":{\"@type\":\"EntryPoint\",\"urlTemplate\":\"https:\\\/\\\/hostalsantmiquel.com\\\/?s={search_term_string}\"},\"query-input\":{\"@type\":\"PropertyValueSpecification\",\"valueRequired\":true,\"valueName\":\"search_term_string\"}}],\"inLanguage\":\"es\"}]}<\/script>\n<!-- \/ Yoast SEO plugin. -->","yoast_head_json":{"title":"Inici - Hostal Sant Miquel - Vinebre","description":"Hostal Sant Miquel, Vinebre, Ribera d\u2019Ebre (Tarragona). Les nostres \u00e0mplies habitacions disposen de tot el que necessita.","robots":{"index":"index","follow":"follow","max-snippet":"max-snippet:-1","max-image-preview":"max-image-preview:large","max-video-preview":"max-video-preview:-1"},"canonical":"https:\/\/hostalsantmiquel.com\/es\/","og_locale":"es_ES","og_type":"article","og_title":"Inici - Hostal Sant Miquel - Vinebre","og_description":"Hostal Sant Miquel, Vinebre, Ribera d\u2019Ebre (Tarragona). Les nostres \u00e0mplies habitacions disposen de tot el que necessita.","og_url":"https:\/\/hostalsantmiquel.com\/es\/","og_site_name":"Hostal Sant Miquel - Vinebre","article_modified_time":"2025-08-25T06:18:50+00:00","twitter_card":"summary_large_image","twitter_misc":{"Tiempo de lectura":"9 minutos"},"schema":{"@context":"https:\/\/schema.org","@graph":[{"@type":"WebPage","@id":"https:\/\/hostalsantmiquel.com\/","url":"https:\/\/hostalsantmiquel.com\/","name":"Inici - Hostal Sant Miquel - Vinebre","isPartOf":{"@id":"https:\/\/hostalsantmiquel.com\/#website"},"datePublished":"2024-07-02T09:50:01+00:00","dateModified":"2025-08-25T06:18:50+00:00","description":"Hostal Sant Miquel, Vinebre, Ribera d\u2019Ebre (Tarragona). Les nostres \u00e0mplies habitacions disposen de tot el que necessita.","breadcrumb":{"@id":"https:\/\/hostalsantmiquel.com\/#breadcrumb"},"inLanguage":"es","potentialAction":[{"@type":"ReadAction","target":["https:\/\/hostalsantmiquel.com\/"]}]},{"@type":"BreadcrumbList","@id":"https:\/\/hostalsantmiquel.com\/#breadcrumb","itemListElement":[{"@type":"ListItem","position":1,"name":"Inici","item":"https:\/\/hostalsantmiquel.com\/"},{"@type":"ListItem","position":2,"name":"Inici"}]},{"@type":"WebSite","@id":"https:\/\/hostalsantmiquel.com\/#website","url":"https:\/\/hostalsantmiquel.com\/","name":"Hostal Sant Miquel - Vinebre","description":"","potentialAction":[{"@type":"SearchAction","target":{"@type":"EntryPoint","urlTemplate":"https:\/\/hostalsantmiquel.com\/?s={search_term_string}"},"query-input":{"@type":"PropertyValueSpecification","valueRequired":true,"valueName":"search_term_string"}}],"inLanguage":"es"}]}},"_links":{"self":[{"href":"https:\/\/hostalsantmiquel.com\/es\/wp-json\/wp\/v2\/pages\/50","targetHints":{"allow":["GET"]}}],"collection":[{"href":"https:\/\/hostalsantmiquel.com\/es\/wp-json\/wp\/v2\/pages"}],"about":[{"href":"https:\/\/hostalsantmiquel.com\/es\/wp-json\/wp\/v2\/types\/page"}],"author":[{"embeddable":true,"href":"https:\/\/hostalsantmiquel.com\/es\/wp-json\/wp\/v2\/users\/2"}],"replies":[{"embeddable":true,"href":"https:\/\/hostalsantmiquel.com\/es\/wp-json\/wp\/v2\/comments?post=50"}],"version-history":[{"count":369,"href":"https:\/\/hostalsantmiquel.com\/es\/wp-json\/wp\/v2\/pages\/50\/revisions"}],"predecessor-version":[{"id":1536,"href":"https:\/\/hostalsantmiquel.com\/es\/wp-json\/wp\/v2\/pages\/50\/revisions\/1536"}],"wp:attachment":[{"href":"https:\/\/hostalsantmiquel.com\/es\/wp-json\/wp\/v2\/media?parent=50"}],"curies":[{"name":"wp","href":"https:\/\/api.w.org\/{rel}","templated":true}]}}